{"id":53277,"date":"2024-11-15T11:25:02","date_gmt":"2024-11-15T14:25:02","guid":{"rendered":"https:\/\/eramine.eramet.ovh\/?page_id=53277"},"modified":"2026-03-19T09:45:27","modified_gmt":"2026-03-19T12:45:27","slug":"noticias","status":"publish","type":"page","link":"https:\/\/eramine.eramet.com\/es\/media\/noticias\/","title":{"rendered":"Noticias"},"content":{"rendered":"<div class=\"fusion-fullwidth fullwidth-box fusion-builder-row-1 fusion-flex-container has-pattern-background has-mask-background nonhundred-percent-fullwidth non-hundred-percent-height-scrolling\" style=\"--awb-border-radius-top-left:0px;--awb-border-radius-top-right:0px;--awb-border-radius-bottom-right:0px;--awb-border-radius-bottom-left:0px;--awb-flex-wrap:wrap;\" ><div class=\"fusion-builder-row fusion-row fusion-flex-align-items-flex-start fusion-flex-content-wrap\" style=\"max-width:1468.8px;margin-left: calc(-2% \/ 2 );margin-right: calc(-2% \/ 2 );\"><div class=\"fusion-layout-column fusion_builder_column fusion-builder-column-0 fusion_builder_column_1_1 1_1 fusion-flex-column\" style=\"--awb-bg-size:cover;--awb-width-large:100%;--awb-margin-top-large:0px;--awb-spacing-right-large:0.98%;--awb-margin-bottom-large:20px;--awb-spacing-left-large:0.98%;--awb-width-medium:100%;--awb-order-medium:0;--awb-spacing-right-medium:0.98%;--awb-spacing-left-medium:0.98%;--awb-width-small:100%;--awb-order-small:0;--awb-spacing-right-small:0.98%;--awb-spacing-left-small:0.98%;\"><div class=\"fusion-column-wrapper fusion-column-has-shadow fusion-flex-justify-content-flex-start fusion-content-layout-column\"><div class=\"fusion-post-cards fusion-post-cards-1 fusion-grid-archive sep-cards post-titles-h2\" style=\"--awb-column-spacing:0px;--awb-dots-align:center;--awb-columns:1;--awb-active-filter-border-size:0px;--awb-filters-border-top:0px;--awb-filters-border-left:0px;--awb-filters-border-right:0px;--awb-filters-border-color:var(--awb-color1);--awb-filters-height:36px;--awb-row-spacing:80px;--awb-filters-border-left-style:solid;--awb-filters-border-right-style:solid;--awb-columns-medium:100%;--awb-filters-alignment-medium:flex-start;--awb-filters-alignment-small:flex-start;\"><div class=\"fusion-filters\"><div class=\"fusion-filter\" style=\"display:none;\"><label for=\"category\">Categor\u00edas<\/label><select name=\"category\" id=\"category\" aria-label=\"Post Filters category\"><option value=\"all\"data-filter=\"*\" data-id=\"*\">Categor\u00edas<\/option><option value=\"media-es\" data-filter=\".media-es\" data-id=\"2\">Media<\/option><\/select><\/div><div class=\"fusion-filter\" style=\"display:none;\"><label for=\"nature\">Natures<\/label><select name=\"nature\" id=\"nature\" aria-label=\"Post Filters nature\"><option value=\"all\"data-filter=\"*\" data-id=\"*\">Natures<\/option><option value=\"noticias\" data-filter=\".noticias\" data-id=\"56\">Noticias<\/option><\/select><\/div><div class=\"fusion-filter\"><label for=\"selectedyear\">Filter by Year<\/label><select name=\"selectedyear\" id=\"selectedyear\" aria-label=\"Post Filtersby year\"><option value=\"all\" data-filter=\"*\" data-id=\"*\">Years<\/option><option value=\"2026\" data-filter=\".2026\" data-id=\"2026\">2026<\/option><option value=\"2025\" data-filter=\".2025\" data-id=\"2025\">2025<\/option><option value=\"2024\" data-filter=\".2024\" data-id=\"2024\">2024<\/option><option value=\"2023\" data-filter=\".2023\" data-id=\"2023\">2023<\/option><option value=\"2022\" data-filter=\".2022\" data-id=\"2022\">2022<\/option><option value=\"2021\" data-filter=\".2021\" data-id=\"2021\">2021<\/option><option value=\"2020\" data-filter=\".2020\" data-id=\"2020\">2020<\/option><\/select><\/div><\/div><ul class=\"fusion-grid fusion-grid-1 fusion-flex-align-items-flex-start fusion-grid-posts-cards\"><li class=\"fusion-layout-column fusion_builder_column fusion-builder-column-1 fusion-flex-column post-card fusion-grid-column fusion-post-cards-grid-column media-es noticias salud\" style=\"--awb-bg-size:cover;\"><div class=\"fusion-column-wrapper fusion-flex-justify-content-flex-start fusion-content-layout-column\"><div class=\"fusion-builder-row fusion-builder-row-inner fusion-row fusion-flex-align-items-flex-start fusion-flex-content-wrap\" style=\"width:102% !important;max-width:102% !important;margin-left: calc(-2% \/ 2 );margin-right: calc(-2% \/ 2 );\"><div class=\"fusion-layout-column fusion_builder_column_inner fusion-builder-nested-column-0 fusion_builder_column_inner_1_5 1_5 fusion-flex-column fusion-column-inner-bg-wrapper\" style=\"--awb-overflow:hidden;--awb-inner-bg-color:var(--awb-color1);--awb-inner-bg-color-hover:var(--awb-color1);--awb-inner-bg-position:center center;--awb-inner-bg-size:70%;--awb-border-radius:10px 10px 10px 10px;--awb-inner-bg-border-radius:10px 10px 10px 10px;--awb-inner-bg-overflow:hidden;--awb-width-large:20%;--awb-margin-top-large:0px;--awb-spacing-right-large:4.9%;--awb-margin-bottom-large:0px;--awb-spacing-left-large:4.9%;--awb-width-medium:20%;--awb-order-medium:0;--awb-spacing-right-medium:4.9%;--awb-spacing-left-medium:4.9%;--awb-width-small:100%;--awb-order-small:0;--awb-spacing-right-small:0.98%;--awb-spacing-left-small:0.98%;\"><span class=\"fusion-column-inner-bg hover-type-none\"><a class=\"fusion-column-anchor\" href=\"https:\/\/eramine.eramet.com\/es\/media-es\/movimiento-y-salud-en-la-puna-como-parte-de-nuestra-cultura\/\" aria-label=\"Movimiento y salud en la Puna como parte de nuestra cultura\"><span class=\"fusion-column-inner-bg-image lazyload\" data-bg=\"https:\/\/eramine.eramet.com\/wp-content\/uploads\/sites\/23\/2024\/12\/Eramet-Eramine-logo-w-300x158.png\"><\/span><\/a><\/span><div class=\"fusion-column-wrapper fusion-column-has-shadow fusion-flex-justify-content-flex-start fusion-content-layout-column fusion-column-has-bg-image\" data-bg-url=\"https:\/\/eramine.eramet.com\/wp-content\/uploads\/sites\/23\/2024\/12\/Eramet-Eramine-logo-w-300x158.png\"><div class=\"fusion-classic-product-image-wrapper fusion-woo-product-image fusion-post-card-image fusion-post-card-image-1\" data-layout=\"static\"><div  class=\"fusion-image-wrapper\" aria-haspopup=\"true\">\n\t\t\t\t<img decoding=\"async\" width=\"2560\" height=\"1440\" src=\"https:\/\/eramine.eramet.com\/wp-content\/uploads\/sites\/23\/2026\/04\/Gimnasio-scaled.jpg\" class=\"attachment-full size-full lazyload wp-post-image\" alt=\"\" srcset=\"data:image\/svg+xml,%3Csvg%20xmlns%3D%27http%3A%2F%2Fwww.w3.org%2F2000%2Fsvg%27%20width%3D%272560%27%20height%3D%271440%27%20viewBox%3D%270%200%202560%201440%27%3E%3Crect%20width%3D%272560%27%20height%3D%271440%27%20fill-opacity%3D%220%22%2F%3E%3C%2Fsvg%3E\" data-orig-src=\"https:\/\/eramine.eramet.com\/wp-content\/uploads\/sites\/23\/2026\/04\/Gimnasio-scaled.jpg\" data-srcset=\"https:\/\/eramine.eramet.com\/wp-content\/uploads\/sites\/23\/2026\/04\/Gimnasio-200x113.jpg 200w, https:\/\/eramine.eramet.com\/wp-content\/uploads\/sites\/23\/2026\/04\/Gimnasio-400x225.jpg 400w, https:\/\/eramine.eramet.com\/wp-content\/uploads\/sites\/23\/2026\/04\/Gimnasio-600x338.jpg 600w, https:\/\/eramine.eramet.com\/wp-content\/uploads\/sites\/23\/2026\/04\/Gimnasio-800x450.jpg 800w, https:\/\/eramine.eramet.com\/wp-content\/uploads\/sites\/23\/2026\/04\/Gimnasio-1200x675.jpg 1200w, https:\/\/eramine.eramet.com\/wp-content\/uploads\/sites\/23\/2026\/04\/Gimnasio-scaled.jpg 2560w\" data-sizes=\"auto\" \/><\/div>\n<\/div><\/div><\/div><div class=\"fusion-layout-column fusion_builder_column_inner fusion-builder-nested-column-1 fusion_builder_column_inner_4_5 4_5 fusion-flex-column\" style=\"--awb-bg-size:cover;--awb-width-large:80%;--awb-margin-top-large:0px;--awb-spacing-right-large:1.225%;--awb-margin-bottom-large:0px;--awb-spacing-left-large:1.225%;--awb-width-medium:80%;--awb-order-medium:0;--awb-spacing-right-medium:1.225%;--awb-spacing-left-medium:1.225%;--awb-width-small:100%;--awb-order-small:0;--awb-spacing-right-small:0.98%;--awb-spacing-left-small:0.98%;\"><div class=\"fusion-column-wrapper fusion-column-has-shadow fusion-flex-justify-content-flex-start fusion-content-layout-block\"><div class=\"fusion-text fusion-text-1 fusion-text-no-margin\" style=\"--awb-content-alignment:left;--awb-font-size:14px;--awb-text-transform:uppercase;--awb-text-color:var(--awb-color7);\"><p><strong><a href=\"https:\/\/eramine.eramet.com\/es\/category\/media-es\/\" title=\"Media\">Media<\/a><\/strong><\/p>\n<\/div><div class=\"fusion-text fusion-text-2 fusion-text-no-margin\" style=\"--awb-content-alignment:left;--awb-font-size:14px;--awb-text-transform:uppercase;--awb-text-color:var(--awb-color7);\"><p><a href=\"https:\/\/eramine.eramet.com\/es\/nature\/noticias\/\" title=\"Noticias\">Noticias<\/a><\/p>\n<\/div><div class=\"fusion-title title fusion-title-1 fusion-sep-none fusion-title-text fusion-title-size-two\" style=\"--awb-text-color:var(--awb-color1);--awb-margin-bottom:0px;--awb-margin-left:0px;--awb-margin-right-small:0px;--awb-margin-left-small:0px;--awb-link-color:var(--awb-color1);--awb-font-size:16px;\"><h2 class=\"fusion-title-heading title-heading-left\" style=\"margin:0;font-size:1em;\"><a href=\"https:\/\/eramine.eramet.com\/es\/media-es\/movimiento-y-salud-en-la-puna-como-parte-de-nuestra-cultura\/\" class=\"awb-custom-text-color awb-custom-text-hover-color\" target=\"_self\"><h2>\u00a0<\/h2><\/a><\/h2><\/div><div class=\"fusion-content-tb fusion-content-tb-1 fusion-text-no-margin\" style=\"--awb-margin-bottom:0px;--awb-margin-top:10px;\"><p> En la Puna salte\u00f1a, el cuerpo reacciona diferente. A miles de metros sobre el nivel del mar, el paisaje impone su propio ritmo y convierte cada jornada en un desaf\u00edo f\u00edsico. La altura impacta en la respiraci\u00f3n, en los m\u00fasculos y en el nivel de energ\u00eda. El cuerpo debe esforzarse para adaptarse. En este [...]<\/p><\/div><div class=\"fusion-text fusion-text-3 fusion-text-no-margin\" style=\"--awb-content-alignment:left;--awb-font-size:14px;--awb-text-color:var(--awb-color7);--awb-margin-top:10px;\"><p>27 abril 2026<\/p>\n<\/div><div class=\"fusion-text fusion-text-4 fusion-text-no-margin\" style=\"--awb-content-alignment:left;--awb-font-size:16px;--awb-text-color:var(--awb-color7);--awb-margin-top:10px;--awb-margin-bottom:10px;\"><p>#<a href=\"https:\/\/eramine.eramet.com\/es\/tag\/salud\/\" title=\"Salud\">Salud<\/a><\/p>\n<\/div><div class=\"fusion-alignleft\"><a class=\"fusion-button button-flat fusion-button-default-size button-custom fusion-button-default button-1 fusion-button-default-span fusion-button-default-type CTA-eramet CTA-right fusion-has-button-gradient\" style=\"--button_accent_color:var(--awb-color7);--button_accent_hover_color:var(--awb-color7);--button_border_hover_color:var(--awb-color7);--button_border_width-top:2px;--button_border_width-right:2px;--button_border_width-bottom:2px;--button_border_width-left:2px;--button_gradient_angle:180deg;--button_gradient_top_color:var(--awb-custom_color_7);--button_gradient_bottom_color:var(--awb-custom_color_7);--button_gradient_top_color_hover:var(--awb-color7);--button_gradient_bottom_color_hover:var(--awb-custom_color_3);--button_font_size:16px;--button_margin-top:0px;\" target=\"_self\" title=\"Movimiento y salud en la Puna como parte de nuestra cultura\" aria-label=\"Movimiento y salud en la Puna como parte de nuestra cultura\" href=\"https:\/\/eramine.eramet.com\/es\/media-es\/movimiento-y-salud-en-la-puna-como-parte-de-nuestra-cultura\/\"><span class=\"fusion-button-text\"><\/span><\/a><\/div><\/div><\/div><\/div><\/div><div class=\"fusion-separator fusion-full-width-sep fusion-absolute-separator fusion-align-center fusion-single-px\" style=\"width:100%;max-width:100%;\"><div class=\"fusion-separator-border sep-single sep-solid\" style=\"--awb-height:20px;--awb-amount:20px;--awb-sep-color:var(--awb-color1);border-color:var(--awb-color1);border-top-width:1px;\"><\/div><\/div><\/li>\n<li class=\"fusion-layout-column fusion_builder_column fusion-builder-column-2 fusion-flex-column post-card fusion-grid-column fusion-post-cards-grid-column media-es noticias compromisos comunidades medio-ambiente\" style=\"--awb-bg-size:cover;\"><div class=\"fusion-column-wrapper fusion-flex-justify-content-flex-start fusion-content-layout-column\"><div class=\"fusion-builder-row fusion-builder-row-inner fusion-row fusion-flex-align-items-flex-start fusion-flex-content-wrap\" style=\"width:102% !important;max-width:102% !important;margin-left: calc(-2% \/ 2 );margin-right: calc(-2% \/ 2 );\"><div class=\"fusion-layout-column fusion_builder_column_inner fusion-builder-nested-column-2 fusion_builder_column_inner_1_5 1_5 fusion-flex-column fusion-column-inner-bg-wrapper\" style=\"--awb-overflow:hidden;--awb-inner-bg-color:var(--awb-color1);--awb-inner-bg-color-hover:var(--awb-color1);--awb-inner-bg-position:center center;--awb-inner-bg-size:70%;--awb-border-radius:10px 10px 10px 10px;--awb-inner-bg-border-radius:10px 10px 10px 10px;--awb-inner-bg-overflow:hidden;--awb-width-large:20%;--awb-margin-top-large:0px;--awb-spacing-right-large:4.9%;--awb-margin-bottom-large:0px;--awb-spacing-left-large:4.9%;--awb-width-medium:20%;--awb-order-medium:0;--awb-spacing-right-medium:4.9%;--awb-spacing-left-medium:4.9%;--awb-width-small:100%;--awb-order-small:0;--awb-spacing-right-small:0.98%;--awb-spacing-left-small:0.98%;\"><span class=\"fusion-column-inner-bg hover-type-none\"><a class=\"fusion-column-anchor\" href=\"https:\/\/eramine.eramet.com\/es\/media-es\/eramet-eramine-presento-los-resultados-del-monitoreo-ambiental-participativo-en-santa-rosa-de-los-pastos-grandes\/\" aria-label=\"Eramet Eramine present\u00f3 los resultados del monitoreo ambiental participativo en Santa Rosa de los Pastos Grandes\"><span class=\"fusion-column-inner-bg-image lazyload\" data-bg=\"https:\/\/eramine.eramet.com\/wp-content\/uploads\/sites\/23\/2024\/12\/Eramet-Eramine-logo-w-300x158.png\"><\/span><\/a><\/span><div class=\"fusion-column-wrapper fusion-column-has-shadow fusion-flex-justify-content-flex-start fusion-content-layout-column fusion-column-has-bg-image\" data-bg-url=\"https:\/\/eramine.eramet.com\/wp-content\/uploads\/sites\/23\/2024\/12\/Eramet-Eramine-logo-w-300x158.png\"><div class=\"fusion-classic-product-image-wrapper fusion-woo-product-image fusion-post-card-image fusion-post-card-image-1\" data-layout=\"static\"><div  class=\"fusion-image-wrapper\" aria-haspopup=\"true\">\n\t\t\t\t<img decoding=\"async\" width=\"600\" height=\"338\" src=\"https:\/\/eramine.eramet.com\/wp-content\/uploads\/sites\/23\/2026\/04\/2026-04-15-Eramine-Participatory-Environmental-Monitoring-1.jpg\" class=\"attachment-full size-full lazyload wp-post-image\" alt=\"\" srcset=\"data:image\/svg+xml,%3Csvg%20xmlns%3D%27http%3A%2F%2Fwww.w3.org%2F2000%2Fsvg%27%20width%3D%27600%27%20height%3D%27338%27%20viewBox%3D%270%200%20600%20338%27%3E%3Crect%20width%3D%27600%27%20height%3D%27338%27%20fill-opacity%3D%220%22%2F%3E%3C%2Fsvg%3E\" data-orig-src=\"https:\/\/eramine.eramet.com\/wp-content\/uploads\/sites\/23\/2026\/04\/2026-04-15-Eramine-Participatory-Environmental-Monitoring-1.jpg\" data-srcset=\"https:\/\/eramine.eramet.com\/wp-content\/uploads\/sites\/23\/2026\/04\/2026-04-15-Eramine-Participatory-Environmental-Monitoring-1-200x113.jpg 200w, https:\/\/eramine.eramet.com\/wp-content\/uploads\/sites\/23\/2026\/04\/2026-04-15-Eramine-Participatory-Environmental-Monitoring-1-400x225.jpg 400w, https:\/\/eramine.eramet.com\/wp-content\/uploads\/sites\/23\/2026\/04\/2026-04-15-Eramine-Participatory-Environmental-Monitoring-1.jpg 600w\" data-sizes=\"auto\" \/><\/div>\n<\/div><\/div><\/div><div class=\"fusion-layout-column fusion_builder_column_inner fusion-builder-nested-column-3 fusion_builder_column_inner_4_5 4_5 fusion-flex-column\" style=\"--awb-bg-size:cover;--awb-width-large:80%;--awb-margin-top-large:0px;--awb-spacing-right-large:1.225%;--awb-margin-bottom-large:0px;--awb-spacing-left-large:1.225%;--awb-width-medium:80%;--awb-order-medium:0;--awb-spacing-right-medium:1.225%;--awb-spacing-left-medium:1.225%;--awb-width-small:100%;--awb-order-small:0;--awb-spacing-right-small:0.98%;--awb-spacing-left-small:0.98%;\"><div class=\"fusion-column-wrapper fusion-column-has-shadow fusion-flex-justify-content-flex-start fusion-content-layout-block\"><div class=\"fusion-text fusion-text-5 fusion-text-no-margin\" style=\"--awb-content-alignment:left;--awb-font-size:14px;--awb-text-transform:uppercase;--awb-text-color:var(--awb-color7);\"><p><strong><a href=\"https:\/\/eramine.eramet.com\/es\/category\/media-es\/\" title=\"Media\">Media<\/a><\/strong><\/p>\n<\/div><div class=\"fusion-text fusion-text-6 fusion-text-no-margin\" style=\"--awb-content-alignment:left;--awb-font-size:14px;--awb-text-transform:uppercase;--awb-text-color:var(--awb-color7);\"><p><a href=\"https:\/\/eramine.eramet.com\/es\/nature\/noticias\/\" title=\"Noticias\">Noticias<\/a><\/p>\n<\/div><div class=\"fusion-title title fusion-title-2 fusion-sep-none fusion-title-text fusion-title-size-two\" style=\"--awb-text-color:var(--awb-color1);--awb-margin-bottom:0px;--awb-margin-left:0px;--awb-margin-right-small:0px;--awb-margin-left-small:0px;--awb-link-color:var(--awb-color1);--awb-font-size:16px;\"><h2 class=\"fusion-title-heading title-heading-left\" style=\"margin:0;font-size:1em;\"><a href=\"https:\/\/eramine.eramet.com\/es\/media-es\/eramet-eramine-presento-los-resultados-del-monitoreo-ambiental-participativo-en-santa-rosa-de-los-pastos-grandes\/\" class=\"awb-custom-text-color awb-custom-text-hover-color\" target=\"_self\"><h2>\u00a0<\/h2><\/a><\/h2><\/div><div class=\"fusion-content-tb fusion-content-tb-2 fusion-text-no-margin\" style=\"--awb-margin-bottom:0px;--awb-margin-top:10px;\"><p> Eramet Eramine present\u00f3 el s\u00e1bado\u00a011 de abril\u00a0los resultados de su \u00faltimo\u00a0monitoreo ambiental participativo\u00a0en el\u00a0Centro de Integraci\u00f3n de Santa Rosa de los Pastos Grandes. El monitoreo fue realizado entre el\u00a028 y el 30 de octubre de 2025\u00a0en el \u00e1rea de influencia de la operaci\u00f3n de la compa\u00f1\u00eda. La actividad form\u00f3 parte del enfoque de gesti\u00f3n [...]<\/p><\/div><div class=\"fusion-text fusion-text-7 fusion-text-no-margin\" style=\"--awb-content-alignment:left;--awb-font-size:14px;--awb-text-color:var(--awb-color7);--awb-margin-top:10px;\"><p>15 abril 2026<\/p>\n<\/div><div class=\"fusion-text fusion-text-8 fusion-text-no-margin\" style=\"--awb-content-alignment:left;--awb-font-size:16px;--awb-text-color:var(--awb-color7);--awb-margin-top:10px;--awb-margin-bottom:10px;\"><p>#<a href=\"https:\/\/eramine.eramet.com\/es\/tag\/compromisos\/\" title=\"Compromisos\">Compromisos<\/a> #<a href=\"https:\/\/eramine.eramet.com\/es\/tag\/comunidades\/\" title=\"Comunidades\">Comunidades<\/a> #<a href=\"https:\/\/eramine.eramet.com\/es\/tag\/medio-ambiente\/\" title=\"Medio ambiente\">Medio ambiente<\/a><\/p>\n<\/div><div class=\"fusion-alignleft\"><a class=\"fusion-button button-flat fusion-button-default-size button-custom fusion-button-default button-2 fusion-button-default-span fusion-button-default-type CTA-eramet CTA-right fusion-has-button-gradient\" style=\"--button_accent_color:var(--awb-color7);--button_accent_hover_color:var(--awb-color7);--button_border_hover_color:var(--awb-color7);--button_border_width-top:2px;--button_border_width-right:2px;--button_border_width-bottom:2px;--button_border_width-left:2px;--button_gradient_angle:180deg;--button_gradient_top_color:var(--awb-custom_color_7);--button_gradient_bottom_color:var(--awb-custom_color_7);--button_gradient_top_color_hover:var(--awb-color7);--button_gradient_bottom_color_hover:var(--awb-custom_color_3);--button_font_size:16px;--button_margin-top:0px;\" target=\"_self\" title=\"Eramet Eramine present\u00f3 los resultados del monitoreo ambiental participativo en Santa Rosa de los Pastos Grandes\" aria-label=\"Eramet Eramine present\u00f3 los resultados del monitoreo ambiental participativo en Santa Rosa de los Pastos Grandes\" href=\"https:\/\/eramine.eramet.com\/es\/media-es\/eramet-eramine-presento-los-resultados-del-monitoreo-ambiental-participativo-en-santa-rosa-de-los-pastos-grandes\/\"><span class=\"fusion-button-text\"><\/span><\/a><\/div><\/div><\/div><\/div><\/div><div class=\"fusion-separator fusion-full-width-sep fusion-absolute-separator fusion-align-center fusion-single-px\" style=\"width:100%;max-width:100%;\"><div class=\"fusion-separator-border sep-single sep-solid\" style=\"--awb-height:20px;--awb-amount:20px;--awb-sep-color:var(--awb-color1);border-color:var(--awb-color1);border-top-width:1px;\"><\/div><\/div><\/li>\n<li class=\"fusion-layout-column fusion_builder_column fusion-builder-column-3 fusion-flex-column post-card fusion-grid-column fusion-post-cards-grid-column media-es noticias desarrollo local-es salta\" style=\"--awb-bg-size:cover;\"><div class=\"fusion-column-wrapper fusion-flex-justify-content-flex-start fusion-content-layout-column\"><div class=\"fusion-builder-row fusion-builder-row-inner fusion-row fusion-flex-align-items-flex-start fusion-flex-content-wrap\" style=\"width:102% !important;max-width:102% !important;margin-left: calc(-2% \/ 2 );margin-right: calc(-2% \/ 2 );\"><div class=\"fusion-layout-column fusion_builder_column_inner fusion-builder-nested-column-4 fusion_builder_column_inner_1_5 1_5 fusion-flex-column fusion-column-inner-bg-wrapper\" style=\"--awb-overflow:hidden;--awb-inner-bg-color:var(--awb-color1);--awb-inner-bg-color-hover:var(--awb-color1);--awb-inner-bg-position:center center;--awb-inner-bg-size:70%;--awb-border-radius:10px 10px 10px 10px;--awb-inner-bg-border-radius:10px 10px 10px 10px;--awb-inner-bg-overflow:hidden;--awb-width-large:20%;--awb-margin-top-large:0px;--awb-spacing-right-large:4.9%;--awb-margin-bottom-large:0px;--awb-spacing-left-large:4.9%;--awb-width-medium:20%;--awb-order-medium:0;--awb-spacing-right-medium:4.9%;--awb-spacing-left-medium:4.9%;--awb-width-small:100%;--awb-order-small:0;--awb-spacing-right-small:0.98%;--awb-spacing-left-small:0.98%;\"><span class=\"fusion-column-inner-bg hover-type-none\"><a class=\"fusion-column-anchor\" href=\"https:\/\/eramine.eramet.com\/es\/media-es\/acompanamos-el-inicio-del-ciclo-lectivo-minero-2026-en-salta\/\" aria-label=\"Acompa\u00f1amos el inicio del ciclo lectivo minero 2026 en Salta\"><span class=\"fusion-column-inner-bg-image lazyload\" data-bg=\"https:\/\/eramine.eramet.com\/wp-content\/uploads\/sites\/23\/2024\/12\/Eramet-Eramine-logo-w-300x158.png\"><\/span><\/a><\/span><div class=\"fusion-column-wrapper fusion-column-has-shadow fusion-flex-justify-content-flex-start fusion-content-layout-column fusion-column-has-bg-image\" data-bg-url=\"https:\/\/eramine.eramet.com\/wp-content\/uploads\/sites\/23\/2024\/12\/Eramet-Eramine-logo-w-300x158.png\"><div class=\"fusion-classic-product-image-wrapper fusion-woo-product-image fusion-post-card-image fusion-post-card-image-1\" data-layout=\"static\"><div  class=\"fusion-image-wrapper\" aria-haspopup=\"true\">\n\t\t\t\t<img decoding=\"async\" width=\"1280\" height=\"720\" src=\"https:\/\/eramine.eramet.com\/wp-content\/uploads\/sites\/23\/2026\/04\/2026-04-10-Eramine-Upateco-1.jpg\" class=\"attachment-full size-full lazyload wp-post-image\" alt=\"\" srcset=\"data:image\/svg+xml,%3Csvg%20xmlns%3D%27http%3A%2F%2Fwww.w3.org%2F2000%2Fsvg%27%20width%3D%271280%27%20height%3D%27720%27%20viewBox%3D%270%200%201280%20720%27%3E%3Crect%20width%3D%271280%27%20height%3D%27720%27%20fill-opacity%3D%220%22%2F%3E%3C%2Fsvg%3E\" data-orig-src=\"https:\/\/eramine.eramet.com\/wp-content\/uploads\/sites\/23\/2026\/04\/2026-04-10-Eramine-Upateco-1.jpg\" data-srcset=\"https:\/\/eramine.eramet.com\/wp-content\/uploads\/sites\/23\/2026\/04\/2026-04-10-Eramine-Upateco-1-200x113.jpg 200w, https:\/\/eramine.eramet.com\/wp-content\/uploads\/sites\/23\/2026\/04\/2026-04-10-Eramine-Upateco-1-400x225.jpg 400w, https:\/\/eramine.eramet.com\/wp-content\/uploads\/sites\/23\/2026\/04\/2026-04-10-Eramine-Upateco-1-600x338.jpg 600w, https:\/\/eramine.eramet.com\/wp-content\/uploads\/sites\/23\/2026\/04\/2026-04-10-Eramine-Upateco-1-800x450.jpg 800w, https:\/\/eramine.eramet.com\/wp-content\/uploads\/sites\/23\/2026\/04\/2026-04-10-Eramine-Upateco-1-1200x675.jpg 1200w, https:\/\/eramine.eramet.com\/wp-content\/uploads\/sites\/23\/2026\/04\/2026-04-10-Eramine-Upateco-1.jpg 1280w\" data-sizes=\"auto\" \/><\/div>\n<\/div><\/div><\/div><div class=\"fusion-layout-column fusion_builder_column_inner fusion-builder-nested-column-5 fusion_builder_column_inner_4_5 4_5 fusion-flex-column\" style=\"--awb-bg-size:cover;--awb-width-large:80%;--awb-margin-top-large:0px;--awb-spacing-right-large:1.225%;--awb-margin-bottom-large:0px;--awb-spacing-left-large:1.225%;--awb-width-medium:80%;--awb-order-medium:0;--awb-spacing-right-medium:1.225%;--awb-spacing-left-medium:1.225%;--awb-width-small:100%;--awb-order-small:0;--awb-spacing-right-small:0.98%;--awb-spacing-left-small:0.98%;\"><div class=\"fusion-column-wrapper fusion-column-has-shadow fusion-flex-justify-content-flex-start fusion-content-layout-block\"><div class=\"fusion-text fusion-text-9 fusion-text-no-margin\" style=\"--awb-content-alignment:left;--awb-font-size:14px;--awb-text-transform:uppercase;--awb-text-color:var(--awb-color7);\"><p><strong><a href=\"https:\/\/eramine.eramet.com\/es\/category\/media-es\/\" title=\"Media\">Media<\/a><\/strong><\/p>\n<\/div><div class=\"fusion-text fusion-text-10 fusion-text-no-margin\" style=\"--awb-content-alignment:left;--awb-font-size:14px;--awb-text-transform:uppercase;--awb-text-color:var(--awb-color7);\"><p><a href=\"https:\/\/eramine.eramet.com\/es\/nature\/noticias\/\" title=\"Noticias\">Noticias<\/a><\/p>\n<\/div><div class=\"fusion-title title fusion-title-3 fusion-sep-none fusion-title-text fusion-title-size-two\" style=\"--awb-text-color:var(--awb-color1);--awb-margin-bottom:0px;--awb-margin-left:0px;--awb-margin-right-small:0px;--awb-margin-left-small:0px;--awb-link-color:var(--awb-color1);--awb-font-size:16px;\"><h2 class=\"fusion-title-heading title-heading-left\" style=\"margin:0;font-size:1em;\"><a href=\"https:\/\/eramine.eramet.com\/es\/media-es\/acompanamos-el-inicio-del-ciclo-lectivo-minero-2026-en-salta\/\" class=\"awb-custom-text-color awb-custom-text-hover-color\" target=\"_self\"><h2>\u00a0<\/h2><\/a><\/h2><\/div><div class=\"fusion-content-tb fusion-content-tb-3 fusion-text-no-margin\" style=\"--awb-margin-bottom:0px;--awb-margin-top:10px;\"><p> Desde Eramet Eramine acompa\u00f1amos la apertura del ciclo lectivo 2026 de la propuesta formativa en miner\u00eda de la Universidad Provincial de la Administraci\u00f3n, Tecnolog\u00eda y Oficios (UPATECO), realizada en la Casa de la Cultura de Salta, que reuni\u00f3 a autoridades provinciales, representantes del sector minero y m\u00e1s de 2.300 estudiantes que iniciaron su formaci\u00f3n [...]<\/p><\/div><div class=\"fusion-text fusion-text-11 fusion-text-no-margin\" style=\"--awb-content-alignment:left;--awb-font-size:14px;--awb-text-color:var(--awb-color7);--awb-margin-top:10px;\"><p>10 abril 2026<\/p>\n<\/div><div class=\"fusion-text fusion-text-12 fusion-text-no-margin\" style=\"--awb-content-alignment:left;--awb-font-size:16px;--awb-text-color:var(--awb-color7);--awb-margin-top:10px;--awb-margin-bottom:10px;\"><p>#<a href=\"https:\/\/eramine.eramet.com\/es\/tag\/desarrollo\/\" title=\"Desarrollo\">Desarrollo<\/a> #<a href=\"https:\/\/eramine.eramet.com\/es\/tag\/local-es\/\" title=\"Local\">Local<\/a> #<a href=\"https:\/\/eramine.eramet.com\/en\/tag\/salta\/\" title=\"Salta\">Salta<\/a><\/p>\n<\/div><div class=\"fusion-alignleft\"><a class=\"fusion-button button-flat fusion-button-default-size button-custom fusion-button-default button-3 fusion-button-default-span fusion-button-default-type CTA-eramet CTA-right fusion-has-button-gradient\" style=\"--button_accent_color:var(--awb-color7);--button_accent_hover_color:var(--awb-color7);--button_border_hover_color:var(--awb-color7);--button_border_width-top:2px;--button_border_width-right:2px;--button_border_width-bottom:2px;--button_border_width-left:2px;--button_gradient_angle:180deg;--button_gradient_top_color:var(--awb-custom_color_7);--button_gradient_bottom_color:var(--awb-custom_color_7);--button_gradient_top_color_hover:var(--awb-color7);--button_gradient_bottom_color_hover:var(--awb-custom_color_3);--button_font_size:16px;--button_margin-top:0px;\" target=\"_self\" title=\"Acompa\u00f1amos el inicio del ciclo lectivo minero 2026 en Salta\" aria-label=\"Acompa\u00f1amos el inicio del ciclo lectivo minero 2026 en Salta\" href=\"https:\/\/eramine.eramet.com\/es\/media-es\/acompanamos-el-inicio-del-ciclo-lectivo-minero-2026-en-salta\/\"><span class=\"fusion-button-text\"><\/span><\/a><\/div><\/div><\/div><\/div><\/div><div class=\"fusion-separator fusion-full-width-sep fusion-absolute-separator fusion-align-center fusion-single-px\" style=\"width:100%;max-width:100%;\"><div class=\"fusion-separator-border sep-single sep-solid\" style=\"--awb-height:20px;--awb-amount:20px;--awb-sep-color:var(--awb-color1);border-color:var(--awb-color1);border-top-width:1px;\"><\/div><\/div><\/li>\n<li class=\"fusion-layout-column fusion_builder_column fusion-builder-column-4 fusion-flex-column post-card fusion-grid-column fusion-post-cards-grid-column media-es noticias desarrollo pdac salta\" style=\"--awb-bg-size:cover;\"><div class=\"fusion-column-wrapper fusion-flex-justify-content-flex-start fusion-content-layout-column\"><div class=\"fusion-builder-row fusion-builder-row-inner fusion-row fusion-flex-align-items-flex-start fusion-flex-content-wrap\" style=\"width:102% !important;max-width:102% !important;margin-left: calc(-2% \/ 2 );margin-right: calc(-2% \/ 2 );\"><div class=\"fusion-layout-column fusion_builder_column_inner fusion-builder-nested-column-6 fusion_builder_column_inner_1_5 1_5 fusion-flex-column fusion-column-inner-bg-wrapper\" style=\"--awb-overflow:hidden;--awb-inner-bg-color:var(--awb-color1);--awb-inner-bg-color-hover:var(--awb-color1);--awb-inner-bg-position:center center;--awb-inner-bg-size:70%;--awb-border-radius:10px 10px 10px 10px;--awb-inner-bg-border-radius:10px 10px 10px 10px;--awb-inner-bg-overflow:hidden;--awb-width-large:20%;--awb-margin-top-large:0px;--awb-spacing-right-large:4.9%;--awb-margin-bottom-large:0px;--awb-spacing-left-large:4.9%;--awb-width-medium:20%;--awb-order-medium:0;--awb-spacing-right-medium:4.9%;--awb-spacing-left-medium:4.9%;--awb-width-small:100%;--awb-order-small:0;--awb-spacing-right-small:0.98%;--awb-spacing-left-small:0.98%;\"><span class=\"fusion-column-inner-bg hover-type-none\"><a class=\"fusion-column-anchor\" href=\"https:\/\/eramine.eramet.com\/es\/media-es\/participamos-en-el-argentina-day-de-pdac-2026-y-compartimos-la-experiencia-de-eramine-en-salta\/\" aria-label=\"Participamos en el Argentina Day de PDAC 2026 y compartimos la experiencia de Eramine en Salta\"><span class=\"fusion-column-inner-bg-image lazyload\" data-bg=\"https:\/\/eramine.eramet.com\/wp-content\/uploads\/sites\/23\/2024\/12\/Eramet-Eramine-logo-w-300x158.png\"><\/span><\/a><\/span><div class=\"fusion-column-wrapper fusion-column-has-shadow fusion-flex-justify-content-flex-start fusion-content-layout-column fusion-column-has-bg-image\" data-bg-url=\"https:\/\/eramine.eramet.com\/wp-content\/uploads\/sites\/23\/2024\/12\/Eramet-Eramine-logo-w-300x158.png\"><div class=\"fusion-classic-product-image-wrapper fusion-woo-product-image fusion-post-card-image fusion-post-card-image-1\" data-layout=\"static\"><div  class=\"fusion-image-wrapper\" aria-haspopup=\"true\">\n\t\t\t\t<img decoding=\"async\" width=\"1600\" height=\"900\" src=\"https:\/\/eramine.eramet.com\/wp-content\/uploads\/sites\/23\/2026\/03\/WhatsApp-Image-2026-03-05-at-11.37.01.jpg\" class=\"attachment-full size-full lazyload wp-post-image\" alt=\"\" srcset=\"data:image\/svg+xml,%3Csvg%20xmlns%3D%27http%3A%2F%2Fwww.w3.org%2F2000%2Fsvg%27%20width%3D%271600%27%20height%3D%27900%27%20viewBox%3D%270%200%201600%20900%27%3E%3Crect%20width%3D%271600%27%20height%3D%27900%27%20fill-opacity%3D%220%22%2F%3E%3C%2Fsvg%3E\" data-orig-src=\"https:\/\/eramine.eramet.com\/wp-content\/uploads\/sites\/23\/2026\/03\/WhatsApp-Image-2026-03-05-at-11.37.01.jpg\" data-srcset=\"https:\/\/eramine.eramet.com\/wp-content\/uploads\/sites\/23\/2026\/03\/WhatsApp-Image-2026-03-05-at-11.37.01-200x113.jpg 200w, https:\/\/eramine.eramet.com\/wp-content\/uploads\/sites\/23\/2026\/03\/WhatsApp-Image-2026-03-05-at-11.37.01-400x225.jpg 400w, https:\/\/eramine.eramet.com\/wp-content\/uploads\/sites\/23\/2026\/03\/WhatsApp-Image-2026-03-05-at-11.37.01-600x338.jpg 600w, https:\/\/eramine.eramet.com\/wp-content\/uploads\/sites\/23\/2026\/03\/WhatsApp-Image-2026-03-05-at-11.37.01-800x450.jpg 800w, https:\/\/eramine.eramet.com\/wp-content\/uploads\/sites\/23\/2026\/03\/WhatsApp-Image-2026-03-05-at-11.37.01-1200x675.jpg 1200w, https:\/\/eramine.eramet.com\/wp-content\/uploads\/sites\/23\/2026\/03\/WhatsApp-Image-2026-03-05-at-11.37.01.jpg 1600w\" data-sizes=\"auto\" \/><\/div>\n<\/div><\/div><\/div><div class=\"fusion-layout-column fusion_builder_column_inner fusion-builder-nested-column-7 fusion_builder_column_inner_4_5 4_5 fusion-flex-column\" style=\"--awb-bg-size:cover;--awb-width-large:80%;--awb-margin-top-large:0px;--awb-spacing-right-large:1.225%;--awb-margin-bottom-large:0px;--awb-spacing-left-large:1.225%;--awb-width-medium:80%;--awb-order-medium:0;--awb-spacing-right-medium:1.225%;--awb-spacing-left-medium:1.225%;--awb-width-small:100%;--awb-order-small:0;--awb-spacing-right-small:0.98%;--awb-spacing-left-small:0.98%;\"><div class=\"fusion-column-wrapper fusion-column-has-shadow fusion-flex-justify-content-flex-start fusion-content-layout-block\"><div class=\"fusion-text fusion-text-13 fusion-text-no-margin\" style=\"--awb-content-alignment:left;--awb-font-size:14px;--awb-text-transform:uppercase;--awb-text-color:var(--awb-color7);\"><p><strong><a href=\"https:\/\/eramine.eramet.com\/es\/category\/media-es\/\" title=\"Media\">Media<\/a><\/strong><\/p>\n<\/div><div class=\"fusion-text fusion-text-14 fusion-text-no-margin\" style=\"--awb-content-alignment:left;--awb-font-size:14px;--awb-text-transform:uppercase;--awb-text-color:var(--awb-color7);\"><p><a href=\"https:\/\/eramine.eramet.com\/es\/nature\/noticias\/\" title=\"Noticias\">Noticias<\/a><\/p>\n<\/div><div class=\"fusion-title title fusion-title-4 fusion-sep-none fusion-title-text fusion-title-size-two\" style=\"--awb-text-color:var(--awb-color1);--awb-margin-bottom:0px;--awb-margin-left:0px;--awb-margin-right-small:0px;--awb-margin-left-small:0px;--awb-link-color:var(--awb-color1);--awb-font-size:16px;\"><h2 class=\"fusion-title-heading title-heading-left\" style=\"margin:0;font-size:1em;\"><a href=\"https:\/\/eramine.eramet.com\/es\/media-es\/participamos-en-el-argentina-day-de-pdac-2026-y-compartimos-la-experiencia-de-eramine-en-salta\/\" class=\"awb-custom-text-color awb-custom-text-hover-color\" target=\"_self\"><h2>\u00a0<\/h2><\/a><\/h2><\/div><div class=\"fusion-content-tb fusion-content-tb-4 fusion-text-no-margin\" style=\"--awb-margin-bottom:0px;--awb-margin-top:10px;\"><p> Desde Eramine estuvimos presentes en el Argentina Day de Prospectors &amp; Developers Association of Canada (PDAC) 2026, uno de los principales encuentros internacionales del sector minero, donde Geoff Streeton, Chief Development Officer de Eramet, expuso sobre la experiencia operativa del Grupo en el pa\u00eds a partir del desarrollo de nuestra operaci\u00f3n en Salta. Durante [...]<\/p><\/div><div class=\"fusion-text fusion-text-15 fusion-text-no-margin\" style=\"--awb-content-alignment:left;--awb-font-size:14px;--awb-text-color:var(--awb-color7);--awb-margin-top:10px;\"><p>5 marzo 2026<\/p>\n<\/div><div class=\"fusion-text fusion-text-16 fusion-text-no-margin\" style=\"--awb-content-alignment:left;--awb-font-size:16px;--awb-text-color:var(--awb-color7);--awb-margin-top:10px;--awb-margin-bottom:10px;\"><p>#<a href=\"https:\/\/eramine.eramet.com\/es\/tag\/desarrollo\/\" title=\"Desarrollo\">Desarrollo<\/a> #<a href=\"https:\/\/eramine.eramet.com\/en\/tag\/pdac\/\" title=\"PDAC\">PDAC<\/a> #<a href=\"https:\/\/eramine.eramet.com\/en\/tag\/salta\/\" title=\"Salta\">Salta<\/a><\/p>\n<\/div><div class=\"fusion-alignleft\"><a class=\"fusion-button button-flat fusion-button-default-size button-custom fusion-button-default button-4 fusion-button-default-span fusion-button-default-type CTA-eramet CTA-right fusion-has-button-gradient\" style=\"--button_accent_color:var(--awb-color7);--button_accent_hover_color:var(--awb-color7);--button_border_hover_color:var(--awb-color7);--button_border_width-top:2px;--button_border_width-right:2px;--button_border_width-bottom:2px;--button_border_width-left:2px;--button_gradient_angle:180deg;--button_gradient_top_color:var(--awb-custom_color_7);--button_gradient_bottom_color:var(--awb-custom_color_7);--button_gradient_top_color_hover:var(--awb-color7);--button_gradient_bottom_color_hover:var(--awb-custom_color_3);--button_font_size:16px;--button_margin-top:0px;\" target=\"_self\" title=\"Participamos en el Argentina Day de PDAC 2026 y compartimos la experiencia de Eramine en Salta\" aria-label=\"Participamos en el Argentina Day de PDAC 2026 y compartimos la experiencia de Eramine en Salta\" href=\"https:\/\/eramine.eramet.com\/es\/media-es\/participamos-en-el-argentina-day-de-pdac-2026-y-compartimos-la-experiencia-de-eramine-en-salta\/\"><span class=\"fusion-button-text\"><\/span><\/a><\/div><\/div><\/div><\/div><\/div><div class=\"fusion-separator fusion-full-width-sep fusion-absolute-separator fusion-align-center fusion-single-px\" style=\"width:100%;max-width:100%;\"><div class=\"fusion-separator-border sep-single sep-solid\" style=\"--awb-height:20px;--awb-amount:20px;--awb-sep-color:var(--awb-color1);border-color:var(--awb-color1);border-top-width:1px;\"><\/div><\/div><\/li>\n<li class=\"fusion-layout-column fusion_builder_column fusion-builder-column-5 fusion-flex-column post-card fusion-grid-column fusion-post-cards-grid-column media-es noticias compromisos salud seguridad\" style=\"--awb-bg-size:cover;\"><div class=\"fusion-column-wrapper fusion-flex-justify-content-flex-start fusion-content-layout-column\"><div class=\"fusion-builder-row fusion-builder-row-inner fusion-row fusion-flex-align-items-flex-start fusion-flex-content-wrap\" style=\"width:102% !important;max-width:102% !important;margin-left: calc(-2% \/ 2 );margin-right: calc(-2% \/ 2 );\"><div class=\"fusion-layout-column fusion_builder_column_inner fusion-builder-nested-column-8 fusion_builder_column_inner_1_5 1_5 fusion-flex-column fusion-column-inner-bg-wrapper\" style=\"--awb-overflow:hidden;--awb-inner-bg-color:var(--awb-color1);--awb-inner-bg-color-hover:var(--awb-color1);--awb-inner-bg-position:center center;--awb-inner-bg-size:70%;--awb-border-radius:10px 10px 10px 10px;--awb-inner-bg-border-radius:10px 10px 10px 10px;--awb-inner-bg-overflow:hidden;--awb-width-large:20%;--awb-margin-top-large:0px;--awb-spacing-right-large:4.9%;--awb-margin-bottom-large:0px;--awb-spacing-left-large:4.9%;--awb-width-medium:20%;--awb-order-medium:0;--awb-spacing-right-medium:4.9%;--awb-spacing-left-medium:4.9%;--awb-width-small:100%;--awb-order-small:0;--awb-spacing-right-small:0.98%;--awb-spacing-left-small:0.98%;\"><span class=\"fusion-column-inner-bg hover-type-none\"><a class=\"fusion-column-anchor\" href=\"https:\/\/eramine.eramet.com\/es\/media-es\/eramine-estar-a-la-altura-en-la-altura-nuestra-historia-en-un-lugar-donde-cada-minuto-cuenta\/\" aria-label=\"Eramine: estar a la altura en la altura. Nuestra historia en un lugar donde cada minuto cuenta\"><span class=\"fusion-column-inner-bg-image lazyload\" data-bg=\"https:\/\/eramine.eramet.com\/wp-content\/uploads\/sites\/23\/2024\/12\/Eramet-Eramine-logo-w-300x158.png\"><\/span><\/a><\/span><div class=\"fusion-column-wrapper fusion-column-has-shadow fusion-flex-justify-content-flex-start fusion-content-layout-column fusion-column-has-bg-image\" data-bg-url=\"https:\/\/eramine.eramet.com\/wp-content\/uploads\/sites\/23\/2024\/12\/Eramet-Eramine-logo-w-300x158.png\"><div class=\"fusion-classic-product-image-wrapper fusion-woo-product-image fusion-post-card-image fusion-post-card-image-1\" data-layout=\"static\"><div  class=\"fusion-image-wrapper\" aria-haspopup=\"true\">\n\t\t\t\t<img decoding=\"async\" width=\"1920\" height=\"1080\" src=\"https:\/\/eramine.eramet.com\/wp-content\/uploads\/sites\/23\/2026\/02\/2026-01-Eramine-Rising-to-the-Challenge-at-High-Altitude.jpg\" class=\"attachment-full size-full lazyload wp-post-image\" alt=\"\" srcset=\"data:image\/svg+xml,%3Csvg%20xmlns%3D%27http%3A%2F%2Fwww.w3.org%2F2000%2Fsvg%27%20width%3D%271920%27%20height%3D%271080%27%20viewBox%3D%270%200%201920%201080%27%3E%3Crect%20width%3D%271920%27%20height%3D%271080%27%20fill-opacity%3D%220%22%2F%3E%3C%2Fsvg%3E\" data-orig-src=\"https:\/\/eramine.eramet.com\/wp-content\/uploads\/sites\/23\/2026\/02\/2026-01-Eramine-Rising-to-the-Challenge-at-High-Altitude.jpg\" data-srcset=\"https:\/\/eramine.eramet.com\/wp-content\/uploads\/sites\/23\/2026\/02\/2026-01-Eramine-Rising-to-the-Challenge-at-High-Altitude-200x113.jpg 200w, https:\/\/eramine.eramet.com\/wp-content\/uploads\/sites\/23\/2026\/02\/2026-01-Eramine-Rising-to-the-Challenge-at-High-Altitude-400x225.jpg 400w, https:\/\/eramine.eramet.com\/wp-content\/uploads\/sites\/23\/2026\/02\/2026-01-Eramine-Rising-to-the-Challenge-at-High-Altitude-600x338.jpg 600w, https:\/\/eramine.eramet.com\/wp-content\/uploads\/sites\/23\/2026\/02\/2026-01-Eramine-Rising-to-the-Challenge-at-High-Altitude-800x450.jpg 800w, https:\/\/eramine.eramet.com\/wp-content\/uploads\/sites\/23\/2026\/02\/2026-01-Eramine-Rising-to-the-Challenge-at-High-Altitude-1200x675.jpg 1200w, https:\/\/eramine.eramet.com\/wp-content\/uploads\/sites\/23\/2026\/02\/2026-01-Eramine-Rising-to-the-Challenge-at-High-Altitude.jpg 1920w\" data-sizes=\"auto\" \/><\/div>\n<\/div><\/div><\/div><div class=\"fusion-layout-column fusion_builder_column_inner fusion-builder-nested-column-9 fusion_builder_column_inner_4_5 4_5 fusion-flex-column\" style=\"--awb-bg-size:cover;--awb-width-large:80%;--awb-margin-top-large:0px;--awb-spacing-right-large:1.225%;--awb-margin-bottom-large:0px;--awb-spacing-left-large:1.225%;--awb-width-medium:80%;--awb-order-medium:0;--awb-spacing-right-medium:1.225%;--awb-spacing-left-medium:1.225%;--awb-width-small:100%;--awb-order-small:0;--awb-spacing-right-small:0.98%;--awb-spacing-left-small:0.98%;\"><div class=\"fusion-column-wrapper fusion-column-has-shadow fusion-flex-justify-content-flex-start fusion-content-layout-block\"><div class=\"fusion-text fusion-text-17 fusion-text-no-margin\" style=\"--awb-content-alignment:left;--awb-font-size:14px;--awb-text-transform:uppercase;--awb-text-color:var(--awb-color7);\"><p><strong><a href=\"https:\/\/eramine.eramet.com\/es\/category\/media-es\/\" title=\"Media\">Media<\/a><\/strong><\/p>\n<\/div><div class=\"fusion-text fusion-text-18 fusion-text-no-margin\" style=\"--awb-content-alignment:left;--awb-font-size:14px;--awb-text-transform:uppercase;--awb-text-color:var(--awb-color7);\"><p><a href=\"https:\/\/eramine.eramet.com\/es\/nature\/noticias\/\" title=\"Noticias\">Noticias<\/a><\/p>\n<\/div><div class=\"fusion-title title fusion-title-5 fusion-sep-none fusion-title-text fusion-title-size-two\" style=\"--awb-text-color:var(--awb-color1);--awb-margin-bottom:0px;--awb-margin-left:0px;--awb-margin-right-small:0px;--awb-margin-left-small:0px;--awb-link-color:var(--awb-color1);--awb-font-size:16px;\"><h2 class=\"fusion-title-heading title-heading-left\" style=\"margin:0;font-size:1em;\"><a href=\"https:\/\/eramine.eramet.com\/es\/media-es\/eramine-estar-a-la-altura-en-la-altura-nuestra-historia-en-un-lugar-donde-cada-minuto-cuenta\/\" class=\"awb-custom-text-color awb-custom-text-hover-color\" target=\"_self\"><h2>\u00a0<\/h2><\/a><\/h2><\/div><div class=\"fusion-content-tb fusion-content-tb-5 fusion-text-no-margin\" style=\"--awb-margin-bottom:0px;--awb-margin-top:10px;\"><p> Enero 2026 \u00b7 Salta, Argentina A casi 4.000 metros sobre el nivel del mar, el silencio del salar tiene un sonido propio. El viento golpea distinto, la respiraci\u00f3n se siente m\u00e1s corta y el horizonte parece no terminar nunca. En este entorno imponente, cada jornada nos recuerda que trabajar aqu\u00ed no es solamente un [...]<\/p><\/div><div class=\"fusion-text fusion-text-19 fusion-text-no-margin\" style=\"--awb-content-alignment:left;--awb-font-size:14px;--awb-text-color:var(--awb-color7);--awb-margin-top:10px;\"><p>5 febrero 2026<\/p>\n<\/div><div class=\"fusion-text fusion-text-20 fusion-text-no-margin\" style=\"--awb-content-alignment:left;--awb-font-size:16px;--awb-text-color:var(--awb-color7);--awb-margin-top:10px;--awb-margin-bottom:10px;\"><p>#<a href=\"https:\/\/eramine.eramet.com\/es\/tag\/compromisos\/\" title=\"Compromisos\">Compromisos<\/a> #<a href=\"https:\/\/eramine.eramet.com\/es\/tag\/salud\/\" title=\"Salud\">Salud<\/a> #<a href=\"https:\/\/eramine.eramet.com\/es\/tag\/seguridad\/\" title=\"Seguridad\">Seguridad<\/a><\/p>\n<\/div><div class=\"fusion-alignleft\"><a class=\"fusion-button button-flat fusion-button-default-size button-custom fusion-button-default button-5 fusion-button-default-span fusion-button-default-type CTA-eramet CTA-right fusion-has-button-gradient\" style=\"--button_accent_color:var(--awb-color7);--button_accent_hover_color:var(--awb-color7);--button_border_hover_color:var(--awb-color7);--button_border_width-top:2px;--button_border_width-right:2px;--button_border_width-bottom:2px;--button_border_width-left:2px;--button_gradient_angle:180deg;--button_gradient_top_color:var(--awb-custom_color_7);--button_gradient_bottom_color:var(--awb-custom_color_7);--button_gradient_top_color_hover:var(--awb-color7);--button_gradient_bottom_color_hover:var(--awb-custom_color_3);--button_font_size:16px;--button_margin-top:0px;\" target=\"_self\" title=\"Eramine: estar a la altura en la altura. Nuestra historia en un lugar donde cada minuto cuenta\" aria-label=\"Eramine: estar a la altura en la altura. Nuestra historia en un lugar donde cada minuto cuenta\" href=\"https:\/\/eramine.eramet.com\/es\/media-es\/eramine-estar-a-la-altura-en-la-altura-nuestra-historia-en-un-lugar-donde-cada-minuto-cuenta\/\"><span class=\"fusion-button-text\"><\/span><\/a><\/div><\/div><\/div><\/div><\/div><div class=\"fusion-separator fusion-full-width-sep fusion-absolute-separator fusion-align-center fusion-single-px\" style=\"width:100%;max-width:100%;\"><div class=\"fusion-separator-border sep-single sep-solid\" style=\"--awb-height:20px;--awb-amount:20px;--awb-sep-color:var(--awb-color1);border-color:var(--awb-color1);border-top-width:1px;\"><\/div><\/div><\/li>\n<li class=\"fusion-layout-column fusion_builder_column fusion-builder-column-6 fusion-flex-column post-card fusion-grid-column fusion-post-cards-grid-column media-es noticias eramine-es litio medio-ambiente mina\" style=\"--awb-bg-size:cover;\"><div class=\"fusion-column-wrapper fusion-flex-justify-content-flex-start fusion-content-layout-column\"><div class=\"fusion-builder-row fusion-builder-row-inner fusion-row fusion-flex-align-items-flex-start fusion-flex-content-wrap\" style=\"width:102% !important;max-width:102% !important;margin-left: calc(-2% \/ 2 );margin-right: calc(-2% \/ 2 );\"><div class=\"fusion-layout-column fusion_builder_column_inner fusion-builder-nested-column-10 fusion_builder_column_inner_1_5 1_5 fusion-flex-column fusion-column-inner-bg-wrapper\" style=\"--awb-overflow:hidden;--awb-inner-bg-color:var(--awb-color1);--awb-inner-bg-color-hover:var(--awb-color1);--awb-inner-bg-position:center center;--awb-inner-bg-size:70%;--awb-border-radius:10px 10px 10px 10px;--awb-inner-bg-border-radius:10px 10px 10px 10px;--awb-inner-bg-overflow:hidden;--awb-width-large:20%;--awb-margin-top-large:0px;--awb-spacing-right-large:4.9%;--awb-margin-bottom-large:0px;--awb-spacing-left-large:4.9%;--awb-width-medium:20%;--awb-order-medium:0;--awb-spacing-right-medium:4.9%;--awb-spacing-left-medium:4.9%;--awb-width-small:100%;--awb-order-small:0;--awb-spacing-right-small:0.98%;--awb-spacing-left-small:0.98%;\"><span class=\"fusion-column-inner-bg hover-type-none\"><a class=\"fusion-column-anchor\" href=\"https:\/\/eramine.eramet.com\/es\/media-es\/recibimos-la-dia-para-perforar-pozos-de-estudio-y-realizar-ensayos-de-recirculacion-de-salmuera\/\" aria-label=\"Recibimos la DIA para perforar pozos de estudio y realizar ensayos de recirculaci\u00f3n de salmuera\"><span class=\"fusion-column-inner-bg-image lazyload\" data-bg=\"https:\/\/eramine.eramet.com\/wp-content\/uploads\/sites\/23\/2024\/12\/Eramet-Eramine-logo-w-300x158.png\"><\/span><\/a><\/span><div class=\"fusion-column-wrapper fusion-column-has-shadow fusion-flex-justify-content-flex-start fusion-content-layout-column fusion-column-has-bg-image\" data-bg-url=\"https:\/\/eramine.eramet.com\/wp-content\/uploads\/sites\/23\/2024\/12\/Eramet-Eramine-logo-w-300x158.png\"><div class=\"fusion-classic-product-image-wrapper fusion-woo-product-image fusion-post-card-image fusion-post-card-image-1\" data-layout=\"static\"><div  class=\"fusion-image-wrapper\" aria-haspopup=\"true\">\n\t\t\t\t<img decoding=\"async\" width=\"1920\" height=\"1080\" src=\"https:\/\/eramine.eramet.com\/wp-content\/uploads\/sites\/23\/2025\/11\/2026-01-09-Eramine-La-DIA-para-perforar-pozos-de-estudio-y-realizar-ensayos-de-recirculacion-de-salmuera.jpg\" class=\"attachment-full size-full lazyload wp-post-image\" alt=\"Recibimos la DIA para perforar pozos de estudio y realizar ensayos de recirculaci\u00f3n de salmuera\" srcset=\"data:image\/svg+xml,%3Csvg%20xmlns%3D%27http%3A%2F%2Fwww.w3.org%2F2000%2Fsvg%27%20width%3D%271920%27%20height%3D%271080%27%20viewBox%3D%270%200%201920%201080%27%3E%3Crect%20width%3D%271920%27%20height%3D%271080%27%20fill-opacity%3D%220%22%2F%3E%3C%2Fsvg%3E\" data-orig-src=\"https:\/\/eramine.eramet.com\/wp-content\/uploads\/sites\/23\/2025\/11\/2026-01-09-Eramine-La-DIA-para-perforar-pozos-de-estudio-y-realizar-ensayos-de-recirculacion-de-salmuera.jpg\" data-srcset=\"https:\/\/eramine.eramet.com\/wp-content\/uploads\/sites\/23\/2025\/11\/2026-01-09-Eramine-La-DIA-para-perforar-pozos-de-estudio-y-realizar-ensayos-de-recirculacion-de-salmuera-200x113.jpg 200w, https:\/\/eramine.eramet.com\/wp-content\/uploads\/sites\/23\/2025\/11\/2026-01-09-Eramine-La-DIA-para-perforar-pozos-de-estudio-y-realizar-ensayos-de-recirculacion-de-salmuera-400x225.jpg 400w, https:\/\/eramine.eramet.com\/wp-content\/uploads\/sites\/23\/2025\/11\/2026-01-09-Eramine-La-DIA-para-perforar-pozos-de-estudio-y-realizar-ensayos-de-recirculacion-de-salmuera-600x338.jpg 600w, https:\/\/eramine.eramet.com\/wp-content\/uploads\/sites\/23\/2025\/11\/2026-01-09-Eramine-La-DIA-para-perforar-pozos-de-estudio-y-realizar-ensayos-de-recirculacion-de-salmuera-800x450.jpg 800w, https:\/\/eramine.eramet.com\/wp-content\/uploads\/sites\/23\/2025\/11\/2026-01-09-Eramine-La-DIA-para-perforar-pozos-de-estudio-y-realizar-ensayos-de-recirculacion-de-salmuera-1200x675.jpg 1200w, https:\/\/eramine.eramet.com\/wp-content\/uploads\/sites\/23\/2025\/11\/2026-01-09-Eramine-La-DIA-para-perforar-pozos-de-estudio-y-realizar-ensayos-de-recirculacion-de-salmuera.jpg 1920w\" data-sizes=\"auto\" \/><\/div>\n<\/div><\/div><\/div><div class=\"fusion-layout-column fusion_builder_column_inner fusion-builder-nested-column-11 fusion_builder_column_inner_4_5 4_5 fusion-flex-column\" style=\"--awb-bg-size:cover;--awb-width-large:80%;--awb-margin-top-large:0px;--awb-spacing-right-large:1.225%;--awb-margin-bottom-large:0px;--awb-spacing-left-large:1.225%;--awb-width-medium:80%;--awb-order-medium:0;--awb-spacing-right-medium:1.225%;--awb-spacing-left-medium:1.225%;--awb-width-small:100%;--awb-order-small:0;--awb-spacing-right-small:0.98%;--awb-spacing-left-small:0.98%;\"><div class=\"fusion-column-wrapper fusion-column-has-shadow fusion-flex-justify-content-flex-start fusion-content-layout-block\"><div class=\"fusion-text fusion-text-21 fusion-text-no-margin\" style=\"--awb-content-alignment:left;--awb-font-size:14px;--awb-text-transform:uppercase;--awb-text-color:var(--awb-color7);\"><p><strong><a href=\"https:\/\/eramine.eramet.com\/es\/category\/media-es\/\" title=\"Media\">Media<\/a><\/strong><\/p>\n<\/div><div class=\"fusion-text fusion-text-22 fusion-text-no-margin\" style=\"--awb-content-alignment:left;--awb-font-size:14px;--awb-text-transform:uppercase;--awb-text-color:var(--awb-color7);\"><p><a href=\"https:\/\/eramine.eramet.com\/es\/nature\/noticias\/\" title=\"Noticias\">Noticias<\/a><\/p>\n<\/div><div class=\"fusion-title title fusion-title-6 fusion-sep-none fusion-title-text fusion-title-size-two\" style=\"--awb-text-color:var(--awb-color1);--awb-margin-bottom:0px;--awb-margin-left:0px;--awb-margin-right-small:0px;--awb-margin-left-small:0px;--awb-link-color:var(--awb-color1);--awb-font-size:16px;\"><h2 class=\"fusion-title-heading title-heading-left\" style=\"margin:0;font-size:1em;\"><a href=\"https:\/\/eramine.eramet.com\/es\/media-es\/recibimos-la-dia-para-perforar-pozos-de-estudio-y-realizar-ensayos-de-recirculacion-de-salmuera\/\" class=\"awb-custom-text-color awb-custom-text-hover-color\" target=\"_self\"><h2>\u00a0<\/h2><\/a><\/h2><\/div><div class=\"fusion-content-tb fusion-content-tb-6 fusion-text-no-margin\" style=\"--awb-margin-bottom:0px;--awb-margin-top:10px;\"><p> Desde Eramine recibimos la aprobaci\u00f3n de la Declaraci\u00f3n de Impacto Ambiental (DIA) por parte de la Secretar\u00eda de Miner\u00eda de la Provincia de Salta, que nos autoriza a perforar pozos de estudio y realizar ensayos de recirculaci\u00f3n de salmuera, con el objetivo de evaluar potenciales zonas del subsuelo de la cuenca factibles de hospedar [...]<\/p><\/div><div class=\"fusion-text fusion-text-23 fusion-text-no-margin\" style=\"--awb-content-alignment:left;--awb-font-size:14px;--awb-text-color:var(--awb-color7);--awb-margin-top:10px;\"><p>9 enero 2026<\/p>\n<\/div><div class=\"fusion-text fusion-text-24 fusion-text-no-margin\" style=\"--awb-content-alignment:left;--awb-font-size:16px;--awb-text-color:var(--awb-color7);--awb-margin-top:10px;--awb-margin-bottom:10px;\"><p>#<a href=\"https:\/\/eramine.eramet.com\/es\/tag\/eramine-es\/\" title=\"Eramine\">Eramine<\/a> #<a href=\"https:\/\/eramine.eramet.com\/es\/tag\/litio\/\" title=\"Litio\">Litio<\/a> #<a href=\"https:\/\/eramine.eramet.com\/es\/tag\/medio-ambiente\/\" title=\"Medio ambiente\">Medio ambiente<\/a> #<a href=\"https:\/\/eramine.eramet.com\/es\/tag\/mina\/\" title=\"Mina\">Mina<\/a><\/p>\n<\/div><div class=\"fusion-alignleft\"><a class=\"fusion-button button-flat fusion-button-default-size button-custom fusion-button-default button-6 fusion-button-default-span fusion-button-default-type CTA-eramet CTA-right fusion-has-button-gradient\" style=\"--button_accent_color:var(--awb-color7);--button_accent_hover_color:var(--awb-color7);--button_border_hover_color:var(--awb-color7);--button_border_width-top:2px;--button_border_width-right:2px;--button_border_width-bottom:2px;--button_border_width-left:2px;--button_gradient_angle:180deg;--button_gradient_top_color:var(--awb-custom_color_7);--button_gradient_bottom_color:var(--awb-custom_color_7);--button_gradient_top_color_hover:var(--awb-color7);--button_gradient_bottom_color_hover:var(--awb-custom_color_3);--button_font_size:16px;--button_margin-top:0px;\" target=\"_self\" title=\"Recibimos la DIA para perforar pozos de estudio y realizar ensayos de recirculaci\u00f3n de salmuera\" aria-label=\"Recibimos la DIA para perforar pozos de estudio y realizar ensayos de recirculaci\u00f3n de salmuera\" href=\"https:\/\/eramine.eramet.com\/es\/media-es\/recibimos-la-dia-para-perforar-pozos-de-estudio-y-realizar-ensayos-de-recirculacion-de-salmuera\/\"><span class=\"fusion-button-text\"><\/span><\/a><\/div><\/div><\/div><\/div><\/div><div class=\"fusion-separator fusion-full-width-sep fusion-absolute-separator fusion-align-center fusion-single-px\" style=\"width:100%;max-width:100%;\"><div class=\"fusion-separator-border sep-single sep-solid\" style=\"--awb-height:20px;--awb-amount:20px;--awb-sep-color:var(--awb-color1);border-color:var(--awb-color1);border-top-width:1px;\"><\/div><\/div><\/li>\n<li class=\"fusion-layout-column fusion_builder_column fusion-builder-column-7 fusion-flex-column post-card fusion-grid-column fusion-post-cards-grid-column media-es noticias compromisos comunidades desarrollo local-es\" style=\"--awb-bg-size:cover;\"><div class=\"fusion-column-wrapper fusion-flex-justify-content-flex-start fusion-content-layout-column\"><div class=\"fusion-builder-row fusion-builder-row-inner fusion-row fusion-flex-align-items-flex-start fusion-flex-content-wrap\" style=\"width:102% !important;max-width:102% !important;margin-left: calc(-2% \/ 2 );margin-right: calc(-2% \/ 2 );\"><div class=\"fusion-layout-column fusion_builder_column_inner fusion-builder-nested-column-12 fusion_builder_column_inner_1_5 1_5 fusion-flex-column fusion-column-inner-bg-wrapper\" style=\"--awb-overflow:hidden;--awb-inner-bg-color:var(--awb-color1);--awb-inner-bg-color-hover:var(--awb-color1);--awb-inner-bg-position:center center;--awb-inner-bg-size:70%;--awb-border-radius:10px 10px 10px 10px;--awb-inner-bg-border-radius:10px 10px 10px 10px;--awb-inner-bg-overflow:hidden;--awb-width-large:20%;--awb-margin-top-large:0px;--awb-spacing-right-large:4.9%;--awb-margin-bottom-large:0px;--awb-spacing-left-large:4.9%;--awb-width-medium:20%;--awb-order-medium:0;--awb-spacing-right-medium:4.9%;--awb-spacing-left-medium:4.9%;--awb-width-small:100%;--awb-order-small:0;--awb-spacing-right-small:0.98%;--awb-spacing-left-small:0.98%;\"><span class=\"fusion-column-inner-bg hover-type-none\"><a class=\"fusion-column-anchor\" href=\"https:\/\/eramine.eramet.com\/es\/media-es\/cerramos-2025-consolidando-nuestro-compromiso-con-el-desarrollo-sostenible-en-la-puna-saltena\/\" aria-label=\"Cerramos 2025 consolidando nuestro compromiso con el desarrollo sostenible en la Puna salte\u00f1a\"><span class=\"fusion-column-inner-bg-image lazyload\" data-bg=\"https:\/\/eramine.eramet.com\/wp-content\/uploads\/sites\/23\/2024\/12\/Eramet-Eramine-logo-w-300x158.png\"><\/span><\/a><\/span><div class=\"fusion-column-wrapper fusion-column-has-shadow fusion-flex-justify-content-flex-start fusion-content-layout-column fusion-column-has-bg-image\" data-bg-url=\"https:\/\/eramine.eramet.com\/wp-content\/uploads\/sites\/23\/2024\/12\/Eramet-Eramine-logo-w-300x158.png\"><div class=\"fusion-classic-product-image-wrapper fusion-woo-product-image fusion-post-card-image fusion-post-card-image-1\" data-layout=\"static\"><div  class=\"fusion-image-wrapper\" aria-haspopup=\"true\">\n\t\t\t\t<img decoding=\"async\" width=\"968\" height=\"545\" src=\"https:\/\/eramine.eramet.com\/wp-content\/uploads\/sites\/23\/2025\/11\/2026-01-02-Eramine-Desarrollo-sostenible-en-la-Puna-saltena-3.jpg\" class=\"attachment-full size-full lazyload wp-post-image\" alt=\"\" srcset=\"data:image\/svg+xml,%3Csvg%20xmlns%3D%27http%3A%2F%2Fwww.w3.org%2F2000%2Fsvg%27%20width%3D%27968%27%20height%3D%27545%27%20viewBox%3D%270%200%20968%20545%27%3E%3Crect%20width%3D%27968%27%20height%3D%27545%27%20fill-opacity%3D%220%22%2F%3E%3C%2Fsvg%3E\" data-orig-src=\"https:\/\/eramine.eramet.com\/wp-content\/uploads\/sites\/23\/2025\/11\/2026-01-02-Eramine-Desarrollo-sostenible-en-la-Puna-saltena-3.jpg\" data-srcset=\"https:\/\/eramine.eramet.com\/wp-content\/uploads\/sites\/23\/2025\/11\/2026-01-02-Eramine-Desarrollo-sostenible-en-la-Puna-saltena-3-200x113.jpg 200w, https:\/\/eramine.eramet.com\/wp-content\/uploads\/sites\/23\/2025\/11\/2026-01-02-Eramine-Desarrollo-sostenible-en-la-Puna-saltena-3-400x225.jpg 400w, https:\/\/eramine.eramet.com\/wp-content\/uploads\/sites\/23\/2025\/11\/2026-01-02-Eramine-Desarrollo-sostenible-en-la-Puna-saltena-3-600x338.jpg 600w, https:\/\/eramine.eramet.com\/wp-content\/uploads\/sites\/23\/2025\/11\/2026-01-02-Eramine-Desarrollo-sostenible-en-la-Puna-saltena-3-800x450.jpg 800w, https:\/\/eramine.eramet.com\/wp-content\/uploads\/sites\/23\/2025\/11\/2026-01-02-Eramine-Desarrollo-sostenible-en-la-Puna-saltena-3.jpg 968w\" data-sizes=\"auto\" \/><\/div>\n<\/div><\/div><\/div><div class=\"fusion-layout-column fusion_builder_column_inner fusion-builder-nested-column-13 fusion_builder_column_inner_4_5 4_5 fusion-flex-column\" style=\"--awb-bg-size:cover;--awb-width-large:80%;--awb-margin-top-large:0px;--awb-spacing-right-large:1.225%;--awb-margin-bottom-large:0px;--awb-spacing-left-large:1.225%;--awb-width-medium:80%;--awb-order-medium:0;--awb-spacing-right-medium:1.225%;--awb-spacing-left-medium:1.225%;--awb-width-small:100%;--awb-order-small:0;--awb-spacing-right-small:0.98%;--awb-spacing-left-small:0.98%;\"><div class=\"fusion-column-wrapper fusion-column-has-shadow fusion-flex-justify-content-flex-start fusion-content-layout-block\"><div class=\"fusion-text fusion-text-25 fusion-text-no-margin\" style=\"--awb-content-alignment:left;--awb-font-size:14px;--awb-text-transform:uppercase;--awb-text-color:var(--awb-color7);\"><p><strong><a href=\"https:\/\/eramine.eramet.com\/es\/category\/media-es\/\" title=\"Media\">Media<\/a><\/strong><\/p>\n<\/div><div class=\"fusion-text fusion-text-26 fusion-text-no-margin\" style=\"--awb-content-alignment:left;--awb-font-size:14px;--awb-text-transform:uppercase;--awb-text-color:var(--awb-color7);\"><p><a href=\"https:\/\/eramine.eramet.com\/es\/nature\/noticias\/\" title=\"Noticias\">Noticias<\/a><\/p>\n<\/div><div class=\"fusion-title title fusion-title-7 fusion-sep-none fusion-title-text fusion-title-size-two\" style=\"--awb-text-color:var(--awb-color1);--awb-margin-bottom:0px;--awb-margin-left:0px;--awb-margin-right-small:0px;--awb-margin-left-small:0px;--awb-link-color:var(--awb-color1);--awb-font-size:16px;\"><h2 class=\"fusion-title-heading title-heading-left\" style=\"margin:0;font-size:1em;\"><a href=\"https:\/\/eramine.eramet.com\/es\/media-es\/cerramos-2025-consolidando-nuestro-compromiso-con-el-desarrollo-sostenible-en-la-puna-saltena\/\" class=\"awb-custom-text-color awb-custom-text-hover-color\" target=\"_self\"><h2>\u00a0<\/h2><\/a><\/h2><\/div><div class=\"fusion-content-tb fusion-content-tb-7 fusion-text-no-margin\" style=\"--awb-margin-bottom:0px;--awb-margin-top:10px;\"><p> A trav\u00e9s de acciones concretas enfocadas en comunidades, educaci\u00f3n, infraestructura y emprendedurismo, reafirmamos nuestro modelo de miner\u00eda responsable y nuestro compromiso territorial de largo plazo. Salta, enero de 2026\u00a0\u2013 En Eramet Eramine finalizamos el a\u00f1o 2025 con una evaluaci\u00f3n altamente positiva de nuestra gesti\u00f3n social y territorial en la provincia de Salta, consolidando un [...]<\/p><\/div><div class=\"fusion-text fusion-text-27 fusion-text-no-margin\" style=\"--awb-content-alignment:left;--awb-font-size:14px;--awb-text-color:var(--awb-color7);--awb-margin-top:10px;\"><p>2 enero 2026<\/p>\n<\/div><div class=\"fusion-text fusion-text-28 fusion-text-no-margin\" style=\"--awb-content-alignment:left;--awb-font-size:16px;--awb-text-color:var(--awb-color7);--awb-margin-top:10px;--awb-margin-bottom:10px;\"><p>#<a href=\"https:\/\/eramine.eramet.com\/es\/tag\/compromisos\/\" title=\"Compromisos\">Compromisos<\/a> #<a href=\"https:\/\/eramine.eramet.com\/es\/tag\/comunidades\/\" title=\"Comunidades\">Comunidades<\/a> #<a href=\"https:\/\/eramine.eramet.com\/es\/tag\/desarrollo\/\" title=\"Desarrollo\">Desarrollo<\/a> #<a href=\"https:\/\/eramine.eramet.com\/es\/tag\/local-es\/\" title=\"Local\">Local<\/a><\/p>\n<\/div><div class=\"fusion-alignleft\"><a class=\"fusion-button button-flat fusion-button-default-size button-custom fusion-button-default button-7 fusion-button-default-span fusion-button-default-type CTA-eramet CTA-right fusion-has-button-gradient\" style=\"--button_accent_color:var(--awb-color7);--button_accent_hover_color:var(--awb-color7);--button_border_hover_color:var(--awb-color7);--button_border_width-top:2px;--button_border_width-right:2px;--button_border_width-bottom:2px;--button_border_width-left:2px;--button_gradient_angle:180deg;--button_gradient_top_color:var(--awb-custom_color_7);--button_gradient_bottom_color:var(--awb-custom_color_7);--button_gradient_top_color_hover:var(--awb-color7);--button_gradient_bottom_color_hover:var(--awb-custom_color_3);--button_font_size:16px;--button_margin-top:0px;\" target=\"_self\" title=\"Cerramos 2025 consolidando nuestro compromiso con el desarrollo sostenible en la Puna salte\u00f1a\" aria-label=\"Cerramos 2025 consolidando nuestro compromiso con el desarrollo sostenible en la Puna salte\u00f1a\" href=\"https:\/\/eramine.eramet.com\/es\/media-es\/cerramos-2025-consolidando-nuestro-compromiso-con-el-desarrollo-sostenible-en-la-puna-saltena\/\"><span class=\"fusion-button-text\"><\/span><\/a><\/div><\/div><\/div><\/div><\/div><div class=\"fusion-separator fusion-full-width-sep fusion-absolute-separator fusion-align-center fusion-single-px\" style=\"width:100%;max-width:100%;\"><div class=\"fusion-separator-border sep-single sep-solid\" style=\"--awb-height:20px;--awb-amount:20px;--awb-sep-color:var(--awb-color1);border-color:var(--awb-color1);border-top-width:1px;\"><\/div><\/div><\/li>\n<li class=\"fusion-layout-column fusion_builder_column fusion-builder-column-8 fusion-flex-column post-card fusion-grid-column fusion-post-cards-grid-column media-es noticias litio local-es mina planta\" style=\"--awb-bg-size:cover;\"><div class=\"fusion-column-wrapper fusion-flex-justify-content-flex-start fusion-content-layout-column\"><div class=\"fusion-builder-row fusion-builder-row-inner fusion-row fusion-flex-align-items-flex-start fusion-flex-content-wrap\" style=\"width:102% !important;max-width:102% !important;margin-left: calc(-2% \/ 2 );margin-right: calc(-2% \/ 2 );\"><div class=\"fusion-layout-column fusion_builder_column_inner fusion-builder-nested-column-14 fusion_builder_column_inner_1_5 1_5 fusion-flex-column fusion-column-inner-bg-wrapper\" style=\"--awb-overflow:hidden;--awb-inner-bg-color:var(--awb-color1);--awb-inner-bg-color-hover:var(--awb-color1);--awb-inner-bg-position:center center;--awb-inner-bg-size:70%;--awb-border-radius:10px 10px 10px 10px;--awb-inner-bg-border-radius:10px 10px 10px 10px;--awb-inner-bg-overflow:hidden;--awb-width-large:20%;--awb-margin-top-large:0px;--awb-spacing-right-large:4.9%;--awb-margin-bottom-large:0px;--awb-spacing-left-large:4.9%;--awb-width-medium:20%;--awb-order-medium:0;--awb-spacing-right-medium:4.9%;--awb-spacing-left-medium:4.9%;--awb-width-small:100%;--awb-order-small:0;--awb-spacing-right-small:0.98%;--awb-spacing-left-small:0.98%;\"><span class=\"fusion-column-inner-bg hover-type-none\"><a class=\"fusion-column-anchor\" href=\"https:\/\/eramine.eramet.com\/es\/media-es\/superamos-las-5-000-toneladas-de-litio-exportadas-y-consolidamos-nuestra-operacion-logistica\/\" aria-label=\"Superamos las 5.000 toneladas de litio exportadas y consolidamos nuestra operaci\u00f3n log\u00edstica\"><span class=\"fusion-column-inner-bg-image lazyload\" data-bg=\"https:\/\/eramine.eramet.com\/wp-content\/uploads\/sites\/23\/2024\/12\/Eramet-Eramine-logo-w-300x158.png\"><\/span><\/a><\/span><div class=\"fusion-column-wrapper fusion-column-has-shadow fusion-flex-justify-content-flex-start fusion-content-layout-column fusion-column-has-bg-image\" data-bg-url=\"https:\/\/eramine.eramet.com\/wp-content\/uploads\/sites\/23\/2024\/12\/Eramet-Eramine-logo-w-300x158.png\"><div class=\"fusion-classic-product-image-wrapper fusion-woo-product-image fusion-post-card-image fusion-post-card-image-1\" data-layout=\"static\"><div  class=\"fusion-image-wrapper\" aria-haspopup=\"true\">\n\t\t\t\t<img decoding=\"async\" width=\"1200\" height=\"675\" src=\"https:\/\/eramine.eramet.com\/wp-content\/uploads\/sites\/23\/2025\/11\/2025-12-26-Eramine-5.000-toneladas-de-litio-exportadas-2.jpg\" class=\"attachment-full size-full lazyload wp-post-image\" alt=\"\" srcset=\"data:image\/svg+xml,%3Csvg%20xmlns%3D%27http%3A%2F%2Fwww.w3.org%2F2000%2Fsvg%27%20width%3D%271200%27%20height%3D%27675%27%20viewBox%3D%270%200%201200%20675%27%3E%3Crect%20width%3D%271200%27%20height%3D%27675%27%20fill-opacity%3D%220%22%2F%3E%3C%2Fsvg%3E\" data-orig-src=\"https:\/\/eramine.eramet.com\/wp-content\/uploads\/sites\/23\/2025\/11\/2025-12-26-Eramine-5.000-toneladas-de-litio-exportadas-2.jpg\" data-srcset=\"https:\/\/eramine.eramet.com\/wp-content\/uploads\/sites\/23\/2025\/11\/2025-12-26-Eramine-5.000-toneladas-de-litio-exportadas-2-200x113.jpg 200w, https:\/\/eramine.eramet.com\/wp-content\/uploads\/sites\/23\/2025\/11\/2025-12-26-Eramine-5.000-toneladas-de-litio-exportadas-2-400x225.jpg 400w, https:\/\/eramine.eramet.com\/wp-content\/uploads\/sites\/23\/2025\/11\/2025-12-26-Eramine-5.000-toneladas-de-litio-exportadas-2-600x338.jpg 600w, https:\/\/eramine.eramet.com\/wp-content\/uploads\/sites\/23\/2025\/11\/2025-12-26-Eramine-5.000-toneladas-de-litio-exportadas-2-800x450.jpg 800w, https:\/\/eramine.eramet.com\/wp-content\/uploads\/sites\/23\/2025\/11\/2025-12-26-Eramine-5.000-toneladas-de-litio-exportadas-2.jpg 1200w\" data-sizes=\"auto\" \/><\/div>\n<\/div><\/div><\/div><div class=\"fusion-layout-column fusion_builder_column_inner fusion-builder-nested-column-15 fusion_builder_column_inner_4_5 4_5 fusion-flex-column\" style=\"--awb-bg-size:cover;--awb-width-large:80%;--awb-margin-top-large:0px;--awb-spacing-right-large:1.225%;--awb-margin-bottom-large:0px;--awb-spacing-left-large:1.225%;--awb-width-medium:80%;--awb-order-medium:0;--awb-spacing-right-medium:1.225%;--awb-spacing-left-medium:1.225%;--awb-width-small:100%;--awb-order-small:0;--awb-spacing-right-small:0.98%;--awb-spacing-left-small:0.98%;\"><div class=\"fusion-column-wrapper fusion-column-has-shadow fusion-flex-justify-content-flex-start fusion-content-layout-block\"><div class=\"fusion-text fusion-text-29 fusion-text-no-margin\" style=\"--awb-content-alignment:left;--awb-font-size:14px;--awb-text-transform:uppercase;--awb-text-color:var(--awb-color7);\"><p><strong><a href=\"https:\/\/eramine.eramet.com\/es\/category\/media-es\/\" title=\"Media\">Media<\/a><\/strong><\/p>\n<\/div><div class=\"fusion-text fusion-text-30 fusion-text-no-margin\" style=\"--awb-content-alignment:left;--awb-font-size:14px;--awb-text-transform:uppercase;--awb-text-color:var(--awb-color7);\"><p><a href=\"https:\/\/eramine.eramet.com\/es\/nature\/noticias\/\" title=\"Noticias\">Noticias<\/a><\/p>\n<\/div><div class=\"fusion-title title fusion-title-8 fusion-sep-none fusion-title-text fusion-title-size-two\" style=\"--awb-text-color:var(--awb-color1);--awb-margin-bottom:0px;--awb-margin-left:0px;--awb-margin-right-small:0px;--awb-margin-left-small:0px;--awb-link-color:var(--awb-color1);--awb-font-size:16px;\"><h2 class=\"fusion-title-heading title-heading-left\" style=\"margin:0;font-size:1em;\"><a href=\"https:\/\/eramine.eramet.com\/es\/media-es\/superamos-las-5-000-toneladas-de-litio-exportadas-y-consolidamos-nuestra-operacion-logistica\/\" class=\"awb-custom-text-color awb-custom-text-hover-color\" target=\"_self\"><h2>\u00a0<\/h2><\/a><\/h2><\/div><div class=\"fusion-content-tb fusion-content-tb-8 fusion-text-no-margin\" style=\"--awb-margin-bottom:0px;--awb-margin-top:10px;\"><p>En Eramet Eramine alcanzamos un nuevo hito operativo al superar las 5.000 toneladas de carbonato de litio exportadas, consolidando el avance de nuestra operaci\u00f3n y la madurez de nuestra cadena log\u00edstica. La primera exportaci\u00f3n se concret\u00f3 en el primer semestre del 2025 y, a mediados de diciembre el total exportado alcanz\u00f3 las 5.040 toneladas, con [...]<\/p><\/div><div class=\"fusion-text fusion-text-31 fusion-text-no-margin\" style=\"--awb-content-alignment:left;--awb-font-size:14px;--awb-text-color:var(--awb-color7);--awb-margin-top:10px;\"><p>26 diciembre 2025<\/p>\n<\/div><div class=\"fusion-text fusion-text-32 fusion-text-no-margin\" style=\"--awb-content-alignment:left;--awb-font-size:16px;--awb-text-color:var(--awb-color7);--awb-margin-top:10px;--awb-margin-bottom:10px;\"><p>#<a href=\"https:\/\/eramine.eramet.com\/es\/tag\/litio\/\" title=\"Litio\">Litio<\/a> #<a href=\"https:\/\/eramine.eramet.com\/es\/tag\/local-es\/\" title=\"Local\">Local<\/a> #<a href=\"https:\/\/eramine.eramet.com\/es\/tag\/mina\/\" title=\"Mina\">Mina<\/a> #<a href=\"https:\/\/eramine.eramet.com\/es\/tag\/planta\/\" title=\"Planta\">Planta<\/a><\/p>\n<\/div><div class=\"fusion-alignleft\"><a class=\"fusion-button button-flat fusion-button-default-size button-custom fusion-button-default button-8 fusion-button-default-span fusion-button-default-type CTA-eramet CTA-right fusion-has-button-gradient\" style=\"--button_accent_color:var(--awb-color7);--button_accent_hover_color:var(--awb-color7);--button_border_hover_color:var(--awb-color7);--button_border_width-top:2px;--button_border_width-right:2px;--button_border_width-bottom:2px;--button_border_width-left:2px;--button_gradient_angle:180deg;--button_gradient_top_color:var(--awb-custom_color_7);--button_gradient_bottom_color:var(--awb-custom_color_7);--button_gradient_top_color_hover:var(--awb-color7);--button_gradient_bottom_color_hover:var(--awb-custom_color_3);--button_font_size:16px;--button_margin-top:0px;\" target=\"_self\" title=\"Superamos las 5.000 toneladas de litio exportadas y consolidamos nuestra operaci\u00f3n log\u00edstica\" aria-label=\"Superamos las 5.000 toneladas de litio exportadas y consolidamos nuestra operaci\u00f3n log\u00edstica\" href=\"https:\/\/eramine.eramet.com\/es\/media-es\/superamos-las-5-000-toneladas-de-litio-exportadas-y-consolidamos-nuestra-operacion-logistica\/\"><span class=\"fusion-button-text\"><\/span><\/a><\/div><\/div><\/div><\/div><\/div><div class=\"fusion-separator fusion-full-width-sep fusion-absolute-separator fusion-align-center fusion-single-px\" style=\"width:100%;max-width:100%;\"><div class=\"fusion-separator-border sep-single sep-solid\" style=\"--awb-height:20px;--awb-amount:20px;--awb-sep-color:var(--awb-color1);border-color:var(--awb-color1);border-top-width:1px;\"><\/div><\/div><\/li>\n<li class=\"fusion-layout-column fusion_builder_column fusion-builder-column-9 fusion-flex-column post-card fusion-grid-column fusion-post-cards-grid-column media-es noticias desarrollo eramet-es eramine-es\" style=\"--awb-bg-size:cover;\"><div class=\"fusion-column-wrapper fusion-flex-justify-content-flex-start fusion-content-layout-column\"><div class=\"fusion-builder-row fusion-builder-row-inner fusion-row fusion-flex-align-items-flex-start fusion-flex-content-wrap\" style=\"width:102% !important;max-width:102% !important;margin-left: calc(-2% \/ 2 );margin-right: calc(-2% \/ 2 );\"><div class=\"fusion-layout-column fusion_builder_column_inner fusion-builder-nested-column-16 fusion_builder_column_inner_1_5 1_5 fusion-flex-column fusion-column-inner-bg-wrapper\" style=\"--awb-overflow:hidden;--awb-inner-bg-color:var(--awb-color1);--awb-inner-bg-color-hover:var(--awb-color1);--awb-inner-bg-position:center center;--awb-inner-bg-size:70%;--awb-border-radius:10px 10px 10px 10px;--awb-inner-bg-border-radius:10px 10px 10px 10px;--awb-inner-bg-overflow:hidden;--awb-width-large:20%;--awb-margin-top-large:0px;--awb-spacing-right-large:4.9%;--awb-margin-bottom-large:0px;--awb-spacing-left-large:4.9%;--awb-width-medium:20%;--awb-order-medium:0;--awb-spacing-right-medium:4.9%;--awb-spacing-left-medium:4.9%;--awb-width-small:100%;--awb-order-small:0;--awb-spacing-right-small:0.98%;--awb-spacing-left-small:0.98%;\"><span class=\"fusion-column-inner-bg hover-type-none\"><a class=\"fusion-column-anchor\" href=\"https:\/\/eramine.eramet.com\/es\/media-es\/cerramos-el-ano-con-broche-de-oro\/\" aria-label=\"Cerramos el a\u00f1o con broche de oro\"><span class=\"fusion-column-inner-bg-image lazyload\" data-bg=\"https:\/\/eramine.eramet.com\/wp-content\/uploads\/sites\/23\/2024\/12\/Eramet-Eramine-logo-w-300x158.png\"><\/span><\/a><\/span><div class=\"fusion-column-wrapper fusion-column-has-shadow fusion-flex-justify-content-flex-start fusion-content-layout-column fusion-column-has-bg-image\" data-bg-url=\"https:\/\/eramine.eramet.com\/wp-content\/uploads\/sites\/23\/2024\/12\/Eramet-Eramine-logo-w-300x158.png\"><div class=\"fusion-classic-product-image-wrapper fusion-woo-product-image fusion-post-card-image fusion-post-card-image-1\" data-layout=\"static\"><div  class=\"fusion-image-wrapper\" aria-haspopup=\"true\">\n\t\t\t\t<img decoding=\"async\" width=\"1200\" height=\"675\" src=\"https:\/\/eramine.eramet.com\/wp-content\/uploads\/sites\/23\/2025\/11\/2025-12-19-Eramine-A-strong-finish-2.jpg\" class=\"attachment-full size-full lazyload wp-post-image\" alt=\"\" srcset=\"data:image\/svg+xml,%3Csvg%20xmlns%3D%27http%3A%2F%2Fwww.w3.org%2F2000%2Fsvg%27%20width%3D%271200%27%20height%3D%27675%27%20viewBox%3D%270%200%201200%20675%27%3E%3Crect%20width%3D%271200%27%20height%3D%27675%27%20fill-opacity%3D%220%22%2F%3E%3C%2Fsvg%3E\" data-orig-src=\"https:\/\/eramine.eramet.com\/wp-content\/uploads\/sites\/23\/2025\/11\/2025-12-19-Eramine-A-strong-finish-2.jpg\" data-srcset=\"https:\/\/eramine.eramet.com\/wp-content\/uploads\/sites\/23\/2025\/11\/2025-12-19-Eramine-A-strong-finish-2-200x113.jpg 200w, https:\/\/eramine.eramet.com\/wp-content\/uploads\/sites\/23\/2025\/11\/2025-12-19-Eramine-A-strong-finish-2-400x225.jpg 400w, https:\/\/eramine.eramet.com\/wp-content\/uploads\/sites\/23\/2025\/11\/2025-12-19-Eramine-A-strong-finish-2-600x338.jpg 600w, https:\/\/eramine.eramet.com\/wp-content\/uploads\/sites\/23\/2025\/11\/2025-12-19-Eramine-A-strong-finish-2-800x450.jpg 800w, https:\/\/eramine.eramet.com\/wp-content\/uploads\/sites\/23\/2025\/11\/2025-12-19-Eramine-A-strong-finish-2.jpg 1200w\" data-sizes=\"auto\" \/><\/div>\n<\/div><\/div><\/div><div class=\"fusion-layout-column fusion_builder_column_inner fusion-builder-nested-column-17 fusion_builder_column_inner_4_5 4_5 fusion-flex-column\" style=\"--awb-bg-size:cover;--awb-width-large:80%;--awb-margin-top-large:0px;--awb-spacing-right-large:1.225%;--awb-margin-bottom-large:0px;--awb-spacing-left-large:1.225%;--awb-width-medium:80%;--awb-order-medium:0;--awb-spacing-right-medium:1.225%;--awb-spacing-left-medium:1.225%;--awb-width-small:100%;--awb-order-small:0;--awb-spacing-right-small:0.98%;--awb-spacing-left-small:0.98%;\"><div class=\"fusion-column-wrapper fusion-column-has-shadow fusion-flex-justify-content-flex-start fusion-content-layout-block\"><div class=\"fusion-text fusion-text-33 fusion-text-no-margin\" style=\"--awb-content-alignment:left;--awb-font-size:14px;--awb-text-transform:uppercase;--awb-text-color:var(--awb-color7);\"><p><strong><a href=\"https:\/\/eramine.eramet.com\/es\/category\/media-es\/\" title=\"Media\">Media<\/a><\/strong><\/p>\n<\/div><div class=\"fusion-text fusion-text-34 fusion-text-no-margin\" style=\"--awb-content-alignment:left;--awb-font-size:14px;--awb-text-transform:uppercase;--awb-text-color:var(--awb-color7);\"><p><a href=\"https:\/\/eramine.eramet.com\/es\/nature\/noticias\/\" title=\"Noticias\">Noticias<\/a><\/p>\n<\/div><div class=\"fusion-title title fusion-title-9 fusion-sep-none fusion-title-text fusion-title-size-two\" style=\"--awb-text-color:var(--awb-color1);--awb-margin-bottom:0px;--awb-margin-left:0px;--awb-margin-right-small:0px;--awb-margin-left-small:0px;--awb-link-color:var(--awb-color1);--awb-font-size:16px;\"><h2 class=\"fusion-title-heading title-heading-left\" style=\"margin:0;font-size:1em;\"><a href=\"https:\/\/eramine.eramet.com\/es\/media-es\/cerramos-el-ano-con-broche-de-oro\/\" class=\"awb-custom-text-color awb-custom-text-hover-color\" target=\"_self\"><h2>\u00a0<\/h2><\/a><\/h2><\/div><div class=\"fusion-content-tb fusion-content-tb-9 fusion-text-no-margin\" style=\"--awb-margin-bottom:0px;--awb-margin-top:10px;\"><p> Diciembre nos encontr\u00f3 recibiendo, por primera vez, la visita de analistas y banqueros en nuestra Planta de Producci\u00f3n de Carbonato de Litio, ubicada en la Puna salte\u00f1a. La instancia nos permiti\u00f3 presentar la planta industrial que construimos y hoy operamos en la provincia de Salta, as\u00ed como compartir los principales avances del proyecto. Durante [...]<\/p><\/div><div class=\"fusion-text fusion-text-35 fusion-text-no-margin\" style=\"--awb-content-alignment:left;--awb-font-size:14px;--awb-text-color:var(--awb-color7);--awb-margin-top:10px;\"><p>19 diciembre 2025<\/p>\n<\/div><div class=\"fusion-text fusion-text-36 fusion-text-no-margin\" style=\"--awb-content-alignment:left;--awb-font-size:16px;--awb-text-color:var(--awb-color7);--awb-margin-top:10px;--awb-margin-bottom:10px;\"><p>#<a href=\"https:\/\/eramine.eramet.com\/es\/tag\/desarrollo\/\" title=\"Desarrollo\">Desarrollo<\/a> #<a href=\"https:\/\/eramine.eramet.com\/es\/tag\/eramet-es\/\" title=\"Eramet\">Eramet<\/a> #<a href=\"https:\/\/eramine.eramet.com\/es\/tag\/eramine-es\/\" title=\"Eramine\">Eramine<\/a><\/p>\n<\/div><div class=\"fusion-alignleft\"><a class=\"fusion-button button-flat fusion-button-default-size button-custom fusion-button-default button-9 fusion-button-default-span fusion-button-default-type CTA-eramet CTA-right fusion-has-button-gradient\" style=\"--button_accent_color:var(--awb-color7);--button_accent_hover_color:var(--awb-color7);--button_border_hover_color:var(--awb-color7);--button_border_width-top:2px;--button_border_width-right:2px;--button_border_width-bottom:2px;--button_border_width-left:2px;--button_gradient_angle:180deg;--button_gradient_top_color:var(--awb-custom_color_7);--button_gradient_bottom_color:var(--awb-custom_color_7);--button_gradient_top_color_hover:var(--awb-color7);--button_gradient_bottom_color_hover:var(--awb-custom_color_3);--button_font_size:16px;--button_margin-top:0px;\" target=\"_self\" title=\"Cerramos el a\u00f1o con broche de oro\" aria-label=\"Cerramos el a\u00f1o con broche de oro\" href=\"https:\/\/eramine.eramet.com\/es\/media-es\/cerramos-el-ano-con-broche-de-oro\/\"><span class=\"fusion-button-text\"><\/span><\/a><\/div><\/div><\/div><\/div><\/div><div class=\"fusion-separator fusion-full-width-sep fusion-absolute-separator fusion-align-center fusion-single-px\" style=\"width:100%;max-width:100%;\"><div class=\"fusion-separator-border sep-single sep-solid\" style=\"--awb-height:20px;--awb-amount:20px;--awb-sep-color:var(--awb-color1);border-color:var(--awb-color1);border-top-width:1px;\"><\/div><\/div><\/li>\n<li class=\"fusion-layout-column fusion_builder_column fusion-builder-column-10 fusion-flex-column post-card fusion-grid-column fusion-post-cards-grid-column media-es noticias comunidades desarrollo educacion\" style=\"--awb-bg-size:cover;\"><div class=\"fusion-column-wrapper fusion-flex-justify-content-flex-start fusion-content-layout-column\"><div class=\"fusion-builder-row fusion-builder-row-inner fusion-row fusion-flex-align-items-flex-start fusion-flex-content-wrap\" style=\"width:102% !important;max-width:102% !important;margin-left: calc(-2% \/ 2 );margin-right: calc(-2% \/ 2 );\"><div class=\"fusion-layout-column fusion_builder_column_inner fusion-builder-nested-column-18 fusion_builder_column_inner_1_5 1_5 fusion-flex-column fusion-column-inner-bg-wrapper\" style=\"--awb-overflow:hidden;--awb-inner-bg-color:var(--awb-color1);--awb-inner-bg-color-hover:var(--awb-color1);--awb-inner-bg-position:center center;--awb-inner-bg-size:70%;--awb-border-radius:10px 10px 10px 10px;--awb-inner-bg-border-radius:10px 10px 10px 10px;--awb-inner-bg-overflow:hidden;--awb-width-large:20%;--awb-margin-top-large:0px;--awb-spacing-right-large:4.9%;--awb-margin-bottom-large:0px;--awb-spacing-left-large:4.9%;--awb-width-medium:20%;--awb-order-medium:0;--awb-spacing-right-medium:4.9%;--awb-spacing-left-medium:4.9%;--awb-width-small:100%;--awb-order-small:0;--awb-spacing-right-small:0.98%;--awb-spacing-left-small:0.98%;\"><span class=\"fusion-column-inner-bg hover-type-none\"><a class=\"fusion-column-anchor\" href=\"https:\/\/eramine.eramet.com\/es\/media-es\/impulsamos-el-desarrollo-local-en-salta-con-el-cierre-del-programa-circulo-de-emprendedores-que-formo-a-148-participantes\/\" aria-label=\"Impulsamos el desarrollo local en Salta con el cierre del programa \u201cC\u00edrculo de Emprendedores\u201d, que form\u00f3 a 148 participantes\"><span class=\"fusion-column-inner-bg-image lazyload\" data-bg=\"https:\/\/eramine.eramet.com\/wp-content\/uploads\/sites\/23\/2024\/12\/Eramet-Eramine-logo-w-300x158.png\"><\/span><\/a><\/span><div class=\"fusion-column-wrapper fusion-column-has-shadow fusion-flex-justify-content-flex-start fusion-content-layout-column fusion-column-has-bg-image\" data-bg-url=\"https:\/\/eramine.eramet.com\/wp-content\/uploads\/sites\/23\/2024\/12\/Eramet-Eramine-logo-w-300x158.png\"><div class=\"fusion-classic-product-image-wrapper fusion-woo-product-image fusion-post-card-image fusion-post-card-image-1\" data-layout=\"static\"><div  class=\"fusion-image-wrapper\" aria-haspopup=\"true\">\n\t\t\t\t<img decoding=\"async\" width=\"1565\" height=\"880\" src=\"https:\/\/eramine.eramet.com\/wp-content\/uploads\/sites\/23\/2025\/11\/2025-11-18-Eramine-Circle-of-Entrepreneurs.jpg\" class=\"attachment-full size-full lazyload wp-post-image\" alt=\"C\u00edrculo de Emprendedores Salta\" srcset=\"data:image\/svg+xml,%3Csvg%20xmlns%3D%27http%3A%2F%2Fwww.w3.org%2F2000%2Fsvg%27%20width%3D%271565%27%20height%3D%27880%27%20viewBox%3D%270%200%201565%20880%27%3E%3Crect%20width%3D%271565%27%20height%3D%27880%27%20fill-opacity%3D%220%22%2F%3E%3C%2Fsvg%3E\" data-orig-src=\"https:\/\/eramine.eramet.com\/wp-content\/uploads\/sites\/23\/2025\/11\/2025-11-18-Eramine-Circle-of-Entrepreneurs.jpg\" data-srcset=\"https:\/\/eramine.eramet.com\/wp-content\/uploads\/sites\/23\/2025\/11\/2025-11-18-Eramine-Circle-of-Entrepreneurs-200x112.jpg 200w, https:\/\/eramine.eramet.com\/wp-content\/uploads\/sites\/23\/2025\/11\/2025-11-18-Eramine-Circle-of-Entrepreneurs-400x225.jpg 400w, https:\/\/eramine.eramet.com\/wp-content\/uploads\/sites\/23\/2025\/11\/2025-11-18-Eramine-Circle-of-Entrepreneurs-600x337.jpg 600w, https:\/\/eramine.eramet.com\/wp-content\/uploads\/sites\/23\/2025\/11\/2025-11-18-Eramine-Circle-of-Entrepreneurs-800x450.jpg 800w, https:\/\/eramine.eramet.com\/wp-content\/uploads\/sites\/23\/2025\/11\/2025-11-18-Eramine-Circle-of-Entrepreneurs-1200x675.jpg 1200w, https:\/\/eramine.eramet.com\/wp-content\/uploads\/sites\/23\/2025\/11\/2025-11-18-Eramine-Circle-of-Entrepreneurs.jpg 1565w\" data-sizes=\"auto\" \/><\/div>\n<\/div><\/div><\/div><div class=\"fusion-layout-column fusion_builder_column_inner fusion-builder-nested-column-19 fusion_builder_column_inner_4_5 4_5 fusion-flex-column\" style=\"--awb-bg-size:cover;--awb-width-large:80%;--awb-margin-top-large:0px;--awb-spacing-right-large:1.225%;--awb-margin-bottom-large:0px;--awb-spacing-left-large:1.225%;--awb-width-medium:80%;--awb-order-medium:0;--awb-spacing-right-medium:1.225%;--awb-spacing-left-medium:1.225%;--awb-width-small:100%;--awb-order-small:0;--awb-spacing-right-small:0.98%;--awb-spacing-left-small:0.98%;\"><div class=\"fusion-column-wrapper fusion-column-has-shadow fusion-flex-justify-content-flex-start fusion-content-layout-block\"><div class=\"fusion-text fusion-text-37 fusion-text-no-margin\" style=\"--awb-content-alignment:left;--awb-font-size:14px;--awb-text-transform:uppercase;--awb-text-color:var(--awb-color7);\"><p><strong><a href=\"https:\/\/eramine.eramet.com\/es\/category\/media-es\/\" title=\"Media\">Media<\/a><\/strong><\/p>\n<\/div><div class=\"fusion-text fusion-text-38 fusion-text-no-margin\" style=\"--awb-content-alignment:left;--awb-font-size:14px;--awb-text-transform:uppercase;--awb-text-color:var(--awb-color7);\"><p><a href=\"https:\/\/eramine.eramet.com\/es\/nature\/noticias\/\" title=\"Noticias\">Noticias<\/a><\/p>\n<\/div><div class=\"fusion-title title fusion-title-10 fusion-sep-none fusion-title-text fusion-title-size-two\" style=\"--awb-text-color:var(--awb-color1);--awb-margin-bottom:0px;--awb-margin-left:0px;--awb-margin-right-small:0px;--awb-margin-left-small:0px;--awb-link-color:var(--awb-color1);--awb-font-size:16px;\"><h2 class=\"fusion-title-heading title-heading-left\" style=\"margin:0;font-size:1em;\"><a href=\"https:\/\/eramine.eramet.com\/es\/media-es\/impulsamos-el-desarrollo-local-en-salta-con-el-cierre-del-programa-circulo-de-emprendedores-que-formo-a-148-participantes\/\" class=\"awb-custom-text-color awb-custom-text-hover-color\" target=\"_self\"><h2>\u00a0<\/h2><\/a><\/h2><\/div><div class=\"fusion-content-tb fusion-content-tb-10 fusion-text-no-margin\" style=\"--awb-margin-bottom:0px;--awb-margin-top:10px;\"><p> El pasado viernes 14 de noviembre, en Rosario de Lerma, llevamos adelante la instancia final del C\u00edrculo de Emprendedores, nuestro programa de formaci\u00f3n destinado a acompa\u00f1ar a estudiantes del Bachillerato Salte\u00f1o para Adultos (BSPA) en el desarrollo de sus iniciativas productivas y fortalecimiento de sus capacidades emprendedoras. La jornada reuni\u00f3 a participantes de distintas [...]<\/p><\/div><div class=\"fusion-text fusion-text-39 fusion-text-no-margin\" style=\"--awb-content-alignment:left;--awb-font-size:14px;--awb-text-color:var(--awb-color7);--awb-margin-top:10px;\"><p>18 noviembre 2025<\/p>\n<\/div><div class=\"fusion-text fusion-text-40 fusion-text-no-margin\" style=\"--awb-content-alignment:left;--awb-font-size:16px;--awb-text-color:var(--awb-color7);--awb-margin-top:10px;--awb-margin-bottom:10px;\"><p>#<a href=\"https:\/\/eramine.eramet.com\/es\/tag\/comunidades\/\" title=\"Comunidades\">Comunidades<\/a> #<a href=\"https:\/\/eramine.eramet.com\/es\/tag\/desarrollo\/\" title=\"Desarrollo\">Desarrollo<\/a> #<a href=\"https:\/\/eramine.eramet.com\/es\/tag\/educacion\/\" title=\"Educaci\u00f3n\">Educaci\u00f3n<\/a><\/p>\n<\/div><div class=\"fusion-alignleft\"><a class=\"fusion-button button-flat fusion-button-default-size button-custom fusion-button-default button-10 fusion-button-default-span fusion-button-default-type CTA-eramet CTA-right fusion-has-button-gradient\" style=\"--button_accent_color:var(--awb-color7);--button_accent_hover_color:var(--awb-color7);--button_border_hover_color:var(--awb-color7);--button_border_width-top:2px;--button_border_width-right:2px;--button_border_width-bottom:2px;--button_border_width-left:2px;--button_gradient_angle:180deg;--button_gradient_top_color:var(--awb-custom_color_7);--button_gradient_bottom_color:var(--awb-custom_color_7);--button_gradient_top_color_hover:var(--awb-color7);--button_gradient_bottom_color_hover:var(--awb-custom_color_3);--button_font_size:16px;--button_margin-top:0px;\" target=\"_self\" title=\"Impulsamos el desarrollo local en Salta con el cierre del programa \u201cC\u00edrculo de Emprendedores\u201d, que form\u00f3 a 148 participantes\" aria-label=\"Impulsamos el desarrollo local en Salta con el cierre del programa \u201cC\u00edrculo de Emprendedores\u201d, que form\u00f3 a 148 participantes\" href=\"https:\/\/eramine.eramet.com\/es\/media-es\/impulsamos-el-desarrollo-local-en-salta-con-el-cierre-del-programa-circulo-de-emprendedores-que-formo-a-148-participantes\/\"><span class=\"fusion-button-text\"><\/span><\/a><\/div><\/div><\/div><\/div><\/div><div class=\"fusion-separator fusion-full-width-sep fusion-absolute-separator fusion-align-center fusion-single-px\" style=\"width:100%;max-width:100%;\"><div class=\"fusion-separator-border sep-single sep-solid\" style=\"--awb-height:20px;--awb-amount:20px;--awb-sep-color:var(--awb-color1);border-color:var(--awb-color1);border-top-width:1px;\"><\/div><\/div><\/li>\n<li class=\"fusion-layout-column fusion_builder_column fusion-builder-column-11 fusion-flex-column post-card fusion-grid-column fusion-post-cards-grid-column media-es noticias comunidades desarrollo\" style=\"--awb-bg-size:cover;\"><div class=\"fusion-column-wrapper fusion-flex-justify-content-flex-start fusion-content-layout-column\"><div class=\"fusion-builder-row fusion-builder-row-inner fusion-row fusion-flex-align-items-flex-start fusion-flex-content-wrap\" style=\"width:102% !important;max-width:102% !important;margin-left: calc(-2% \/ 2 );margin-right: calc(-2% \/ 2 );\"><div class=\"fusion-layout-column fusion_builder_column_inner fusion-builder-nested-column-20 fusion_builder_column_inner_1_5 1_5 fusion-flex-column fusion-column-inner-bg-wrapper\" style=\"--awb-overflow:hidden;--awb-inner-bg-color:var(--awb-color1);--awb-inner-bg-color-hover:var(--awb-color1);--awb-inner-bg-position:center center;--awb-inner-bg-size:70%;--awb-border-radius:10px 10px 10px 10px;--awb-inner-bg-border-radius:10px 10px 10px 10px;--awb-inner-bg-overflow:hidden;--awb-width-large:20%;--awb-margin-top-large:0px;--awb-spacing-right-large:4.9%;--awb-margin-bottom-large:0px;--awb-spacing-left-large:4.9%;--awb-width-medium:20%;--awb-order-medium:0;--awb-spacing-right-medium:4.9%;--awb-spacing-left-medium:4.9%;--awb-width-small:100%;--awb-order-small:0;--awb-spacing-right-small:0.98%;--awb-spacing-left-small:0.98%;\"><span class=\"fusion-column-inner-bg hover-type-none\"><a class=\"fusion-column-anchor\" href=\"https:\/\/eramine.eramet.com\/es\/media-es\/en-eramine-nos-sumamos-al-fortalecimiento-de-capacidades-en-la-comunidad-kolla-andina-de-santa-rosa-de-los-pastos-grandes\/\" aria-label=\"En Eramine, nos sumamos al fortalecimiento de capacidades en la comunidad Kolla Andina de Santa Rosa de los Pastos Grandes\"><span class=\"fusion-column-inner-bg-image lazyload\" data-bg=\"https:\/\/eramine.eramet.com\/wp-content\/uploads\/sites\/23\/2024\/12\/Eramet-Eramine-logo-w-300x158.png\"><\/span><\/a><\/span><div class=\"fusion-column-wrapper fusion-column-has-shadow fusion-flex-justify-content-flex-start fusion-content-layout-column fusion-column-has-bg-image\" data-bg-url=\"https:\/\/eramine.eramet.com\/wp-content\/uploads\/sites\/23\/2024\/12\/Eramet-Eramine-logo-w-300x158.png\"><div class=\"fusion-classic-product-image-wrapper fusion-woo-product-image fusion-post-card-image fusion-post-card-image-1\" data-layout=\"static\"><div  class=\"fusion-image-wrapper\" aria-haspopup=\"true\">\n\t\t\t\t<img decoding=\"async\" width=\"1600\" height=\"900\" src=\"https:\/\/eramine.eramet.com\/wp-content\/uploads\/sites\/23\/2026\/01\/2025-11-13-Eramine-Community-of-Santa-Rosa-de-los-Pastos-Grandes.jpg\" class=\"attachment-full size-full lazyload wp-post-image\" alt=\"\" srcset=\"data:image\/svg+xml,%3Csvg%20xmlns%3D%27http%3A%2F%2Fwww.w3.org%2F2000%2Fsvg%27%20width%3D%271600%27%20height%3D%27900%27%20viewBox%3D%270%200%201600%20900%27%3E%3Crect%20width%3D%271600%27%20height%3D%27900%27%20fill-opacity%3D%220%22%2F%3E%3C%2Fsvg%3E\" data-orig-src=\"https:\/\/eramine.eramet.com\/wp-content\/uploads\/sites\/23\/2026\/01\/2025-11-13-Eramine-Community-of-Santa-Rosa-de-los-Pastos-Grandes.jpg\" data-srcset=\"https:\/\/eramine.eramet.com\/wp-content\/uploads\/sites\/23\/2026\/01\/2025-11-13-Eramine-Community-of-Santa-Rosa-de-los-Pastos-Grandes-200x113.jpg 200w, https:\/\/eramine.eramet.com\/wp-content\/uploads\/sites\/23\/2026\/01\/2025-11-13-Eramine-Community-of-Santa-Rosa-de-los-Pastos-Grandes-400x225.jpg 400w, https:\/\/eramine.eramet.com\/wp-content\/uploads\/sites\/23\/2026\/01\/2025-11-13-Eramine-Community-of-Santa-Rosa-de-los-Pastos-Grandes-600x338.jpg 600w, https:\/\/eramine.eramet.com\/wp-content\/uploads\/sites\/23\/2026\/01\/2025-11-13-Eramine-Community-of-Santa-Rosa-de-los-Pastos-Grandes-800x450.jpg 800w, https:\/\/eramine.eramet.com\/wp-content\/uploads\/sites\/23\/2026\/01\/2025-11-13-Eramine-Community-of-Santa-Rosa-de-los-Pastos-Grandes-1200x675.jpg 1200w, https:\/\/eramine.eramet.com\/wp-content\/uploads\/sites\/23\/2026\/01\/2025-11-13-Eramine-Community-of-Santa-Rosa-de-los-Pastos-Grandes.jpg 1600w\" data-sizes=\"auto\" \/><\/div>\n<\/div><\/div><\/div><div class=\"fusion-layout-column fusion_builder_column_inner fusion-builder-nested-column-21 fusion_builder_column_inner_4_5 4_5 fusion-flex-column\" style=\"--awb-bg-size:cover;--awb-width-large:80%;--awb-margin-top-large:0px;--awb-spacing-right-large:1.225%;--awb-margin-bottom-large:0px;--awb-spacing-left-large:1.225%;--awb-width-medium:80%;--awb-order-medium:0;--awb-spacing-right-medium:1.225%;--awb-spacing-left-medium:1.225%;--awb-width-small:100%;--awb-order-small:0;--awb-spacing-right-small:0.98%;--awb-spacing-left-small:0.98%;\"><div class=\"fusion-column-wrapper fusion-column-has-shadow fusion-flex-justify-content-flex-start fusion-content-layout-block\"><div class=\"fusion-text fusion-text-41 fusion-text-no-margin\" style=\"--awb-content-alignment:left;--awb-font-size:14px;--awb-text-transform:uppercase;--awb-text-color:var(--awb-color7);\"><p><strong><a href=\"https:\/\/eramine.eramet.com\/es\/category\/media-es\/\" title=\"Media\">Media<\/a><\/strong><\/p>\n<\/div><div class=\"fusion-text fusion-text-42 fusion-text-no-margin\" style=\"--awb-content-alignment:left;--awb-font-size:14px;--awb-text-transform:uppercase;--awb-text-color:var(--awb-color7);\"><p><a href=\"https:\/\/eramine.eramet.com\/es\/nature\/noticias\/\" title=\"Noticias\">Noticias<\/a><\/p>\n<\/div><div class=\"fusion-title title fusion-title-11 fusion-sep-none fusion-title-text fusion-title-size-two\" style=\"--awb-text-color:var(--awb-color1);--awb-margin-bottom:0px;--awb-margin-left:0px;--awb-margin-right-small:0px;--awb-margin-left-small:0px;--awb-link-color:var(--awb-color1);--awb-font-size:16px;\"><h2 class=\"fusion-title-heading title-heading-left\" style=\"margin:0;font-size:1em;\"><a href=\"https:\/\/eramine.eramet.com\/es\/media-es\/en-eramine-nos-sumamos-al-fortalecimiento-de-capacidades-en-la-comunidad-kolla-andina-de-santa-rosa-de-los-pastos-grandes\/\" class=\"awb-custom-text-color awb-custom-text-hover-color\" target=\"_self\"><h2>\u00a0<\/h2><\/a><\/h2><\/div><div class=\"fusion-content-tb fusion-content-tb-11 fusion-text-no-margin\" style=\"--awb-margin-bottom:0px;--awb-margin-top:10px;\"><p>Entre el 5 y el 9 de noviembre, participamos en una capacitaci\u00f3n t\u00e9cnica titulada\u00a0\u201cManejo de m\u00e1quinas viales \u2013 Operaci\u00f3n segura de retroexcavadora y gr\u00faa hidr\u00e1ulica\u201d, destinada a diez miembros de la Comunidad Kolla Andina de Santa Rosa de los Pastos Grandes (SRPG). La iniciativa fue el resultado de un trabajo conjunto entre Eramine Sudam\u00e9rica, Lithium [...]<\/p><\/div><div class=\"fusion-text fusion-text-43 fusion-text-no-margin\" style=\"--awb-content-alignment:left;--awb-font-size:14px;--awb-text-color:var(--awb-color7);--awb-margin-top:10px;\"><p>13 noviembre 2025<\/p>\n<\/div><div class=\"fusion-text fusion-text-44 fusion-text-no-margin\" style=\"--awb-content-alignment:left;--awb-font-size:16px;--awb-text-color:var(--awb-color7);--awb-margin-top:10px;--awb-margin-bottom:10px;\"><p>#<a href=\"https:\/\/eramine.eramet.com\/es\/tag\/comunidades\/\" title=\"Comunidades\">Comunidades<\/a> #<a href=\"https:\/\/eramine.eramet.com\/es\/tag\/desarrollo\/\" title=\"Desarrollo\">Desarrollo<\/a><\/p>\n<\/div><div class=\"fusion-alignleft\"><a class=\"fusion-button button-flat fusion-button-default-size button-custom fusion-button-default button-11 fusion-button-default-span fusion-button-default-type CTA-eramet CTA-right fusion-has-button-gradient\" style=\"--button_accent_color:var(--awb-color7);--button_accent_hover_color:var(--awb-color7);--button_border_hover_color:var(--awb-color7);--button_border_width-top:2px;--button_border_width-right:2px;--button_border_width-bottom:2px;--button_border_width-left:2px;--button_gradient_angle:180deg;--button_gradient_top_color:var(--awb-custom_color_7);--button_gradient_bottom_color:var(--awb-custom_color_7);--button_gradient_top_color_hover:var(--awb-color7);--button_gradient_bottom_color_hover:var(--awb-custom_color_3);--button_font_size:16px;--button_margin-top:0px;\" target=\"_self\" title=\"En Eramine, nos sumamos al fortalecimiento de capacidades en la comunidad Kolla Andina de Santa Rosa de los Pastos Grandes\" aria-label=\"En Eramine, nos sumamos al fortalecimiento de capacidades en la comunidad Kolla Andina de Santa Rosa de los Pastos Grandes\" href=\"https:\/\/eramine.eramet.com\/es\/media-es\/en-eramine-nos-sumamos-al-fortalecimiento-de-capacidades-en-la-comunidad-kolla-andina-de-santa-rosa-de-los-pastos-grandes\/\"><span class=\"fusion-button-text\"><\/span><\/a><\/div><\/div><\/div><\/div><\/div><div class=\"fusion-separator fusion-full-width-sep fusion-absolute-separator fusion-align-center fusion-single-px\" style=\"width:100%;max-width:100%;\"><div class=\"fusion-separator-border sep-single sep-solid\" style=\"--awb-height:20px;--awb-amount:20px;--awb-sep-color:var(--awb-color1);border-color:var(--awb-color1);border-top-width:1px;\"><\/div><\/div><\/li>\n<li class=\"fusion-layout-column fusion_builder_column fusion-builder-column-12 fusion-flex-column post-card fusion-grid-column fusion-post-cards-grid-column media-es noticias desarrollo litio produccion\" style=\"--awb-bg-size:cover;\"><div class=\"fusion-column-wrapper fusion-flex-justify-content-flex-start fusion-content-layout-column\"><div class=\"fusion-builder-row fusion-builder-row-inner fusion-row fusion-flex-align-items-flex-start fusion-flex-content-wrap\" style=\"width:102% !important;max-width:102% !important;margin-left: calc(-2% \/ 2 );margin-right: calc(-2% \/ 2 );\"><div class=\"fusion-layout-column fusion_builder_column_inner fusion-builder-nested-column-22 fusion_builder_column_inner_1_5 1_5 fusion-flex-column fusion-column-inner-bg-wrapper\" style=\"--awb-overflow:hidden;--awb-inner-bg-color:var(--awb-color1);--awb-inner-bg-color-hover:var(--awb-color1);--awb-inner-bg-position:center center;--awb-inner-bg-size:70%;--awb-border-radius:10px 10px 10px 10px;--awb-inner-bg-border-radius:10px 10px 10px 10px;--awb-inner-bg-overflow:hidden;--awb-width-large:20%;--awb-margin-top-large:0px;--awb-spacing-right-large:4.9%;--awb-margin-bottom-large:0px;--awb-spacing-left-large:4.9%;--awb-width-medium:20%;--awb-order-medium:0;--awb-spacing-right-medium:4.9%;--awb-spacing-left-medium:4.9%;--awb-width-small:100%;--awb-order-small:0;--awb-spacing-right-small:0.98%;--awb-spacing-left-small:0.98%;\"><span class=\"fusion-column-inner-bg hover-type-none\"><a class=\"fusion-column-anchor\" href=\"https:\/\/eramine.eramet.com\/es\/media-es\/realizamos-nuestra-primera-exportacion-por-chile\/\" aria-label=\"Realizamos nuestra primera exportaci\u00f3n por Chile\"><span class=\"fusion-column-inner-bg-image lazyload\" data-bg=\"https:\/\/eramine.eramet.com\/wp-content\/uploads\/sites\/23\/2024\/12\/Eramet-Eramine-logo-w-300x158.png\"><\/span><\/a><\/span><div class=\"fusion-column-wrapper fusion-column-has-shadow fusion-flex-justify-content-flex-start fusion-content-layout-column fusion-column-has-bg-image\" data-bg-url=\"https:\/\/eramine.eramet.com\/wp-content\/uploads\/sites\/23\/2024\/12\/Eramet-Eramine-logo-w-300x158.png\"><div class=\"fusion-classic-product-image-wrapper fusion-woo-product-image fusion-post-card-image fusion-post-card-image-1\" data-layout=\"static\"><div  class=\"fusion-image-wrapper\" aria-haspopup=\"true\">\n\t\t\t\t<img decoding=\"async\" width=\"960\" height=\"540\" src=\"https:\/\/eramine.eramet.com\/wp-content\/uploads\/sites\/23\/2026\/01\/2025-10-30-Eramine-First-Export-Through-Chile.jpg\" class=\"attachment-full size-full lazyload wp-post-image\" alt=\"\" srcset=\"data:image\/svg+xml,%3Csvg%20xmlns%3D%27http%3A%2F%2Fwww.w3.org%2F2000%2Fsvg%27%20width%3D%27960%27%20height%3D%27540%27%20viewBox%3D%270%200%20960%20540%27%3E%3Crect%20width%3D%27960%27%20height%3D%27540%27%20fill-opacity%3D%220%22%2F%3E%3C%2Fsvg%3E\" data-orig-src=\"https:\/\/eramine.eramet.com\/wp-content\/uploads\/sites\/23\/2026\/01\/2025-10-30-Eramine-First-Export-Through-Chile.jpg\" data-srcset=\"https:\/\/eramine.eramet.com\/wp-content\/uploads\/sites\/23\/2026\/01\/2025-10-30-Eramine-First-Export-Through-Chile-200x113.jpg 200w, https:\/\/eramine.eramet.com\/wp-content\/uploads\/sites\/23\/2026\/01\/2025-10-30-Eramine-First-Export-Through-Chile-400x225.jpg 400w, https:\/\/eramine.eramet.com\/wp-content\/uploads\/sites\/23\/2026\/01\/2025-10-30-Eramine-First-Export-Through-Chile-600x338.jpg 600w, https:\/\/eramine.eramet.com\/wp-content\/uploads\/sites\/23\/2026\/01\/2025-10-30-Eramine-First-Export-Through-Chile-800x450.jpg 800w, https:\/\/eramine.eramet.com\/wp-content\/uploads\/sites\/23\/2026\/01\/2025-10-30-Eramine-First-Export-Through-Chile.jpg 960w\" data-sizes=\"auto\" \/><\/div>\n<\/div><\/div><\/div><div class=\"fusion-layout-column fusion_builder_column_inner fusion-builder-nested-column-23 fusion_builder_column_inner_4_5 4_5 fusion-flex-column\" style=\"--awb-bg-size:cover;--awb-width-large:80%;--awb-margin-top-large:0px;--awb-spacing-right-large:1.225%;--awb-margin-bottom-large:0px;--awb-spacing-left-large:1.225%;--awb-width-medium:80%;--awb-order-medium:0;--awb-spacing-right-medium:1.225%;--awb-spacing-left-medium:1.225%;--awb-width-small:100%;--awb-order-small:0;--awb-spacing-right-small:0.98%;--awb-spacing-left-small:0.98%;\"><div class=\"fusion-column-wrapper fusion-column-has-shadow fusion-flex-justify-content-flex-start fusion-content-layout-block\"><div class=\"fusion-text fusion-text-45 fusion-text-no-margin\" style=\"--awb-content-alignment:left;--awb-font-size:14px;--awb-text-transform:uppercase;--awb-text-color:var(--awb-color7);\"><p><strong><a href=\"https:\/\/eramine.eramet.com\/es\/category\/media-es\/\" title=\"Media\">Media<\/a><\/strong><\/p>\n<\/div><div class=\"fusion-text fusion-text-46 fusion-text-no-margin\" style=\"--awb-content-alignment:left;--awb-font-size:14px;--awb-text-transform:uppercase;--awb-text-color:var(--awb-color7);\"><p><a href=\"https:\/\/eramine.eramet.com\/es\/nature\/noticias\/\" title=\"Noticias\">Noticias<\/a><\/p>\n<\/div><div class=\"fusion-title title fusion-title-12 fusion-sep-none fusion-title-text fusion-title-size-two\" style=\"--awb-text-color:var(--awb-color1);--awb-margin-bottom:0px;--awb-margin-left:0px;--awb-margin-right-small:0px;--awb-margin-left-small:0px;--awb-link-color:var(--awb-color1);--awb-font-size:16px;\"><h2 class=\"fusion-title-heading title-heading-left\" style=\"margin:0;font-size:1em;\"><a href=\"https:\/\/eramine.eramet.com\/es\/media-es\/realizamos-nuestra-primera-exportacion-por-chile\/\" class=\"awb-custom-text-color awb-custom-text-hover-color\" target=\"_self\"><h2>\u00a0<\/h2><\/a><\/h2><\/div><div class=\"fusion-content-tb fusion-content-tb-12 fusion-text-no-margin\" style=\"--awb-margin-bottom:0px;--awb-margin-top:10px;\"><p> Concretamos un paso hist\u00f3rico en la consolidaci\u00f3n de nuestras operaciones, inaugurando un nuevo modelo de exportaci\u00f3n desde el Salar Centenario Ratones hacia el puerto de Angamos, en Chile. Hoy jueves 30 de octubre, realizamos el env\u00edo de 80 toneladas de carbonato de litio, marcando nuestra primera exportaci\u00f3n internacional a trav\u00e9s del paso chileno. El [...]<\/p><\/div><div class=\"fusion-text fusion-text-47 fusion-text-no-margin\" style=\"--awb-content-alignment:left;--awb-font-size:14px;--awb-text-color:var(--awb-color7);--awb-margin-top:10px;\"><p>30 octubre 2025<\/p>\n<\/div><div class=\"fusion-text fusion-text-48 fusion-text-no-margin\" style=\"--awb-content-alignment:left;--awb-font-size:16px;--awb-text-color:var(--awb-color7);--awb-margin-top:10px;--awb-margin-bottom:10px;\"><p>#<a href=\"https:\/\/eramine.eramet.com\/es\/tag\/desarrollo\/\" title=\"Desarrollo\">Desarrollo<\/a> #<a href=\"https:\/\/eramine.eramet.com\/es\/tag\/litio\/\" title=\"Litio\">Litio<\/a> #<a href=\"https:\/\/eramine.eramet.com\/es\/tag\/produccion\/\" title=\"Producci\u00f3n\">Producci\u00f3n<\/a><\/p>\n<\/div><div class=\"fusion-alignleft\"><a class=\"fusion-button button-flat fusion-button-default-size button-custom fusion-button-default button-12 fusion-button-default-span fusion-button-default-type CTA-eramet CTA-right fusion-has-button-gradient\" style=\"--button_accent_color:var(--awb-color7);--button_accent_hover_color:var(--awb-color7);--button_border_hover_color:var(--awb-color7);--button_border_width-top:2px;--button_border_width-right:2px;--button_border_width-bottom:2px;--button_border_width-left:2px;--button_gradient_angle:180deg;--button_gradient_top_color:var(--awb-custom_color_7);--button_gradient_bottom_color:var(--awb-custom_color_7);--button_gradient_top_color_hover:var(--awb-color7);--button_gradient_bottom_color_hover:var(--awb-custom_color_3);--button_font_size:16px;--button_margin-top:0px;\" target=\"_self\" title=\"Realizamos nuestra primera exportaci\u00f3n por Chile\" aria-label=\"Realizamos nuestra primera exportaci\u00f3n por Chile\" href=\"https:\/\/eramine.eramet.com\/es\/media-es\/realizamos-nuestra-primera-exportacion-por-chile\/\"><span class=\"fusion-button-text\"><\/span><\/a><\/div><\/div><\/div><\/div><\/div><div class=\"fusion-separator fusion-full-width-sep fusion-absolute-separator fusion-align-center fusion-single-px\" style=\"width:100%;max-width:100%;\"><div class=\"fusion-separator-border sep-single sep-solid\" style=\"--awb-height:20px;--awb-amount:20px;--awb-sep-color:var(--awb-color1);border-color:var(--awb-color1);border-top-width:1px;\"><\/div><\/div><\/li>\n<li class=\"fusion-layout-column fusion_builder_column fusion-builder-column-13 fusion-flex-column post-card fusion-grid-column fusion-post-cards-grid-column media-es noticias derechos-humanos eramine-es\" style=\"--awb-bg-size:cover;\"><div class=\"fusion-column-wrapper fusion-flex-justify-content-flex-start fusion-content-layout-column\"><div class=\"fusion-builder-row fusion-builder-row-inner fusion-row fusion-flex-align-items-flex-start fusion-flex-content-wrap\" style=\"width:102% !important;max-width:102% !important;margin-left: calc(-2% \/ 2 );margin-right: calc(-2% \/ 2 );\"><div class=\"fusion-layout-column fusion_builder_column_inner fusion-builder-nested-column-24 fusion_builder_column_inner_1_5 1_5 fusion-flex-column fusion-column-inner-bg-wrapper\" style=\"--awb-overflow:hidden;--awb-inner-bg-color:var(--awb-color1);--awb-inner-bg-color-hover:var(--awb-color1);--awb-inner-bg-position:center center;--awb-inner-bg-size:70%;--awb-border-radius:10px 10px 10px 10px;--awb-inner-bg-border-radius:10px 10px 10px 10px;--awb-inner-bg-overflow:hidden;--awb-width-large:20%;--awb-margin-top-large:0px;--awb-spacing-right-large:4.9%;--awb-margin-bottom-large:0px;--awb-spacing-left-large:4.9%;--awb-width-medium:20%;--awb-order-medium:0;--awb-spacing-right-medium:4.9%;--awb-spacing-left-medium:4.9%;--awb-width-small:100%;--awb-order-small:0;--awb-spacing-right-small:0.98%;--awb-spacing-left-small:0.98%;\"><span class=\"fusion-column-inner-bg hover-type-none\"><a class=\"fusion-column-anchor\" href=\"https:\/\/eramine.eramet.com\/es\/media-es\/eramine-participo-en-un-taller-internacional-sobre-derechos-humanos-en-la-cadena-de-valor-minero\/\" aria-label=\"Eramine particip\u00f3 en un taller internacional sobre derechos humanos en la cadena de valor minero\"><span class=\"fusion-column-inner-bg-image lazyload\" data-bg=\"https:\/\/eramine.eramet.com\/wp-content\/uploads\/sites\/23\/2024\/12\/Eramet-Eramine-logo-w-300x158.png\"><\/span><\/a><\/span><div class=\"fusion-column-wrapper fusion-column-has-shadow fusion-flex-justify-content-flex-start fusion-content-layout-column fusion-column-has-bg-image\" data-bg-url=\"https:\/\/eramine.eramet.com\/wp-content\/uploads\/sites\/23\/2024\/12\/Eramet-Eramine-logo-w-300x158.png\"><div class=\"fusion-classic-product-image-wrapper fusion-woo-product-image fusion-post-card-image fusion-post-card-image-1\" data-layout=\"static\"><div  class=\"fusion-image-wrapper\" aria-haspopup=\"true\">\n\t\t\t\t<img decoding=\"async\" width=\"1527\" height=\"859\" src=\"https:\/\/eramine.eramet.com\/wp-content\/uploads\/sites\/23\/2026\/01\/2025-10-20-Eramine-Human-Rights-in-the-Mining-Value-Chain.jpg\" class=\"attachment-full size-full lazyload wp-post-image\" alt=\"\" srcset=\"data:image\/svg+xml,%3Csvg%20xmlns%3D%27http%3A%2F%2Fwww.w3.org%2F2000%2Fsvg%27%20width%3D%271527%27%20height%3D%27859%27%20viewBox%3D%270%200%201527%20859%27%3E%3Crect%20width%3D%271527%27%20height%3D%27859%27%20fill-opacity%3D%220%22%2F%3E%3C%2Fsvg%3E\" data-orig-src=\"https:\/\/eramine.eramet.com\/wp-content\/uploads\/sites\/23\/2026\/01\/2025-10-20-Eramine-Human-Rights-in-the-Mining-Value-Chain.jpg\" data-srcset=\"https:\/\/eramine.eramet.com\/wp-content\/uploads\/sites\/23\/2026\/01\/2025-10-20-Eramine-Human-Rights-in-the-Mining-Value-Chain-200x113.jpg 200w, https:\/\/eramine.eramet.com\/wp-content\/uploads\/sites\/23\/2026\/01\/2025-10-20-Eramine-Human-Rights-in-the-Mining-Value-Chain-400x225.jpg 400w, https:\/\/eramine.eramet.com\/wp-content\/uploads\/sites\/23\/2026\/01\/2025-10-20-Eramine-Human-Rights-in-the-Mining-Value-Chain-600x338.jpg 600w, https:\/\/eramine.eramet.com\/wp-content\/uploads\/sites\/23\/2026\/01\/2025-10-20-Eramine-Human-Rights-in-the-Mining-Value-Chain-800x450.jpg 800w, https:\/\/eramine.eramet.com\/wp-content\/uploads\/sites\/23\/2026\/01\/2025-10-20-Eramine-Human-Rights-in-the-Mining-Value-Chain-1200x675.jpg 1200w, https:\/\/eramine.eramet.com\/wp-content\/uploads\/sites\/23\/2026\/01\/2025-10-20-Eramine-Human-Rights-in-the-Mining-Value-Chain.jpg 1527w\" data-sizes=\"auto\" \/><\/div>\n<\/div><\/div><\/div><div class=\"fusion-layout-column fusion_builder_column_inner fusion-builder-nested-column-25 fusion_builder_column_inner_4_5 4_5 fusion-flex-column\" style=\"--awb-bg-size:cover;--awb-width-large:80%;--awb-margin-top-large:0px;--awb-spacing-right-large:1.225%;--awb-margin-bottom-large:0px;--awb-spacing-left-large:1.225%;--awb-width-medium:80%;--awb-order-medium:0;--awb-spacing-right-medium:1.225%;--awb-spacing-left-medium:1.225%;--awb-width-small:100%;--awb-order-small:0;--awb-spacing-right-small:0.98%;--awb-spacing-left-small:0.98%;\"><div class=\"fusion-column-wrapper fusion-column-has-shadow fusion-flex-justify-content-flex-start fusion-content-layout-block\"><div class=\"fusion-text fusion-text-49 fusion-text-no-margin\" style=\"--awb-content-alignment:left;--awb-font-size:14px;--awb-text-transform:uppercase;--awb-text-color:var(--awb-color7);\"><p><strong><a href=\"https:\/\/eramine.eramet.com\/es\/category\/media-es\/\" title=\"Media\">Media<\/a><\/strong><\/p>\n<\/div><div class=\"fusion-text fusion-text-50 fusion-text-no-margin\" style=\"--awb-content-alignment:left;--awb-font-size:14px;--awb-text-transform:uppercase;--awb-text-color:var(--awb-color7);\"><p><a href=\"https:\/\/eramine.eramet.com\/es\/nature\/noticias\/\" title=\"Noticias\">Noticias<\/a><\/p>\n<\/div><div class=\"fusion-title title fusion-title-13 fusion-sep-none fusion-title-text fusion-title-size-two\" style=\"--awb-text-color:var(--awb-color1);--awb-margin-bottom:0px;--awb-margin-left:0px;--awb-margin-right-small:0px;--awb-margin-left-small:0px;--awb-link-color:var(--awb-color1);--awb-font-size:16px;\"><h2 class=\"fusion-title-heading title-heading-left\" style=\"margin:0;font-size:1em;\"><a href=\"https:\/\/eramine.eramet.com\/es\/media-es\/eramine-participo-en-un-taller-internacional-sobre-derechos-humanos-en-la-cadena-de-valor-minero\/\" class=\"awb-custom-text-color awb-custom-text-hover-color\" target=\"_self\"><h2>\u00a0<\/h2><\/a><\/h2><\/div><div class=\"fusion-content-tb fusion-content-tb-13 fusion-text-no-margin\" style=\"--awb-margin-bottom:0px;--awb-margin-top:10px;\"><p>Participamos de una jornada de reflexi\u00f3n y trabajo junto a proveedores del sector minero, enfocada en promover pr\u00e1cticas responsables con perspectiva en derechos humanos. Los d\u00edas 15 y 16 de octubre asistimos al taller internacional \u201cDerechos Humanos en la cadena de valor: del compromiso a la acci\u00f3n\u201d, organizado junto a AbraSilver, la Red Argentina del [...]<\/p><\/div><div class=\"fusion-text fusion-text-51 fusion-text-no-margin\" style=\"--awb-content-alignment:left;--awb-font-size:14px;--awb-text-color:var(--awb-color7);--awb-margin-top:10px;\"><p>20 octubre 2025<\/p>\n<\/div><div class=\"fusion-text fusion-text-52 fusion-text-no-margin\" style=\"--awb-content-alignment:left;--awb-font-size:16px;--awb-text-color:var(--awb-color7);--awb-margin-top:10px;--awb-margin-bottom:10px;\"><p>#<a href=\"https:\/\/eramine.eramet.com\/es\/tag\/derechos-humanos\/\" title=\"Derechos Humanos\">Derechos Humanos<\/a> #<a href=\"https:\/\/eramine.eramet.com\/es\/tag\/eramine-es\/\" title=\"Eramine\">Eramine<\/a><\/p>\n<\/div><div class=\"fusion-alignleft\"><a class=\"fusion-button button-flat fusion-button-default-size button-custom fusion-button-default button-13 fusion-button-default-span fusion-button-default-type CTA-eramet CTA-right fusion-has-button-gradient\" style=\"--button_accent_color:var(--awb-color7);--button_accent_hover_color:var(--awb-color7);--button_border_hover_color:var(--awb-color7);--button_border_width-top:2px;--button_border_width-right:2px;--button_border_width-bottom:2px;--button_border_width-left:2px;--button_gradient_angle:180deg;--button_gradient_top_color:var(--awb-custom_color_7);--button_gradient_bottom_color:var(--awb-custom_color_7);--button_gradient_top_color_hover:var(--awb-color7);--button_gradient_bottom_color_hover:var(--awb-custom_color_3);--button_font_size:16px;--button_margin-top:0px;\" target=\"_self\" title=\"Eramine particip\u00f3 en un taller internacional sobre derechos humanos en la cadena de valor minero\" aria-label=\"Eramine particip\u00f3 en un taller internacional sobre derechos humanos en la cadena de valor minero\" href=\"https:\/\/eramine.eramet.com\/es\/media-es\/eramine-participo-en-un-taller-internacional-sobre-derechos-humanos-en-la-cadena-de-valor-minero\/\"><span class=\"fusion-button-text\"><\/span><\/a><\/div><\/div><\/div><\/div><\/div><div class=\"fusion-separator fusion-full-width-sep fusion-absolute-separator fusion-align-center fusion-single-px\" style=\"width:100%;max-width:100%;\"><div class=\"fusion-separator-border sep-single sep-solid\" style=\"--awb-height:20px;--awb-amount:20px;--awb-sep-color:var(--awb-color1);border-color:var(--awb-color1);border-top-width:1px;\"><\/div><\/div><\/li>\n<li class=\"fusion-layout-column fusion_builder_column fusion-builder-column-14 fusion-flex-column post-card fusion-grid-column fusion-post-cards-grid-column media-es noticias comunidades\" style=\"--awb-bg-size:cover;\"><div class=\"fusion-column-wrapper fusion-flex-justify-content-flex-start fusion-content-layout-column\"><div class=\"fusion-builder-row fusion-builder-row-inner fusion-row fusion-flex-align-items-flex-start fusion-flex-content-wrap\" style=\"width:102% !important;max-width:102% !important;margin-left: calc(-2% \/ 2 );margin-right: calc(-2% \/ 2 );\"><div class=\"fusion-layout-column fusion_builder_column_inner fusion-builder-nested-column-26 fusion_builder_column_inner_1_5 1_5 fusion-flex-column fusion-column-inner-bg-wrapper\" style=\"--awb-overflow:hidden;--awb-inner-bg-color:var(--awb-color1);--awb-inner-bg-color-hover:var(--awb-color1);--awb-inner-bg-position:center center;--awb-inner-bg-size:70%;--awb-border-radius:10px 10px 10px 10px;--awb-inner-bg-border-radius:10px 10px 10px 10px;--awb-inner-bg-overflow:hidden;--awb-width-large:20%;--awb-margin-top-large:0px;--awb-spacing-right-large:4.9%;--awb-margin-bottom-large:0px;--awb-spacing-left-large:4.9%;--awb-width-medium:20%;--awb-order-medium:0;--awb-spacing-right-medium:4.9%;--awb-spacing-left-medium:4.9%;--awb-width-small:100%;--awb-order-small:0;--awb-spacing-right-small:0.98%;--awb-spacing-left-small:0.98%;\"><span class=\"fusion-column-inner-bg hover-type-none\"><a class=\"fusion-column-anchor\" href=\"https:\/\/eramine.eramet.com\/es\/media-es\/a-4-000-metros-de-altura-eramine-acompano-a-los-peregrinos-en-su-paso-hacia-el-milagro-de-salta\/\" aria-label=\"A 4.000 metros de altura, Eramine acompa\u00f1\u00f3 a los peregrinos en su paso hacia el Milagro de Salta\"><span class=\"fusion-column-inner-bg-image lazyload\" data-bg=\"https:\/\/eramine.eramet.com\/wp-content\/uploads\/sites\/23\/2024\/12\/Eramet-Eramine-logo-w-300x158.png\"><\/span><\/a><\/span><div class=\"fusion-column-wrapper fusion-column-has-shadow fusion-flex-justify-content-flex-start fusion-content-layout-column fusion-column-has-bg-image\" data-bg-url=\"https:\/\/eramine.eramet.com\/wp-content\/uploads\/sites\/23\/2024\/12\/Eramet-Eramine-logo-w-300x158.png\"><div class=\"fusion-classic-product-image-wrapper fusion-woo-product-image fusion-post-card-image fusion-post-card-image-1\" data-layout=\"static\"><div  class=\"fusion-image-wrapper\" aria-haspopup=\"true\">\n\t\t\t\t<img decoding=\"async\" width=\"1440\" height=\"810\" src=\"https:\/\/eramine.eramet.com\/wp-content\/uploads\/sites\/23\/2026\/01\/2025-09-11-Eramine-Pilgrims-on-Their-Journey-to-the-Milagro-of-Salta.jpg\" class=\"attachment-full size-full lazyload wp-post-image\" alt=\"\" srcset=\"data:image\/svg+xml,%3Csvg%20xmlns%3D%27http%3A%2F%2Fwww.w3.org%2F2000%2Fsvg%27%20width%3D%271440%27%20height%3D%27810%27%20viewBox%3D%270%200%201440%20810%27%3E%3Crect%20width%3D%271440%27%20height%3D%27810%27%20fill-opacity%3D%220%22%2F%3E%3C%2Fsvg%3E\" data-orig-src=\"https:\/\/eramine.eramet.com\/wp-content\/uploads\/sites\/23\/2026\/01\/2025-09-11-Eramine-Pilgrims-on-Their-Journey-to-the-Milagro-of-Salta.jpg\" data-srcset=\"https:\/\/eramine.eramet.com\/wp-content\/uploads\/sites\/23\/2026\/01\/2025-09-11-Eramine-Pilgrims-on-Their-Journey-to-the-Milagro-of-Salta-200x113.jpg 200w, https:\/\/eramine.eramet.com\/wp-content\/uploads\/sites\/23\/2026\/01\/2025-09-11-Eramine-Pilgrims-on-Their-Journey-to-the-Milagro-of-Salta-400x225.jpg 400w, https:\/\/eramine.eramet.com\/wp-content\/uploads\/sites\/23\/2026\/01\/2025-09-11-Eramine-Pilgrims-on-Their-Journey-to-the-Milagro-of-Salta-600x338.jpg 600w, https:\/\/eramine.eramet.com\/wp-content\/uploads\/sites\/23\/2026\/01\/2025-09-11-Eramine-Pilgrims-on-Their-Journey-to-the-Milagro-of-Salta-800x450.jpg 800w, https:\/\/eramine.eramet.com\/wp-content\/uploads\/sites\/23\/2026\/01\/2025-09-11-Eramine-Pilgrims-on-Their-Journey-to-the-Milagro-of-Salta-1200x675.jpg 1200w, https:\/\/eramine.eramet.com\/wp-content\/uploads\/sites\/23\/2026\/01\/2025-09-11-Eramine-Pilgrims-on-Their-Journey-to-the-Milagro-of-Salta.jpg 1440w\" data-sizes=\"auto\" \/><\/div>\n<\/div><\/div><\/div><div class=\"fusion-layout-column fusion_builder_column_inner fusion-builder-nested-column-27 fusion_builder_column_inner_4_5 4_5 fusion-flex-column\" style=\"--awb-bg-size:cover;--awb-width-large:80%;--awb-margin-top-large:0px;--awb-spacing-right-large:1.225%;--awb-margin-bottom-large:0px;--awb-spacing-left-large:1.225%;--awb-width-medium:80%;--awb-order-medium:0;--awb-spacing-right-medium:1.225%;--awb-spacing-left-medium:1.225%;--awb-width-small:100%;--awb-order-small:0;--awb-spacing-right-small:0.98%;--awb-spacing-left-small:0.98%;\"><div class=\"fusion-column-wrapper fusion-column-has-shadow fusion-flex-justify-content-flex-start fusion-content-layout-block\"><div class=\"fusion-text fusion-text-53 fusion-text-no-margin\" style=\"--awb-content-alignment:left;--awb-font-size:14px;--awb-text-transform:uppercase;--awb-text-color:var(--awb-color7);\"><p><strong><a href=\"https:\/\/eramine.eramet.com\/es\/category\/media-es\/\" title=\"Media\">Media<\/a><\/strong><\/p>\n<\/div><div class=\"fusion-text fusion-text-54 fusion-text-no-margin\" style=\"--awb-content-alignment:left;--awb-font-size:14px;--awb-text-transform:uppercase;--awb-text-color:var(--awb-color7);\"><p><a href=\"https:\/\/eramine.eramet.com\/es\/nature\/noticias\/\" title=\"Noticias\">Noticias<\/a><\/p>\n<\/div><div class=\"fusion-title title fusion-title-14 fusion-sep-none fusion-title-text fusion-title-size-two\" style=\"--awb-text-color:var(--awb-color1);--awb-margin-bottom:0px;--awb-margin-left:0px;--awb-margin-right-small:0px;--awb-margin-left-small:0px;--awb-link-color:var(--awb-color1);--awb-font-size:16px;\"><h2 class=\"fusion-title-heading title-heading-left\" style=\"margin:0;font-size:1em;\"><a href=\"https:\/\/eramine.eramet.com\/es\/media-es\/a-4-000-metros-de-altura-eramine-acompano-a-los-peregrinos-en-su-paso-hacia-el-milagro-de-salta\/\" class=\"awb-custom-text-color awb-custom-text-hover-color\" target=\"_self\"><h2>\u00a0<\/h2><\/a><\/h2><\/div><div class=\"fusion-content-tb fusion-content-tb-14 fusion-text-no-margin\" style=\"--awb-margin-bottom:0px;--awb-margin-top:10px;\"><p> En el marco de la tradicional peregrinaci\u00f3n al Se\u00f1or y la Virgen del Milagro, Eramine Sudam\u00e9rica acompa\u00f1\u00f3 a mas de 100 personas que atravesaron la zona del proyecto Centenario Ratones, ubicado a m\u00e1s de 4.000 metros sobre el nivel del mar en el Salar de Centenario (provincia de Salta). Desde esta \u00e1rea remota, la [...]<\/p><\/div><div class=\"fusion-text fusion-text-55 fusion-text-no-margin\" style=\"--awb-content-alignment:left;--awb-font-size:14px;--awb-text-color:var(--awb-color7);--awb-margin-top:10px;\"><p>11 septiembre 2025<\/p>\n<\/div><div class=\"fusion-text fusion-text-56 fusion-text-no-margin\" style=\"--awb-content-alignment:left;--awb-font-size:16px;--awb-text-color:var(--awb-color7);--awb-margin-top:10px;--awb-margin-bottom:10px;\"><p>#<a href=\"https:\/\/eramine.eramet.com\/es\/tag\/comunidades\/\" title=\"Comunidades\">Comunidades<\/a><\/p>\n<\/div><div class=\"fusion-alignleft\"><a class=\"fusion-button button-flat fusion-button-default-size button-custom fusion-button-default button-14 fusion-button-default-span fusion-button-default-type CTA-eramet CTA-right fusion-has-button-gradient\" style=\"--button_accent_color:var(--awb-color7);--button_accent_hover_color:var(--awb-color7);--button_border_hover_color:var(--awb-color7);--button_border_width-top:2px;--button_border_width-right:2px;--button_border_width-bottom:2px;--button_border_width-left:2px;--button_gradient_angle:180deg;--button_gradient_top_color:var(--awb-custom_color_7);--button_gradient_bottom_color:var(--awb-custom_color_7);--button_gradient_top_color_hover:var(--awb-color7);--button_gradient_bottom_color_hover:var(--awb-custom_color_3);--button_font_size:16px;--button_margin-top:0px;\" target=\"_self\" title=\"A 4.000 metros de altura, Eramine acompa\u00f1\u00f3 a los peregrinos en su paso hacia el Milagro de Salta\" aria-label=\"A 4.000 metros de altura, Eramine acompa\u00f1\u00f3 a los peregrinos en su paso hacia el Milagro de Salta\" href=\"https:\/\/eramine.eramet.com\/es\/media-es\/a-4-000-metros-de-altura-eramine-acompano-a-los-peregrinos-en-su-paso-hacia-el-milagro-de-salta\/\"><span class=\"fusion-button-text\"><\/span><\/a><\/div><\/div><\/div><\/div><\/div><div class=\"fusion-separator fusion-full-width-sep fusion-absolute-separator fusion-align-center fusion-single-px\" style=\"width:100%;max-width:100%;\"><div class=\"fusion-separator-border sep-single sep-solid\" style=\"--awb-height:20px;--awb-amount:20px;--awb-sep-color:var(--awb-color1);border-color:var(--awb-color1);border-top-width:1px;\"><\/div><\/div><\/li>\n<li class=\"fusion-layout-column fusion_builder_column fusion-builder-column-15 fusion-flex-column post-card fusion-grid-column fusion-post-cards-grid-column media-es noticias desarrollo mina sustentabilidad\" style=\"--awb-bg-size:cover;\"><div class=\"fusion-column-wrapper fusion-flex-justify-content-flex-start fusion-content-layout-column\"><div class=\"fusion-builder-row fusion-builder-row-inner fusion-row fusion-flex-align-items-flex-start fusion-flex-content-wrap\" style=\"width:102% !important;max-width:102% !important;margin-left: calc(-2% \/ 2 );margin-right: calc(-2% \/ 2 );\"><div class=\"fusion-layout-column fusion_builder_column_inner fusion-builder-nested-column-28 fusion_builder_column_inner_1_5 1_5 fusion-flex-column fusion-column-inner-bg-wrapper\" style=\"--awb-overflow:hidden;--awb-inner-bg-color:var(--awb-color1);--awb-inner-bg-color-hover:var(--awb-color1);--awb-inner-bg-position:center center;--awb-inner-bg-size:70%;--awb-border-radius:10px 10px 10px 10px;--awb-inner-bg-border-radius:10px 10px 10px 10px;--awb-inner-bg-overflow:hidden;--awb-width-large:20%;--awb-margin-top-large:0px;--awb-spacing-right-large:4.9%;--awb-margin-bottom-large:0px;--awb-spacing-left-large:4.9%;--awb-width-medium:20%;--awb-order-medium:0;--awb-spacing-right-medium:4.9%;--awb-spacing-left-medium:4.9%;--awb-width-small:100%;--awb-order-small:0;--awb-spacing-right-small:0.98%;--awb-spacing-left-small:0.98%;\"><span class=\"fusion-column-inner-bg hover-type-none\"><a class=\"fusion-column-anchor\" href=\"https:\/\/eramine.eramet.com\/es\/media-es\/dia-de-la-industria-la-mineria-en-salta-motor-del-desarrollo-economico-y-social\/\" aria-label=\"D\u00eda de la Industria: la miner\u00eda en Salta, motor del desarrollo econ\u00f3mico y social\"><span class=\"fusion-column-inner-bg-image lazyload\" data-bg=\"https:\/\/eramine.eramet.com\/wp-content\/uploads\/sites\/23\/2024\/12\/Eramet-Eramine-logo-w-300x158.png\"><\/span><\/a><\/span><div class=\"fusion-column-wrapper fusion-column-has-shadow fusion-flex-justify-content-flex-start fusion-content-layout-column fusion-column-has-bg-image\" data-bg-url=\"https:\/\/eramine.eramet.com\/wp-content\/uploads\/sites\/23\/2024\/12\/Eramet-Eramine-logo-w-300x158.png\"><div class=\"fusion-classic-product-image-wrapper fusion-woo-product-image fusion-post-card-image fusion-post-card-image-1\" data-layout=\"static\"><div  class=\"fusion-image-wrapper\" aria-haspopup=\"true\">\n\t\t\t\t<img decoding=\"async\" width=\"1080\" height=\"608\" src=\"https:\/\/eramine.eramet.com\/wp-content\/uploads\/sites\/23\/2026\/01\/2025-09-02-Eramine-Industry-Day.jpg\" class=\"attachment-full size-full lazyload wp-post-image\" alt=\"\" srcset=\"data:image\/svg+xml,%3Csvg%20xmlns%3D%27http%3A%2F%2Fwww.w3.org%2F2000%2Fsvg%27%20width%3D%271080%27%20height%3D%27608%27%20viewBox%3D%270%200%201080%20608%27%3E%3Crect%20width%3D%271080%27%20height%3D%27608%27%20fill-opacity%3D%220%22%2F%3E%3C%2Fsvg%3E\" data-orig-src=\"https:\/\/eramine.eramet.com\/wp-content\/uploads\/sites\/23\/2026\/01\/2025-09-02-Eramine-Industry-Day.jpg\" data-srcset=\"https:\/\/eramine.eramet.com\/wp-content\/uploads\/sites\/23\/2026\/01\/2025-09-02-Eramine-Industry-Day-200x113.jpg 200w, https:\/\/eramine.eramet.com\/wp-content\/uploads\/sites\/23\/2026\/01\/2025-09-02-Eramine-Industry-Day-400x225.jpg 400w, https:\/\/eramine.eramet.com\/wp-content\/uploads\/sites\/23\/2026\/01\/2025-09-02-Eramine-Industry-Day-600x338.jpg 600w, https:\/\/eramine.eramet.com\/wp-content\/uploads\/sites\/23\/2026\/01\/2025-09-02-Eramine-Industry-Day-800x450.jpg 800w, https:\/\/eramine.eramet.com\/wp-content\/uploads\/sites\/23\/2026\/01\/2025-09-02-Eramine-Industry-Day.jpg 1080w\" data-sizes=\"auto\" \/><\/div>\n<\/div><\/div><\/div><div class=\"fusion-layout-column fusion_builder_column_inner fusion-builder-nested-column-29 fusion_builder_column_inner_4_5 4_5 fusion-flex-column\" style=\"--awb-bg-size:cover;--awb-width-large:80%;--awb-margin-top-large:0px;--awb-spacing-right-large:1.225%;--awb-margin-bottom-large:0px;--awb-spacing-left-large:1.225%;--awb-width-medium:80%;--awb-order-medium:0;--awb-spacing-right-medium:1.225%;--awb-spacing-left-medium:1.225%;--awb-width-small:100%;--awb-order-small:0;--awb-spacing-right-small:0.98%;--awb-spacing-left-small:0.98%;\"><div class=\"fusion-column-wrapper fusion-column-has-shadow fusion-flex-justify-content-flex-start fusion-content-layout-block\"><div class=\"fusion-text fusion-text-57 fusion-text-no-margin\" style=\"--awb-content-alignment:left;--awb-font-size:14px;--awb-text-transform:uppercase;--awb-text-color:var(--awb-color7);\"><p><strong><a href=\"https:\/\/eramine.eramet.com\/es\/category\/media-es\/\" title=\"Media\">Media<\/a><\/strong><\/p>\n<\/div><div class=\"fusion-text fusion-text-58 fusion-text-no-margin\" style=\"--awb-content-alignment:left;--awb-font-size:14px;--awb-text-transform:uppercase;--awb-text-color:var(--awb-color7);\"><p><a href=\"https:\/\/eramine.eramet.com\/es\/nature\/noticias\/\" title=\"Noticias\">Noticias<\/a><\/p>\n<\/div><div class=\"fusion-title title fusion-title-15 fusion-sep-none fusion-title-text fusion-title-size-two\" style=\"--awb-text-color:var(--awb-color1);--awb-margin-bottom:0px;--awb-margin-left:0px;--awb-margin-right-small:0px;--awb-margin-left-small:0px;--awb-link-color:var(--awb-color1);--awb-font-size:16px;\"><h2 class=\"fusion-title-heading title-heading-left\" style=\"margin:0;font-size:1em;\"><a href=\"https:\/\/eramine.eramet.com\/es\/media-es\/dia-de-la-industria-la-mineria-en-salta-motor-del-desarrollo-economico-y-social\/\" class=\"awb-custom-text-color awb-custom-text-hover-color\" target=\"_self\"><h2>\u00a0<\/h2><\/a><\/h2><\/div><div class=\"fusion-content-tb fusion-content-tb-15 fusion-text-no-margin\" style=\"--awb-margin-bottom:0px;--awb-margin-top:10px;\"><p>En este D\u00eda de la Industria, celebramos el esp\u00edritu productivo que impulsa el desarrollo de nuestro pa\u00eds. La industria argentina es sin\u00f3nimo de trabajo, innovaci\u00f3n y compromiso, y en este marco la miner\u00eda ocupa un lugar estrat\u00e9gico como motor de progreso social y econ\u00f3mico, cuyo impacto se extiende desde las comunidades m\u00e1s cercanas a los [...]<\/p><\/div><div class=\"fusion-text fusion-text-59 fusion-text-no-margin\" style=\"--awb-content-alignment:left;--awb-font-size:14px;--awb-text-color:var(--awb-color7);--awb-margin-top:10px;\"><p>2 septiembre 2025<\/p>\n<\/div><div class=\"fusion-text fusion-text-60 fusion-text-no-margin\" style=\"--awb-content-alignment:left;--awb-font-size:16px;--awb-text-color:var(--awb-color7);--awb-margin-top:10px;--awb-margin-bottom:10px;\"><p>#<a href=\"https:\/\/eramine.eramet.com\/es\/tag\/desarrollo\/\" title=\"Desarrollo\">Desarrollo<\/a> #<a href=\"https:\/\/eramine.eramet.com\/es\/tag\/mina\/\" title=\"Mina\">Mina<\/a> #<a href=\"https:\/\/eramine.eramet.com\/es\/tag\/sustentabilidad\/\" title=\"Sustentabilidad\">Sustentabilidad<\/a><\/p>\n<\/div><div class=\"fusion-alignleft\"><a class=\"fusion-button button-flat fusion-button-default-size button-custom fusion-button-default button-15 fusion-button-default-span fusion-button-default-type CTA-eramet CTA-right fusion-has-button-gradient\" style=\"--button_accent_color:var(--awb-color7);--button_accent_hover_color:var(--awb-color7);--button_border_hover_color:var(--awb-color7);--button_border_width-top:2px;--button_border_width-right:2px;--button_border_width-bottom:2px;--button_border_width-left:2px;--button_gradient_angle:180deg;--button_gradient_top_color:var(--awb-custom_color_7);--button_gradient_bottom_color:var(--awb-custom_color_7);--button_gradient_top_color_hover:var(--awb-color7);--button_gradient_bottom_color_hover:var(--awb-custom_color_3);--button_font_size:16px;--button_margin-top:0px;\" target=\"_self\" title=\"D\u00eda de la Industria: la miner\u00eda en Salta, motor del desarrollo econ\u00f3mico y social\" aria-label=\"D\u00eda de la Industria: la miner\u00eda en Salta, motor del desarrollo econ\u00f3mico y social\" href=\"https:\/\/eramine.eramet.com\/es\/media-es\/dia-de-la-industria-la-mineria-en-salta-motor-del-desarrollo-economico-y-social\/\"><span class=\"fusion-button-text\"><\/span><\/a><\/div><\/div><\/div><\/div><\/div><div class=\"fusion-separator fusion-full-width-sep fusion-absolute-separator fusion-align-center fusion-single-px\" style=\"width:100%;max-width:100%;\"><div class=\"fusion-separator-border sep-single sep-solid\" style=\"--awb-height:20px;--awb-amount:20px;--awb-sep-color:var(--awb-color1);border-color:var(--awb-color1);border-top-width:1px;\"><\/div><\/div><\/li>\n<li class=\"fusion-layout-column fusion_builder_column fusion-builder-column-16 fusion-flex-column post-card fusion-grid-column fusion-post-cards-grid-column media-es noticias compromisos comunidades diversidad-y-inclusion salud\" style=\"--awb-bg-size:cover;\"><div class=\"fusion-column-wrapper fusion-flex-justify-content-flex-start fusion-content-layout-column\"><div class=\"fusion-builder-row fusion-builder-row-inner fusion-row fusion-flex-align-items-flex-start fusion-flex-content-wrap\" style=\"width:102% !important;max-width:102% !important;margin-left: calc(-2% \/ 2 );margin-right: calc(-2% \/ 2 );\"><div class=\"fusion-layout-column fusion_builder_column_inner fusion-builder-nested-column-30 fusion_builder_column_inner_1_5 1_5 fusion-flex-column fusion-column-inner-bg-wrapper\" style=\"--awb-overflow:hidden;--awb-inner-bg-color:var(--awb-color1);--awb-inner-bg-color-hover:var(--awb-color1);--awb-inner-bg-position:center center;--awb-inner-bg-size:70%;--awb-border-radius:10px 10px 10px 10px;--awb-inner-bg-border-radius:10px 10px 10px 10px;--awb-inner-bg-overflow:hidden;--awb-width-large:20%;--awb-margin-top-large:0px;--awb-spacing-right-large:4.9%;--awb-margin-bottom-large:0px;--awb-spacing-left-large:4.9%;--awb-width-medium:20%;--awb-order-medium:0;--awb-spacing-right-medium:4.9%;--awb-spacing-left-medium:4.9%;--awb-width-small:100%;--awb-order-small:0;--awb-spacing-right-small:0.98%;--awb-spacing-left-small:0.98%;\"><span class=\"fusion-column-inner-bg hover-type-none\"><a class=\"fusion-column-anchor\" href=\"https:\/\/eramine.eramet.com\/es\/media-es\/en-la-semana-de-la-lactancia-materna-fuimos-reconocidos-por-el-gobierno-de-salta\/\" aria-label=\"En la Semana de la Lactancia Materna, fuimos reconocidos por el Gobierno de Salta\"><span class=\"fusion-column-inner-bg-image lazyload\" data-bg=\"https:\/\/eramine.eramet.com\/wp-content\/uploads\/sites\/23\/2024\/12\/Eramet-Eramine-logo-w-300x158.png\"><\/span><\/a><\/span><div class=\"fusion-column-wrapper fusion-column-has-shadow fusion-flex-justify-content-flex-start fusion-content-layout-column fusion-column-has-bg-image\" data-bg-url=\"https:\/\/eramine.eramet.com\/wp-content\/uploads\/sites\/23\/2024\/12\/Eramet-Eramine-logo-w-300x158.png\"><div class=\"fusion-classic-product-image-wrapper fusion-woo-product-image fusion-post-card-image fusion-post-card-image-1\" data-layout=\"static\"><div  class=\"fusion-image-wrapper\" aria-haspopup=\"true\">\n\t\t\t\t<img decoding=\"async\" width=\"1060\" height=\"595\" src=\"https:\/\/eramine.eramet.com\/wp-content\/uploads\/sites\/23\/2026\/01\/2025-08-08-Eramine-Recognized-by-the-Government-of-Salta-during-Breastfeeding-Week.jpg\" class=\"attachment-full size-full lazyload wp-post-image\" alt=\"\" srcset=\"data:image\/svg+xml,%3Csvg%20xmlns%3D%27http%3A%2F%2Fwww.w3.org%2F2000%2Fsvg%27%20width%3D%271060%27%20height%3D%27595%27%20viewBox%3D%270%200%201060%20595%27%3E%3Crect%20width%3D%271060%27%20height%3D%27595%27%20fill-opacity%3D%220%22%2F%3E%3C%2Fsvg%3E\" data-orig-src=\"https:\/\/eramine.eramet.com\/wp-content\/uploads\/sites\/23\/2026\/01\/2025-08-08-Eramine-Recognized-by-the-Government-of-Salta-during-Breastfeeding-Week.jpg\" data-srcset=\"https:\/\/eramine.eramet.com\/wp-content\/uploads\/sites\/23\/2026\/01\/2025-08-08-Eramine-Recognized-by-the-Government-of-Salta-during-Breastfeeding-Week-200x112.jpg 200w, https:\/\/eramine.eramet.com\/wp-content\/uploads\/sites\/23\/2026\/01\/2025-08-08-Eramine-Recognized-by-the-Government-of-Salta-during-Breastfeeding-Week-400x225.jpg 400w, https:\/\/eramine.eramet.com\/wp-content\/uploads\/sites\/23\/2026\/01\/2025-08-08-Eramine-Recognized-by-the-Government-of-Salta-during-Breastfeeding-Week-600x337.jpg 600w, https:\/\/eramine.eramet.com\/wp-content\/uploads\/sites\/23\/2026\/01\/2025-08-08-Eramine-Recognized-by-the-Government-of-Salta-during-Breastfeeding-Week-800x449.jpg 800w, https:\/\/eramine.eramet.com\/wp-content\/uploads\/sites\/23\/2026\/01\/2025-08-08-Eramine-Recognized-by-the-Government-of-Salta-during-Breastfeeding-Week.jpg 1060w\" data-sizes=\"auto\" \/><\/div>\n<\/div><\/div><\/div><div class=\"fusion-layout-column fusion_builder_column_inner fusion-builder-nested-column-31 fusion_builder_column_inner_4_5 4_5 fusion-flex-column\" style=\"--awb-bg-size:cover;--awb-width-large:80%;--awb-margin-top-large:0px;--awb-spacing-right-large:1.225%;--awb-margin-bottom-large:0px;--awb-spacing-left-large:1.225%;--awb-width-medium:80%;--awb-order-medium:0;--awb-spacing-right-medium:1.225%;--awb-spacing-left-medium:1.225%;--awb-width-small:100%;--awb-order-small:0;--awb-spacing-right-small:0.98%;--awb-spacing-left-small:0.98%;\"><div class=\"fusion-column-wrapper fusion-column-has-shadow fusion-flex-justify-content-flex-start fusion-content-layout-block\"><div class=\"fusion-text fusion-text-61 fusion-text-no-margin\" style=\"--awb-content-alignment:left;--awb-font-size:14px;--awb-text-transform:uppercase;--awb-text-color:var(--awb-color7);\"><p><strong><a href=\"https:\/\/eramine.eramet.com\/es\/category\/media-es\/\" title=\"Media\">Media<\/a><\/strong><\/p>\n<\/div><div class=\"fusion-text fusion-text-62 fusion-text-no-margin\" style=\"--awb-content-alignment:left;--awb-font-size:14px;--awb-text-transform:uppercase;--awb-text-color:var(--awb-color7);\"><p><a href=\"https:\/\/eramine.eramet.com\/es\/nature\/noticias\/\" title=\"Noticias\">Noticias<\/a><\/p>\n<\/div><div class=\"fusion-title title fusion-title-16 fusion-sep-none fusion-title-text fusion-title-size-two\" style=\"--awb-text-color:var(--awb-color1);--awb-margin-bottom:0px;--awb-margin-left:0px;--awb-margin-right-small:0px;--awb-margin-left-small:0px;--awb-link-color:var(--awb-color1);--awb-font-size:16px;\"><h2 class=\"fusion-title-heading title-heading-left\" style=\"margin:0;font-size:1em;\"><a href=\"https:\/\/eramine.eramet.com\/es\/media-es\/en-la-semana-de-la-lactancia-materna-fuimos-reconocidos-por-el-gobierno-de-salta\/\" class=\"awb-custom-text-color awb-custom-text-hover-color\" target=\"_self\"><h2>\u00a0<\/h2><\/a><\/h2><\/div><div class=\"fusion-content-tb fusion-content-tb-16 fusion-text-no-margin\" style=\"--awb-margin-bottom:0px;--awb-margin-top:10px;\"><p>Durante el acto realizado en el Centro de Convenciones de Casa de Gobierno, recibimos la placa que nos certifica como \u201cEspacio Amigo de la Lactancia Materna\u201d, sum\u00e1ndonos a otras 14 instituciones p\u00fablicas y privadas de la provincia que promueven espacios adecuados para que las madres trabajadoras puedan sostener esta pr\u00e1ctica fundamental. Esta semana especial, declarada [...]<\/p><\/div><div class=\"fusion-text fusion-text-63 fusion-text-no-margin\" style=\"--awb-content-alignment:left;--awb-font-size:14px;--awb-text-color:var(--awb-color7);--awb-margin-top:10px;\"><p>8 agosto 2025<\/p>\n<\/div><div class=\"fusion-text fusion-text-64 fusion-text-no-margin\" style=\"--awb-content-alignment:left;--awb-font-size:16px;--awb-text-color:var(--awb-color7);--awb-margin-top:10px;--awb-margin-bottom:10px;\"><p>#<a href=\"https:\/\/eramine.eramet.com\/es\/tag\/compromisos\/\" title=\"Compromisos\">Compromisos<\/a> #<a href=\"https:\/\/eramine.eramet.com\/es\/tag\/comunidades\/\" title=\"Comunidades\">Comunidades<\/a> #<a href=\"https:\/\/eramine.eramet.com\/es\/tag\/diversidad-y-inclusion\/\" title=\"Diversidad y inclusi\u00f3n\">Diversidad y inclusi\u00f3n<\/a> #<a href=\"https:\/\/eramine.eramet.com\/es\/tag\/salud\/\" title=\"Salud\">Salud<\/a><\/p>\n<\/div><div class=\"fusion-alignleft\"><a class=\"fusion-button button-flat fusion-button-default-size button-custom fusion-button-default button-16 fusion-button-default-span fusion-button-default-type CTA-eramet CTA-right fusion-has-button-gradient\" style=\"--button_accent_color:var(--awb-color7);--button_accent_hover_color:var(--awb-color7);--button_border_hover_color:var(--awb-color7);--button_border_width-top:2px;--button_border_width-right:2px;--button_border_width-bottom:2px;--button_border_width-left:2px;--button_gradient_angle:180deg;--button_gradient_top_color:var(--awb-custom_color_7);--button_gradient_bottom_color:var(--awb-custom_color_7);--button_gradient_top_color_hover:var(--awb-color7);--button_gradient_bottom_color_hover:var(--awb-custom_color_3);--button_font_size:16px;--button_margin-top:0px;\" target=\"_self\" title=\"En la Semana de la Lactancia Materna, fuimos reconocidos por el Gobierno de Salta\" aria-label=\"En la Semana de la Lactancia Materna, fuimos reconocidos por el Gobierno de Salta\" href=\"https:\/\/eramine.eramet.com\/es\/media-es\/en-la-semana-de-la-lactancia-materna-fuimos-reconocidos-por-el-gobierno-de-salta\/\"><span class=\"fusion-button-text\"><\/span><\/a><\/div><\/div><\/div><\/div><\/div><div class=\"fusion-separator fusion-full-width-sep fusion-absolute-separator fusion-align-center fusion-single-px\" style=\"width:100%;max-width:100%;\"><div class=\"fusion-separator-border sep-single sep-solid\" style=\"--awb-height:20px;--awb-amount:20px;--awb-sep-color:var(--awb-color1);border-color:var(--awb-color1);border-top-width:1px;\"><\/div><\/div><\/li>\n<li class=\"fusion-layout-column fusion_builder_column fusion-builder-column-17 fusion-flex-column post-card fusion-grid-column fusion-post-cards-grid-column media-es noticias compromisos comunidades sustentabilidad\" style=\"--awb-bg-size:cover;\"><div class=\"fusion-column-wrapper fusion-flex-justify-content-flex-start fusion-content-layout-column\"><div class=\"fusion-builder-row fusion-builder-row-inner fusion-row fusion-flex-align-items-flex-start fusion-flex-content-wrap\" style=\"width:102% !important;max-width:102% !important;margin-left: calc(-2% \/ 2 );margin-right: calc(-2% \/ 2 );\"><div class=\"fusion-layout-column fusion_builder_column_inner fusion-builder-nested-column-32 fusion_builder_column_inner_1_5 1_5 fusion-flex-column fusion-column-inner-bg-wrapper\" style=\"--awb-overflow:hidden;--awb-inner-bg-color:var(--awb-color1);--awb-inner-bg-color-hover:var(--awb-color1);--awb-inner-bg-position:center center;--awb-inner-bg-size:70%;--awb-border-radius:10px 10px 10px 10px;--awb-inner-bg-border-radius:10px 10px 10px 10px;--awb-inner-bg-overflow:hidden;--awb-width-large:20%;--awb-margin-top-large:0px;--awb-spacing-right-large:4.9%;--awb-margin-bottom-large:0px;--awb-spacing-left-large:4.9%;--awb-width-medium:20%;--awb-order-medium:0;--awb-spacing-right-medium:4.9%;--awb-spacing-left-medium:4.9%;--awb-width-small:100%;--awb-order-small:0;--awb-spacing-right-small:0.98%;--awb-spacing-left-small:0.98%;\"><span class=\"fusion-column-inner-bg hover-type-none\"><a class=\"fusion-column-anchor\" href=\"https:\/\/eramine.eramet.com\/es\/media-es\/eramine-abrio-sus-puertas-a-jovenes-saltenos-para-acercarlos-al-mundo-laboral\/\" aria-label=\"Eramine abri\u00f3 sus puertas a j\u00f3venes salte\u00f1os para acercarlos al mundo laboral\"><span class=\"fusion-column-inner-bg-image lazyload\" data-bg=\"https:\/\/eramine.eramet.com\/wp-content\/uploads\/sites\/23\/2024\/12\/Eramet-Eramine-logo-w-300x158.png\"><\/span><\/a><\/span><div class=\"fusion-column-wrapper fusion-column-has-shadow fusion-flex-justify-content-flex-start fusion-content-layout-column fusion-column-has-bg-image\" data-bg-url=\"https:\/\/eramine.eramet.com\/wp-content\/uploads\/sites\/23\/2024\/12\/Eramet-Eramine-logo-w-300x158.png\"><div class=\"fusion-classic-product-image-wrapper fusion-woo-product-image fusion-post-card-image fusion-post-card-image-1\" data-layout=\"static\"><div  class=\"fusion-image-wrapper\" aria-haspopup=\"true\">\n\t\t\t\t<img decoding=\"async\" width=\"1920\" height=\"1080\" src=\"https:\/\/eramine.eramet.com\/wp-content\/uploads\/sites\/23\/2026\/01\/2025-07-14-Eramine-Eramine-Empowers-Young-Minds-in-Salta-Through-Immersive-Work-Experiences.jpg\" class=\"attachment-full size-full lazyload wp-post-image\" alt=\"\" srcset=\"data:image\/svg+xml,%3Csvg%20xmlns%3D%27http%3A%2F%2Fwww.w3.org%2F2000%2Fsvg%27%20width%3D%271920%27%20height%3D%271080%27%20viewBox%3D%270%200%201920%201080%27%3E%3Crect%20width%3D%271920%27%20height%3D%271080%27%20fill-opacity%3D%220%22%2F%3E%3C%2Fsvg%3E\" data-orig-src=\"https:\/\/eramine.eramet.com\/wp-content\/uploads\/sites\/23\/2026\/01\/2025-07-14-Eramine-Eramine-Empowers-Young-Minds-in-Salta-Through-Immersive-Work-Experiences.jpg\" data-srcset=\"https:\/\/eramine.eramet.com\/wp-content\/uploads\/sites\/23\/2026\/01\/2025-07-14-Eramine-Eramine-Empowers-Young-Minds-in-Salta-Through-Immersive-Work-Experiences-200x113.jpg 200w, https:\/\/eramine.eramet.com\/wp-content\/uploads\/sites\/23\/2026\/01\/2025-07-14-Eramine-Eramine-Empowers-Young-Minds-in-Salta-Through-Immersive-Work-Experiences-400x225.jpg 400w, https:\/\/eramine.eramet.com\/wp-content\/uploads\/sites\/23\/2026\/01\/2025-07-14-Eramine-Eramine-Empowers-Young-Minds-in-Salta-Through-Immersive-Work-Experiences-600x338.jpg 600w, https:\/\/eramine.eramet.com\/wp-content\/uploads\/sites\/23\/2026\/01\/2025-07-14-Eramine-Eramine-Empowers-Young-Minds-in-Salta-Through-Immersive-Work-Experiences-800x450.jpg 800w, https:\/\/eramine.eramet.com\/wp-content\/uploads\/sites\/23\/2026\/01\/2025-07-14-Eramine-Eramine-Empowers-Young-Minds-in-Salta-Through-Immersive-Work-Experiences-1200x675.jpg 1200w, https:\/\/eramine.eramet.com\/wp-content\/uploads\/sites\/23\/2026\/01\/2025-07-14-Eramine-Eramine-Empowers-Young-Minds-in-Salta-Through-Immersive-Work-Experiences.jpg 1920w\" data-sizes=\"auto\" \/><\/div>\n<\/div><\/div><\/div><div class=\"fusion-layout-column fusion_builder_column_inner fusion-builder-nested-column-33 fusion_builder_column_inner_4_5 4_5 fusion-flex-column\" style=\"--awb-bg-size:cover;--awb-width-large:80%;--awb-margin-top-large:0px;--awb-spacing-right-large:1.225%;--awb-margin-bottom-large:0px;--awb-spacing-left-large:1.225%;--awb-width-medium:80%;--awb-order-medium:0;--awb-spacing-right-medium:1.225%;--awb-spacing-left-medium:1.225%;--awb-width-small:100%;--awb-order-small:0;--awb-spacing-right-small:0.98%;--awb-spacing-left-small:0.98%;\"><div class=\"fusion-column-wrapper fusion-column-has-shadow fusion-flex-justify-content-flex-start fusion-content-layout-block\"><div class=\"fusion-text fusion-text-65 fusion-text-no-margin\" style=\"--awb-content-alignment:left;--awb-font-size:14px;--awb-text-transform:uppercase;--awb-text-color:var(--awb-color7);\"><p><strong><a href=\"https:\/\/eramine.eramet.com\/es\/category\/media-es\/\" title=\"Media\">Media<\/a><\/strong><\/p>\n<\/div><div class=\"fusion-text fusion-text-66 fusion-text-no-margin\" style=\"--awb-content-alignment:left;--awb-font-size:14px;--awb-text-transform:uppercase;--awb-text-color:var(--awb-color7);\"><p><a href=\"https:\/\/eramine.eramet.com\/es\/nature\/noticias\/\" title=\"Noticias\">Noticias<\/a><\/p>\n<\/div><div class=\"fusion-title title fusion-title-17 fusion-sep-none fusion-title-text fusion-title-size-two\" style=\"--awb-text-color:var(--awb-color1);--awb-margin-bottom:0px;--awb-margin-left:0px;--awb-margin-right-small:0px;--awb-margin-left-small:0px;--awb-link-color:var(--awb-color1);--awb-font-size:16px;\"><h2 class=\"fusion-title-heading title-heading-left\" style=\"margin:0;font-size:1em;\"><a href=\"https:\/\/eramine.eramet.com\/es\/media-es\/eramine-abrio-sus-puertas-a-jovenes-saltenos-para-acercarlos-al-mundo-laboral\/\" class=\"awb-custom-text-color awb-custom-text-hover-color\" target=\"_self\"><h2>\u00a0<\/h2><\/a><\/h2><\/div><div class=\"fusion-content-tb fusion-content-tb-17 fusion-text-no-margin\" style=\"--awb-margin-bottom:0px;--awb-margin-top:10px;\"><p>Con el compromiso de promover una educaci\u00f3n de calidad y acompa\u00f1ar el desarrollo del talento local, Eramine recibi\u00f3 a 10 estudiantes de nivel secundario como parte del programa SOCIOS, una iniciativa de Junior Achievement que busca inspirar y preparar a los j\u00f3venes para su futuro acad\u00e9mico y profesional. Durante una jornada muy especial, 13 integrantes [...]<\/p><\/div><div class=\"fusion-text fusion-text-67 fusion-text-no-margin\" style=\"--awb-content-alignment:left;--awb-font-size:14px;--awb-text-color:var(--awb-color7);--awb-margin-top:10px;\"><p>14 julio 2025<\/p>\n<\/div><div class=\"fusion-text fusion-text-68 fusion-text-no-margin\" style=\"--awb-content-alignment:left;--awb-font-size:16px;--awb-text-color:var(--awb-color7);--awb-margin-top:10px;--awb-margin-bottom:10px;\"><p>#<a href=\"https:\/\/eramine.eramet.com\/es\/tag\/compromisos\/\" title=\"Compromisos\">Compromisos<\/a> #<a href=\"https:\/\/eramine.eramet.com\/es\/tag\/comunidades\/\" title=\"Comunidades\">Comunidades<\/a> #<a href=\"https:\/\/eramine.eramet.com\/es\/tag\/sustentabilidad\/\" title=\"Sustentabilidad\">Sustentabilidad<\/a><\/p>\n<\/div><div class=\"fusion-alignleft\"><a class=\"fusion-button button-flat fusion-button-default-size button-custom fusion-button-default button-17 fusion-button-default-span fusion-button-default-type CTA-eramet CTA-right fusion-has-button-gradient\" style=\"--button_accent_color:var(--awb-color7);--button_accent_hover_color:var(--awb-color7);--button_border_hover_color:var(--awb-color7);--button_border_width-top:2px;--button_border_width-right:2px;--button_border_width-bottom:2px;--button_border_width-left:2px;--button_gradient_angle:180deg;--button_gradient_top_color:var(--awb-custom_color_7);--button_gradient_bottom_color:var(--awb-custom_color_7);--button_gradient_top_color_hover:var(--awb-color7);--button_gradient_bottom_color_hover:var(--awb-custom_color_3);--button_font_size:16px;--button_margin-top:0px;\" target=\"_self\" title=\"Eramine abri\u00f3 sus puertas a j\u00f3venes salte\u00f1os para acercarlos al mundo laboral\" aria-label=\"Eramine abri\u00f3 sus puertas a j\u00f3venes salte\u00f1os para acercarlos al mundo laboral\" href=\"https:\/\/eramine.eramet.com\/es\/media-es\/eramine-abrio-sus-puertas-a-jovenes-saltenos-para-acercarlos-al-mundo-laboral\/\"><span class=\"fusion-button-text\"><\/span><\/a><\/div><\/div><\/div><\/div><\/div><div class=\"fusion-separator fusion-full-width-sep fusion-absolute-separator fusion-align-center fusion-single-px\" style=\"width:100%;max-width:100%;\"><div class=\"fusion-separator-border sep-single sep-solid\" style=\"--awb-height:20px;--awb-amount:20px;--awb-sep-color:var(--awb-color1);border-color:var(--awb-color1);border-top-width:1px;\"><\/div><\/div><\/li>\n<li class=\"fusion-layout-column fusion_builder_column fusion-builder-column-18 fusion-flex-column post-card fusion-grid-column fusion-post-cards-grid-column media-es noticias eramet-es eramine-es\" style=\"--awb-bg-size:cover;\"><div class=\"fusion-column-wrapper fusion-flex-justify-content-flex-start fusion-content-layout-column\"><div class=\"fusion-builder-row fusion-builder-row-inner fusion-row fusion-flex-align-items-flex-start fusion-flex-content-wrap\" style=\"width:102% !important;max-width:102% !important;margin-left: calc(-2% \/ 2 );margin-right: calc(-2% \/ 2 );\"><div class=\"fusion-layout-column fusion_builder_column_inner fusion-builder-nested-column-34 fusion_builder_column_inner_1_5 1_5 fusion-flex-column fusion-column-inner-bg-wrapper\" style=\"--awb-overflow:hidden;--awb-inner-bg-color:var(--awb-color1);--awb-inner-bg-color-hover:var(--awb-color1);--awb-inner-bg-position:center center;--awb-inner-bg-size:70%;--awb-border-radius:10px 10px 10px 10px;--awb-inner-bg-border-radius:10px 10px 10px 10px;--awb-inner-bg-overflow:hidden;--awb-width-large:20%;--awb-margin-top-large:0px;--awb-spacing-right-large:4.9%;--awb-margin-bottom-large:0px;--awb-spacing-left-large:4.9%;--awb-width-medium:20%;--awb-order-medium:0;--awb-spacing-right-medium:4.9%;--awb-spacing-left-medium:4.9%;--awb-width-small:100%;--awb-order-small:0;--awb-spacing-right-small:0.98%;--awb-spacing-left-small:0.98%;\"><span class=\"fusion-column-inner-bg hover-type-none\"><a class=\"fusion-column-anchor\" href=\"https:\/\/eramine.eramet.com\/es\/media-es\/directivos-de-eramine-se-reunieron-con-el-gobernador-de-salta-y-presentaron-al-proximo-ceo-global-del-grupo-eramet\/\" aria-label=\"Directivos de Eramine se reunieron con el Gobernador de Salta y presentaron al pr\u00f3ximo CEO global del Grupo Eramet\"><span class=\"fusion-column-inner-bg-image lazyload\" data-bg=\"https:\/\/eramine.eramet.com\/wp-content\/uploads\/sites\/23\/2024\/12\/Eramet-Eramine-logo-w-300x158.png\"><\/span><\/a><\/span><div class=\"fusion-column-wrapper fusion-column-has-shadow fusion-flex-justify-content-flex-start fusion-content-layout-column fusion-column-has-bg-image\" data-bg-url=\"https:\/\/eramine.eramet.com\/wp-content\/uploads\/sites\/23\/2024\/12\/Eramet-Eramine-logo-w-300x158.png\"><div class=\"fusion-classic-product-image-wrapper fusion-woo-product-image fusion-post-card-image fusion-post-card-image-1\" data-layout=\"static\"><div  class=\"fusion-image-wrapper\" aria-haspopup=\"true\">\n\t\t\t\t<img decoding=\"async\" width=\"1066\" height=\"600\" src=\"https:\/\/eramine.eramet.com\/wp-content\/uploads\/sites\/23\/2025\/11\/2025-05-26-Eramine-Governor-of-Salta-CEO-Eramet.jpeg\" class=\"attachment-full size-full lazyload wp-post-image\" alt=\"\" srcset=\"data:image\/svg+xml,%3Csvg%20xmlns%3D%27http%3A%2F%2Fwww.w3.org%2F2000%2Fsvg%27%20width%3D%271066%27%20height%3D%27600%27%20viewBox%3D%270%200%201066%20600%27%3E%3Crect%20width%3D%271066%27%20height%3D%27600%27%20fill-opacity%3D%220%22%2F%3E%3C%2Fsvg%3E\" data-orig-src=\"https:\/\/eramine.eramet.com\/wp-content\/uploads\/sites\/23\/2025\/11\/2025-05-26-Eramine-Governor-of-Salta-CEO-Eramet.jpeg\" data-srcset=\"https:\/\/eramine.eramet.com\/wp-content\/uploads\/sites\/23\/2025\/11\/2025-05-26-Eramine-Governor-of-Salta-CEO-Eramet-200x113.jpeg 200w, https:\/\/eramine.eramet.com\/wp-content\/uploads\/sites\/23\/2025\/11\/2025-05-26-Eramine-Governor-of-Salta-CEO-Eramet-400x225.jpeg 400w, https:\/\/eramine.eramet.com\/wp-content\/uploads\/sites\/23\/2025\/11\/2025-05-26-Eramine-Governor-of-Salta-CEO-Eramet-600x338.jpeg 600w, https:\/\/eramine.eramet.com\/wp-content\/uploads\/sites\/23\/2025\/11\/2025-05-26-Eramine-Governor-of-Salta-CEO-Eramet-800x450.jpeg 800w, https:\/\/eramine.eramet.com\/wp-content\/uploads\/sites\/23\/2025\/11\/2025-05-26-Eramine-Governor-of-Salta-CEO-Eramet.jpeg 1066w\" data-sizes=\"auto\" \/><\/div>\n<\/div><\/div><\/div><div class=\"fusion-layout-column fusion_builder_column_inner fusion-builder-nested-column-35 fusion_builder_column_inner_4_5 4_5 fusion-flex-column\" style=\"--awb-bg-size:cover;--awb-width-large:80%;--awb-margin-top-large:0px;--awb-spacing-right-large:1.225%;--awb-margin-bottom-large:0px;--awb-spacing-left-large:1.225%;--awb-width-medium:80%;--awb-order-medium:0;--awb-spacing-right-medium:1.225%;--awb-spacing-left-medium:1.225%;--awb-width-small:100%;--awb-order-small:0;--awb-spacing-right-small:0.98%;--awb-spacing-left-small:0.98%;\"><div class=\"fusion-column-wrapper fusion-column-has-shadow fusion-flex-justify-content-flex-start fusion-content-layout-block\"><div class=\"fusion-text fusion-text-69 fusion-text-no-margin\" style=\"--awb-content-alignment:left;--awb-font-size:14px;--awb-text-transform:uppercase;--awb-text-color:var(--awb-color7);\"><p><strong><a href=\"https:\/\/eramine.eramet.com\/es\/category\/media-es\/\" title=\"Media\">Media<\/a><\/strong><\/p>\n<\/div><div class=\"fusion-text fusion-text-70 fusion-text-no-margin\" style=\"--awb-content-alignment:left;--awb-font-size:14px;--awb-text-transform:uppercase;--awb-text-color:var(--awb-color7);\"><p><a href=\"https:\/\/eramine.eramet.com\/es\/nature\/noticias\/\" title=\"Noticias\">Noticias<\/a><\/p>\n<\/div><div class=\"fusion-title title fusion-title-18 fusion-sep-none fusion-title-text fusion-title-size-two\" style=\"--awb-text-color:var(--awb-color1);--awb-margin-bottom:0px;--awb-margin-left:0px;--awb-margin-right-small:0px;--awb-margin-left-small:0px;--awb-link-color:var(--awb-color1);--awb-font-size:16px;\"><h2 class=\"fusion-title-heading title-heading-left\" style=\"margin:0;font-size:1em;\"><a href=\"https:\/\/eramine.eramet.com\/es\/media-es\/directivos-de-eramine-se-reunieron-con-el-gobernador-de-salta-y-presentaron-al-proximo-ceo-global-del-grupo-eramet\/\" class=\"awb-custom-text-color awb-custom-text-hover-color\" target=\"_self\"><h2>\u00a0<\/h2><\/a><\/h2><\/div><div class=\"fusion-content-tb fusion-content-tb-18 fusion-text-no-margin\" style=\"--awb-margin-bottom:0px;--awb-margin-top:10px;\"><p> Salta, mayo de 2025 \u2013 En el marco de la agenda institucional que Eramine mantiene con autoridades provinciales, el pr\u00f3ximo CEO del Grupo Eramet, Paulo Castellari, junto directivos de la compa\u00f1\u00eda, se reunieron con el gobernador de Salta, Gustavo S\u00e1enz, para dialogar sobre los avances del proyecto Centenario-Ratones y las perspectivas de crecimiento en [...]<\/p><\/div><div class=\"fusion-text fusion-text-71 fusion-text-no-margin\" style=\"--awb-content-alignment:left;--awb-font-size:14px;--awb-text-color:var(--awb-color7);--awb-margin-top:10px;\"><p>26 mayo 2025<\/p>\n<\/div><div class=\"fusion-text fusion-text-72 fusion-text-no-margin\" style=\"--awb-content-alignment:left;--awb-font-size:16px;--awb-text-color:var(--awb-color7);--awb-margin-top:10px;--awb-margin-bottom:10px;\"><p>#<a href=\"https:\/\/eramine.eramet.com\/es\/tag\/eramet-es\/\" title=\"Eramet\">Eramet<\/a> #<a href=\"https:\/\/eramine.eramet.com\/es\/tag\/eramine-es\/\" title=\"Eramine\">Eramine<\/a><\/p>\n<\/div><div class=\"fusion-alignleft\"><a class=\"fusion-button button-flat fusion-button-default-size button-custom fusion-button-default button-18 fusion-button-default-span fusion-button-default-type CTA-eramet CTA-right fusion-has-button-gradient\" style=\"--button_accent_color:var(--awb-color7);--button_accent_hover_color:var(--awb-color7);--button_border_hover_color:var(--awb-color7);--button_border_width-top:2px;--button_border_width-right:2px;--button_border_width-bottom:2px;--button_border_width-left:2px;--button_gradient_angle:180deg;--button_gradient_top_color:var(--awb-custom_color_7);--button_gradient_bottom_color:var(--awb-custom_color_7);--button_gradient_top_color_hover:var(--awb-color7);--button_gradient_bottom_color_hover:var(--awb-custom_color_3);--button_font_size:16px;--button_margin-top:0px;\" target=\"_self\" title=\"Directivos de Eramine se reunieron con el Gobernador de Salta y presentaron al pr\u00f3ximo CEO global del Grupo Eramet\" aria-label=\"Directivos de Eramine se reunieron con el Gobernador de Salta y presentaron al pr\u00f3ximo CEO global del Grupo Eramet\" href=\"https:\/\/eramine.eramet.com\/es\/media-es\/directivos-de-eramine-se-reunieron-con-el-gobernador-de-salta-y-presentaron-al-proximo-ceo-global-del-grupo-eramet\/\"><span class=\"fusion-button-text\"><\/span><\/a><\/div><\/div><\/div><\/div><\/div><div class=\"fusion-separator fusion-full-width-sep fusion-absolute-separator fusion-align-center fusion-single-px\" style=\"width:100%;max-width:100%;\"><div class=\"fusion-separator-border sep-single sep-solid\" style=\"--awb-height:20px;--awb-amount:20px;--awb-sep-color:var(--awb-color1);border-color:var(--awb-color1);border-top-width:1px;\"><\/div><\/div><\/li>\n<li class=\"fusion-layout-column fusion_builder_column fusion-builder-column-19 fusion-flex-column post-card fusion-grid-column fusion-post-cards-grid-column media-es noticias mina sustentabilidad\" style=\"--awb-bg-size:cover;\"><div class=\"fusion-column-wrapper fusion-flex-justify-content-flex-start fusion-content-layout-column\"><div class=\"fusion-builder-row fusion-builder-row-inner fusion-row fusion-flex-align-items-flex-start fusion-flex-content-wrap\" style=\"width:102% !important;max-width:102% !important;margin-left: calc(-2% \/ 2 );margin-right: calc(-2% \/ 2 );\"><div class=\"fusion-layout-column fusion_builder_column_inner fusion-builder-nested-column-36 fusion_builder_column_inner_1_5 1_5 fusion-flex-column fusion-column-inner-bg-wrapper\" style=\"--awb-overflow:hidden;--awb-inner-bg-color:var(--awb-color1);--awb-inner-bg-color-hover:var(--awb-color1);--awb-inner-bg-position:center center;--awb-inner-bg-size:70%;--awb-border-radius:10px 10px 10px 10px;--awb-inner-bg-border-radius:10px 10px 10px 10px;--awb-inner-bg-overflow:hidden;--awb-width-large:20%;--awb-margin-top-large:0px;--awb-spacing-right-large:4.9%;--awb-margin-bottom-large:0px;--awb-spacing-left-large:4.9%;--awb-width-medium:20%;--awb-order-medium:0;--awb-spacing-right-medium:4.9%;--awb-spacing-left-medium:4.9%;--awb-width-small:100%;--awb-order-small:0;--awb-spacing-right-small:0.98%;--awb-spacing-left-small:0.98%;\"><span class=\"fusion-column-inner-bg hover-type-none\"><a class=\"fusion-column-anchor\" href=\"https:\/\/eramine.eramet.com\/es\/media-es\/protagonistas-en-espacios-claves-sustainable-mining-2025-y-arminera\/\" aria-label=\"Protagonistas en espacios claves: Sustainable Mining 2025 y Arminera\"><span class=\"fusion-column-inner-bg-image lazyload\" data-bg=\"https:\/\/eramine.eramet.com\/wp-content\/uploads\/sites\/23\/2024\/12\/Eramet-Eramine-logo-w-300x158.png\"><\/span><\/a><\/span><div class=\"fusion-column-wrapper fusion-column-has-shadow fusion-flex-justify-content-flex-start fusion-content-layout-column fusion-column-has-bg-image\" data-bg-url=\"https:\/\/eramine.eramet.com\/wp-content\/uploads\/sites\/23\/2024\/12\/Eramet-Eramine-logo-w-300x158.png\"><div class=\"fusion-classic-product-image-wrapper fusion-woo-product-image fusion-post-card-image fusion-post-card-image-1\" data-layout=\"static\"><div  class=\"fusion-image-wrapper\" aria-haspopup=\"true\">\n\t\t\t\t<img decoding=\"async\" width=\"1920\" height=\"1080\" src=\"https:\/\/eramine.eramet.com\/wp-content\/uploads\/sites\/23\/2025\/11\/2025-05-23-Eramine-Sustainable-mining-2025.jpg\" class=\"attachment-full size-full lazyload wp-post-image\" alt=\"\" srcset=\"data:image\/svg+xml,%3Csvg%20xmlns%3D%27http%3A%2F%2Fwww.w3.org%2F2000%2Fsvg%27%20width%3D%271920%27%20height%3D%271080%27%20viewBox%3D%270%200%201920%201080%27%3E%3Crect%20width%3D%271920%27%20height%3D%271080%27%20fill-opacity%3D%220%22%2F%3E%3C%2Fsvg%3E\" data-orig-src=\"https:\/\/eramine.eramet.com\/wp-content\/uploads\/sites\/23\/2025\/11\/2025-05-23-Eramine-Sustainable-mining-2025.jpg\" data-srcset=\"https:\/\/eramine.eramet.com\/wp-content\/uploads\/sites\/23\/2025\/11\/2025-05-23-Eramine-Sustainable-mining-2025-200x113.jpg 200w, https:\/\/eramine.eramet.com\/wp-content\/uploads\/sites\/23\/2025\/11\/2025-05-23-Eramine-Sustainable-mining-2025-400x225.jpg 400w, https:\/\/eramine.eramet.com\/wp-content\/uploads\/sites\/23\/2025\/11\/2025-05-23-Eramine-Sustainable-mining-2025-600x338.jpg 600w, https:\/\/eramine.eramet.com\/wp-content\/uploads\/sites\/23\/2025\/11\/2025-05-23-Eramine-Sustainable-mining-2025-800x450.jpg 800w, https:\/\/eramine.eramet.com\/wp-content\/uploads\/sites\/23\/2025\/11\/2025-05-23-Eramine-Sustainable-mining-2025-1200x675.jpg 1200w, https:\/\/eramine.eramet.com\/wp-content\/uploads\/sites\/23\/2025\/11\/2025-05-23-Eramine-Sustainable-mining-2025.jpg 1920w\" data-sizes=\"auto\" \/><\/div>\n<\/div><\/div><\/div><div class=\"fusion-layout-column fusion_builder_column_inner fusion-builder-nested-column-37 fusion_builder_column_inner_4_5 4_5 fusion-flex-column\" style=\"--awb-bg-size:cover;--awb-width-large:80%;--awb-margin-top-large:0px;--awb-spacing-right-large:1.225%;--awb-margin-bottom-large:0px;--awb-spacing-left-large:1.225%;--awb-width-medium:80%;--awb-order-medium:0;--awb-spacing-right-medium:1.225%;--awb-spacing-left-medium:1.225%;--awb-width-small:100%;--awb-order-small:0;--awb-spacing-right-small:0.98%;--awb-spacing-left-small:0.98%;\"><div class=\"fusion-column-wrapper fusion-column-has-shadow fusion-flex-justify-content-flex-start fusion-content-layout-block\"><div class=\"fusion-text fusion-text-73 fusion-text-no-margin\" style=\"--awb-content-alignment:left;--awb-font-size:14px;--awb-text-transform:uppercase;--awb-text-color:var(--awb-color7);\"><p><strong><a href=\"https:\/\/eramine.eramet.com\/es\/category\/media-es\/\" title=\"Media\">Media<\/a><\/strong><\/p>\n<\/div><div class=\"fusion-text fusion-text-74 fusion-text-no-margin\" style=\"--awb-content-alignment:left;--awb-font-size:14px;--awb-text-transform:uppercase;--awb-text-color:var(--awb-color7);\"><p><a href=\"https:\/\/eramine.eramet.com\/es\/nature\/noticias\/\" title=\"Noticias\">Noticias<\/a><\/p>\n<\/div><div class=\"fusion-title title fusion-title-19 fusion-sep-none fusion-title-text fusion-title-size-two\" style=\"--awb-text-color:var(--awb-color1);--awb-margin-bottom:0px;--awb-margin-left:0px;--awb-margin-right-small:0px;--awb-margin-left-small:0px;--awb-link-color:var(--awb-color1);--awb-font-size:16px;\"><h2 class=\"fusion-title-heading title-heading-left\" style=\"margin:0;font-size:1em;\"><a href=\"https:\/\/eramine.eramet.com\/es\/media-es\/protagonistas-en-espacios-claves-sustainable-mining-2025-y-arminera\/\" class=\"awb-custom-text-color awb-custom-text-hover-color\" target=\"_self\"><h2>\u00a0<\/h2><\/a><\/h2><\/div><div class=\"fusion-content-tb fusion-content-tb-19 fusion-text-no-margin\" style=\"--awb-margin-bottom:0px;--awb-margin-top:10px;\"><p>Durante mayo tuvimos la oportunidad de participar en dos encuentros clave para la industria minera: Sustainable Mining 2025, en Santiago de Chile, y Arminera, en Buenos Aires. Ambos espacios reunieron a referentes, profesionales y acad\u00e9micos de todo el mundo para reflexionar sobre el presente y el futuro de una miner\u00eda responsable, con foco en el [...]<\/p><\/div><div class=\"fusion-text fusion-text-75 fusion-text-no-margin\" style=\"--awb-content-alignment:left;--awb-font-size:14px;--awb-text-color:var(--awb-color7);--awb-margin-top:10px;\"><p>23 mayo 2025<\/p>\n<\/div><div class=\"fusion-text fusion-text-76 fusion-text-no-margin\" style=\"--awb-content-alignment:left;--awb-font-size:16px;--awb-text-color:var(--awb-color7);--awb-margin-top:10px;--awb-margin-bottom:10px;\"><p>#<a href=\"https:\/\/eramine.eramet.com\/es\/tag\/mina\/\" title=\"Mina\">Mina<\/a> #<a href=\"https:\/\/eramine.eramet.com\/es\/tag\/sustentabilidad\/\" title=\"Sustentabilidad\">Sustentabilidad<\/a><\/p>\n<\/div><div class=\"fusion-alignleft\"><a class=\"fusion-button button-flat fusion-button-default-size button-custom fusion-button-default button-19 fusion-button-default-span fusion-button-default-type CTA-eramet CTA-right fusion-has-button-gradient\" style=\"--button_accent_color:var(--awb-color7);--button_accent_hover_color:var(--awb-color7);--button_border_hover_color:var(--awb-color7);--button_border_width-top:2px;--button_border_width-right:2px;--button_border_width-bottom:2px;--button_border_width-left:2px;--button_gradient_angle:180deg;--button_gradient_top_color:var(--awb-custom_color_7);--button_gradient_bottom_color:var(--awb-custom_color_7);--button_gradient_top_color_hover:var(--awb-color7);--button_gradient_bottom_color_hover:var(--awb-custom_color_3);--button_font_size:16px;--button_margin-top:0px;\" target=\"_self\" title=\"Protagonistas en espacios claves: Sustainable Mining 2025 y Arminera\" aria-label=\"Protagonistas en espacios claves: Sustainable Mining 2025 y Arminera\" href=\"https:\/\/eramine.eramet.com\/es\/media-es\/protagonistas-en-espacios-claves-sustainable-mining-2025-y-arminera\/\"><span class=\"fusion-button-text\"><\/span><\/a><\/div><\/div><\/div><\/div><\/div><div class=\"fusion-separator fusion-full-width-sep fusion-absolute-separator fusion-align-center fusion-single-px\" style=\"width:100%;max-width:100%;\"><div class=\"fusion-separator-border sep-single sep-solid\" style=\"--awb-height:20px;--awb-amount:20px;--awb-sep-color:var(--awb-color1);border-color:var(--awb-color1);border-top-width:1px;\"><\/div><\/div><\/li>\n<li class=\"fusion-layout-column fusion_builder_column fusion-builder-column-20 fusion-flex-column post-card fusion-grid-column fusion-post-cards-grid-column media-es noticias contribucion\" style=\"--awb-bg-size:cover;\"><div class=\"fusion-column-wrapper fusion-flex-justify-content-flex-start fusion-content-layout-column\"><div class=\"fusion-builder-row fusion-builder-row-inner fusion-row fusion-flex-align-items-flex-start fusion-flex-content-wrap\" style=\"width:102% !important;max-width:102% !important;margin-left: calc(-2% \/ 2 );margin-right: calc(-2% \/ 2 );\"><div class=\"fusion-layout-column fusion_builder_column_inner fusion-builder-nested-column-38 fusion_builder_column_inner_1_5 1_5 fusion-flex-column fusion-column-inner-bg-wrapper\" style=\"--awb-overflow:hidden;--awb-inner-bg-color:var(--awb-color1);--awb-inner-bg-color-hover:var(--awb-color1);--awb-inner-bg-position:center center;--awb-inner-bg-size:70%;--awb-border-radius:10px 10px 10px 10px;--awb-inner-bg-border-radius:10px 10px 10px 10px;--awb-inner-bg-overflow:hidden;--awb-width-large:20%;--awb-margin-top-large:0px;--awb-spacing-right-large:4.9%;--awb-margin-bottom-large:0px;--awb-spacing-left-large:4.9%;--awb-width-medium:20%;--awb-order-medium:0;--awb-spacing-right-medium:4.9%;--awb-spacing-left-medium:4.9%;--awb-width-small:100%;--awb-order-small:0;--awb-spacing-right-small:0.98%;--awb-spacing-left-small:0.98%;\"><span class=\"fusion-column-inner-bg hover-type-none\"><a class=\"fusion-column-anchor\" href=\"https:\/\/eramine.eramet.com\/es\/media-es\/te-presentamos-las-contribuciones-de-eramine-en-2024\/\" aria-label=\"Te presentamos las contribuciones de Eramine en 2024\"><span class=\"fusion-column-inner-bg-image lazyload\" data-bg=\"https:\/\/eramine.eramet.com\/wp-content\/uploads\/sites\/23\/2024\/12\/Eramet-Eramine-logo-w-300x158.png\"><\/span><\/a><\/span><div class=\"fusion-column-wrapper fusion-column-has-shadow fusion-flex-justify-content-flex-start fusion-content-layout-column fusion-column-has-bg-image\" data-bg-url=\"https:\/\/eramine.eramet.com\/wp-content\/uploads\/sites\/23\/2024\/12\/Eramet-Eramine-logo-w-300x158.png\"><div class=\"fusion-classic-product-image-wrapper fusion-woo-product-image fusion-post-card-image fusion-post-card-image-1\" data-layout=\"static\"><div  class=\"fusion-image-wrapper\" aria-haspopup=\"true\">\n\t\t\t\t<img decoding=\"async\" width=\"700\" height=\"394\" src=\"https:\/\/eramine.eramet.com\/wp-content\/uploads\/sites\/23\/2024\/12\/fallback-eramine.jpg\" class=\"attachment-full size-full lazyload wp-post-image\" alt=\"\" srcset=\"data:image\/svg+xml,%3Csvg%20xmlns%3D%27http%3A%2F%2Fwww.w3.org%2F2000%2Fsvg%27%20width%3D%27700%27%20height%3D%27394%27%20viewBox%3D%270%200%20700%20394%27%3E%3Crect%20width%3D%27700%27%20height%3D%27394%27%20fill-opacity%3D%220%22%2F%3E%3C%2Fsvg%3E\" data-orig-src=\"https:\/\/eramine.eramet.com\/wp-content\/uploads\/sites\/23\/2024\/12\/fallback-eramine.jpg\" data-srcset=\"https:\/\/eramine.eramet.com\/wp-content\/uploads\/sites\/23\/2024\/12\/fallback-eramine-200x113.jpg 200w, https:\/\/eramine.eramet.com\/wp-content\/uploads\/sites\/23\/2024\/12\/fallback-eramine-400x225.jpg 400w, https:\/\/eramine.eramet.com\/wp-content\/uploads\/sites\/23\/2024\/12\/fallback-eramine-600x338.jpg 600w, https:\/\/eramine.eramet.com\/wp-content\/uploads\/sites\/23\/2024\/12\/fallback-eramine.jpg 700w\" data-sizes=\"auto\" \/><\/div>\n<\/div><\/div><\/div><div class=\"fusion-layout-column fusion_builder_column_inner fusion-builder-nested-column-39 fusion_builder_column_inner_4_5 4_5 fusion-flex-column\" style=\"--awb-bg-size:cover;--awb-width-large:80%;--awb-margin-top-large:0px;--awb-spacing-right-large:1.225%;--awb-margin-bottom-large:0px;--awb-spacing-left-large:1.225%;--awb-width-medium:80%;--awb-order-medium:0;--awb-spacing-right-medium:1.225%;--awb-spacing-left-medium:1.225%;--awb-width-small:100%;--awb-order-small:0;--awb-spacing-right-small:0.98%;--awb-spacing-left-small:0.98%;\"><div class=\"fusion-column-wrapper fusion-column-has-shadow fusion-flex-justify-content-flex-start fusion-content-layout-block\"><div class=\"fusion-text fusion-text-77 fusion-text-no-margin\" style=\"--awb-content-alignment:left;--awb-font-size:14px;--awb-text-transform:uppercase;--awb-text-color:var(--awb-color7);\"><p><strong><a href=\"https:\/\/eramine.eramet.com\/es\/category\/media-es\/\" title=\"Media\">Media<\/a><\/strong><\/p>\n<\/div><div class=\"fusion-text fusion-text-78 fusion-text-no-margin\" style=\"--awb-content-alignment:left;--awb-font-size:14px;--awb-text-transform:uppercase;--awb-text-color:var(--awb-color7);\"><p><a href=\"https:\/\/eramine.eramet.com\/es\/nature\/noticias\/\" title=\"Noticias\">Noticias<\/a><\/p>\n<\/div><div class=\"fusion-title title fusion-title-20 fusion-sep-none fusion-title-text fusion-title-size-two\" style=\"--awb-text-color:var(--awb-color1);--awb-margin-bottom:0px;--awb-margin-left:0px;--awb-margin-right-small:0px;--awb-margin-left-small:0px;--awb-link-color:var(--awb-color1);--awb-font-size:16px;\"><h2 class=\"fusion-title-heading title-heading-left\" style=\"margin:0;font-size:1em;\"><a href=\"https:\/\/eramine.eramet.com\/es\/media-es\/te-presentamos-las-contribuciones-de-eramine-en-2024\/\" class=\"awb-custom-text-color awb-custom-text-hover-color\" target=\"_self\"><h2>\u00a0<\/h2><\/a><\/h2><\/div><div class=\"fusion-content-tb fusion-content-tb-20 fusion-text-no-margin\" style=\"--awb-margin-bottom:0px;--awb-margin-top:10px;\"><p> Eramine abon\u00f3 9,72 millones de d\u00f3lares en impuestos y destin\u00f3 29,7 millones de d\u00f3lares a la compensaci\u00f3n de empleados, contribuyendo as\u00ed a la creaci\u00f3n y sostenimiento de 3.169 empleos directos, el 99,1 % de los cuales son ocupados por personal local. Estos resultados demuestran el firme compromiso de la empresa con la econom\u00eda local [...]<\/p><\/div><div class=\"fusion-text fusion-text-79 fusion-text-no-margin\" style=\"--awb-content-alignment:left;--awb-font-size:14px;--awb-text-color:var(--awb-color7);--awb-margin-top:10px;\"><p>14 mayo 2025<\/p>\n<\/div><div class=\"fusion-text fusion-text-80 fusion-text-no-margin\" style=\"--awb-content-alignment:left;--awb-font-size:16px;--awb-text-color:var(--awb-color7);--awb-margin-top:10px;--awb-margin-bottom:10px;\"><p>#<a href=\"https:\/\/eramine.eramet.com\/es\/tag\/contribucion\/\" title=\"Contribuci\u00f3n\">Contribuci\u00f3n<\/a><\/p>\n<\/div><div class=\"fusion-alignleft\"><a class=\"fusion-button button-flat fusion-button-default-size button-custom fusion-button-default button-20 fusion-button-default-span fusion-button-default-type CTA-eramet CTA-right fusion-has-button-gradient\" style=\"--button_accent_color:var(--awb-color7);--button_accent_hover_color:var(--awb-color7);--button_border_hover_color:var(--awb-color7);--button_border_width-top:2px;--button_border_width-right:2px;--button_border_width-bottom:2px;--button_border_width-left:2px;--button_gradient_angle:180deg;--button_gradient_top_color:var(--awb-custom_color_7);--button_gradient_bottom_color:var(--awb-custom_color_7);--button_gradient_top_color_hover:var(--awb-color7);--button_gradient_bottom_color_hover:var(--awb-custom_color_3);--button_font_size:16px;--button_margin-top:0px;\" target=\"_self\" title=\"Te presentamos las contribuciones de Eramine en 2024\" aria-label=\"Te presentamos las contribuciones de Eramine en 2024\" href=\"https:\/\/eramine.eramet.com\/es\/media-es\/te-presentamos-las-contribuciones-de-eramine-en-2024\/\"><span class=\"fusion-button-text\"><\/span><\/a><\/div><\/div><\/div><\/div><\/div><div class=\"fusion-separator fusion-full-width-sep fusion-absolute-separator fusion-align-center fusion-single-px\" style=\"width:100%;max-width:100%;\"><div class=\"fusion-separator-border sep-single sep-solid\" style=\"--awb-height:20px;--awb-amount:20px;--awb-sep-color:var(--awb-color1);border-color:var(--awb-color1);border-top-width:1px;\"><\/div><\/div><\/li>\n<li class=\"fusion-layout-column fusion_builder_column fusion-builder-column-21 fusion-flex-column post-card fusion-grid-column fusion-post-cards-grid-column media-es noticias salud\" style=\"--awb-bg-size:cover;\"><div class=\"fusion-column-wrapper fusion-flex-justify-content-flex-start fusion-content-layout-column\"><div class=\"fusion-builder-row fusion-builder-row-inner fusion-row fusion-flex-align-items-flex-start fusion-flex-content-wrap\" style=\"width:102% !important;max-width:102% !important;margin-left: calc(-2% \/ 2 );margin-right: calc(-2% \/ 2 );\"><div class=\"fusion-layout-column fusion_builder_column_inner fusion-builder-nested-column-40 fusion_builder_column_inner_1_5 1_5 fusion-flex-column fusion-column-inner-bg-wrapper\" style=\"--awb-overflow:hidden;--awb-inner-bg-color:var(--awb-color1);--awb-inner-bg-color-hover:var(--awb-color1);--awb-inner-bg-position:center center;--awb-inner-bg-size:70%;--awb-border-radius:10px 10px 10px 10px;--awb-inner-bg-border-radius:10px 10px 10px 10px;--awb-inner-bg-overflow:hidden;--awb-width-large:20%;--awb-margin-top-large:0px;--awb-spacing-right-large:4.9%;--awb-margin-bottom-large:0px;--awb-spacing-left-large:4.9%;--awb-width-medium:20%;--awb-order-medium:0;--awb-spacing-right-medium:4.9%;--awb-spacing-left-medium:4.9%;--awb-width-small:100%;--awb-order-small:0;--awb-spacing-right-small:0.98%;--awb-spacing-left-small:0.98%;\"><span class=\"fusion-column-inner-bg hover-type-none\"><a class=\"fusion-column-anchor\" href=\"https:\/\/eramine.eramet.com\/es\/media-es\/respuesta-oficial-de-eramine-a-recientes-publicaciones-en-medios\/\" aria-label=\"Respuesta Oficial de Eramine a Recientes Publicaciones en Medios\"><span class=\"fusion-column-inner-bg-image lazyload\" data-bg=\"https:\/\/eramine.eramet.com\/wp-content\/uploads\/sites\/23\/2024\/12\/Eramet-Eramine-logo-w-300x158.png\"><\/span><\/a><\/span><div class=\"fusion-column-wrapper fusion-column-has-shadow fusion-flex-justify-content-flex-start fusion-content-layout-column fusion-column-has-bg-image\" data-bg-url=\"https:\/\/eramine.eramet.com\/wp-content\/uploads\/sites\/23\/2024\/12\/Eramet-Eramine-logo-w-300x158.png\"><div class=\"fusion-classic-product-image-wrapper fusion-woo-product-image fusion-post-card-image fusion-post-card-image-1\" data-layout=\"static\"><div  class=\"fusion-image-wrapper\" aria-haspopup=\"true\">\n\t\t\t\t<img decoding=\"async\" width=\"1600\" height=\"900\" src=\"https:\/\/eramine.eramet.com\/wp-content\/uploads\/sites\/23\/2025\/11\/2025-05-06-Eramine-plant.jpeg\" class=\"attachment-full size-full lazyload wp-post-image\" alt=\"\" srcset=\"data:image\/svg+xml,%3Csvg%20xmlns%3D%27http%3A%2F%2Fwww.w3.org%2F2000%2Fsvg%27%20width%3D%271600%27%20height%3D%27900%27%20viewBox%3D%270%200%201600%20900%27%3E%3Crect%20width%3D%271600%27%20height%3D%27900%27%20fill-opacity%3D%220%22%2F%3E%3C%2Fsvg%3E\" data-orig-src=\"https:\/\/eramine.eramet.com\/wp-content\/uploads\/sites\/23\/2025\/11\/2025-05-06-Eramine-plant.jpeg\" data-srcset=\"https:\/\/eramine.eramet.com\/wp-content\/uploads\/sites\/23\/2025\/11\/2025-05-06-Eramine-plant-200x113.jpeg 200w, https:\/\/eramine.eramet.com\/wp-content\/uploads\/sites\/23\/2025\/11\/2025-05-06-Eramine-plant-400x225.jpeg 400w, https:\/\/eramine.eramet.com\/wp-content\/uploads\/sites\/23\/2025\/11\/2025-05-06-Eramine-plant-600x338.jpeg 600w, https:\/\/eramine.eramet.com\/wp-content\/uploads\/sites\/23\/2025\/11\/2025-05-06-Eramine-plant-800x450.jpeg 800w, https:\/\/eramine.eramet.com\/wp-content\/uploads\/sites\/23\/2025\/11\/2025-05-06-Eramine-plant-1200x675.jpeg 1200w, https:\/\/eramine.eramet.com\/wp-content\/uploads\/sites\/23\/2025\/11\/2025-05-06-Eramine-plant.jpeg 1600w\" data-sizes=\"auto\" \/><\/div>\n<\/div><\/div><\/div><div class=\"fusion-layout-column fusion_builder_column_inner fusion-builder-nested-column-41 fusion_builder_column_inner_4_5 4_5 fusion-flex-column\" style=\"--awb-bg-size:cover;--awb-width-large:80%;--awb-margin-top-large:0px;--awb-spacing-right-large:1.225%;--awb-margin-bottom-large:0px;--awb-spacing-left-large:1.225%;--awb-width-medium:80%;--awb-order-medium:0;--awb-spacing-right-medium:1.225%;--awb-spacing-left-medium:1.225%;--awb-width-small:100%;--awb-order-small:0;--awb-spacing-right-small:0.98%;--awb-spacing-left-small:0.98%;\"><div class=\"fusion-column-wrapper fusion-column-has-shadow fusion-flex-justify-content-flex-start fusion-content-layout-block\"><div class=\"fusion-text fusion-text-81 fusion-text-no-margin\" style=\"--awb-content-alignment:left;--awb-font-size:14px;--awb-text-transform:uppercase;--awb-text-color:var(--awb-color7);\"><p><strong><a href=\"https:\/\/eramine.eramet.com\/es\/category\/media-es\/\" title=\"Media\">Media<\/a><\/strong><\/p>\n<\/div><div class=\"fusion-text fusion-text-82 fusion-text-no-margin\" style=\"--awb-content-alignment:left;--awb-font-size:14px;--awb-text-transform:uppercase;--awb-text-color:var(--awb-color7);\"><p><a href=\"https:\/\/eramine.eramet.com\/es\/nature\/noticias\/\" title=\"Noticias\">Noticias<\/a><\/p>\n<\/div><div class=\"fusion-title title fusion-title-21 fusion-sep-none fusion-title-text fusion-title-size-two\" style=\"--awb-text-color:var(--awb-color1);--awb-margin-bottom:0px;--awb-margin-left:0px;--awb-margin-right-small:0px;--awb-margin-left-small:0px;--awb-link-color:var(--awb-color1);--awb-font-size:16px;\"><h2 class=\"fusion-title-heading title-heading-left\" style=\"margin:0;font-size:1em;\"><a href=\"https:\/\/eramine.eramet.com\/es\/media-es\/respuesta-oficial-de-eramine-a-recientes-publicaciones-en-medios\/\" class=\"awb-custom-text-color awb-custom-text-hover-color\" target=\"_self\"><h2>\u00a0<\/h2><\/a><\/h2><\/div><div class=\"fusion-content-tb fusion-content-tb-21 fusion-text-no-margin\" style=\"--awb-margin-bottom:0px;--awb-margin-top:10px;\"><p> Ante las publicaciones recientes que cuestionan las condiciones laborales en nuestro proyecto Centenario-Ratones, desde\u00a0Eramine\u00a0Sudam\u00e9rica consideramos necesario brindar aclaraciones, en un marco de total transparencia y respeto hacia nuestros trabajadores, contratistas, autoridades y la comunidad en general. Desde el inicio de nuestras operaciones, hemos trabajado de manera constante para ofrecer a nuestros empleados condiciones laborales [...]<\/p><\/div><div class=\"fusion-text fusion-text-83 fusion-text-no-margin\" style=\"--awb-content-alignment:left;--awb-font-size:14px;--awb-text-color:var(--awb-color7);--awb-margin-top:10px;\"><p>6 mayo 2025<\/p>\n<\/div><div class=\"fusion-text fusion-text-84 fusion-text-no-margin\" style=\"--awb-content-alignment:left;--awb-font-size:16px;--awb-text-color:var(--awb-color7);--awb-margin-top:10px;--awb-margin-bottom:10px;\"><p>#<a href=\"https:\/\/eramine.eramet.com\/es\/tag\/salud\/\" title=\"Salud\">Salud<\/a><\/p>\n<\/div><div class=\"fusion-alignleft\"><a class=\"fusion-button button-flat fusion-button-default-size button-custom fusion-button-default button-21 fusion-button-default-span fusion-button-default-type CTA-eramet CTA-right fusion-has-button-gradient\" style=\"--button_accent_color:var(--awb-color7);--button_accent_hover_color:var(--awb-color7);--button_border_hover_color:var(--awb-color7);--button_border_width-top:2px;--button_border_width-right:2px;--button_border_width-bottom:2px;--button_border_width-left:2px;--button_gradient_angle:180deg;--button_gradient_top_color:var(--awb-custom_color_7);--button_gradient_bottom_color:var(--awb-custom_color_7);--button_gradient_top_color_hover:var(--awb-color7);--button_gradient_bottom_color_hover:var(--awb-custom_color_3);--button_font_size:16px;--button_margin-top:0px;\" target=\"_self\" title=\"Respuesta Oficial de Eramine a Recientes Publicaciones en Medios\" aria-label=\"Respuesta Oficial de Eramine a Recientes Publicaciones en Medios\" href=\"https:\/\/eramine.eramet.com\/es\/media-es\/respuesta-oficial-de-eramine-a-recientes-publicaciones-en-medios\/\"><span class=\"fusion-button-text\"><\/span><\/a><\/div><\/div><\/div><\/div><\/div><div class=\"fusion-separator fusion-full-width-sep fusion-absolute-separator fusion-align-center fusion-single-px\" style=\"width:100%;max-width:100%;\"><div class=\"fusion-separator-border sep-single sep-solid\" style=\"--awb-height:20px;--awb-amount:20px;--awb-sep-color:var(--awb-color1);border-color:var(--awb-color1);border-top-width:1px;\"><\/div><\/div><\/li>\n<li class=\"fusion-layout-column fusion_builder_column fusion-builder-column-22 fusion-flex-column post-card fusion-grid-column fusion-post-cards-grid-column media-es noticias compromisos educacion\" style=\"--awb-bg-size:cover;\"><div class=\"fusion-column-wrapper fusion-flex-justify-content-flex-start fusion-content-layout-column\"><div class=\"fusion-builder-row fusion-builder-row-inner fusion-row fusion-flex-align-items-flex-start fusion-flex-content-wrap\" style=\"width:102% !important;max-width:102% !important;margin-left: calc(-2% \/ 2 );margin-right: calc(-2% \/ 2 );\"><div class=\"fusion-layout-column fusion_builder_column_inner fusion-builder-nested-column-42 fusion_builder_column_inner_1_5 1_5 fusion-flex-column fusion-column-inner-bg-wrapper\" style=\"--awb-overflow:hidden;--awb-inner-bg-color:var(--awb-color1);--awb-inner-bg-color-hover:var(--awb-color1);--awb-inner-bg-position:center center;--awb-inner-bg-size:70%;--awb-border-radius:10px 10px 10px 10px;--awb-inner-bg-border-radius:10px 10px 10px 10px;--awb-inner-bg-overflow:hidden;--awb-width-large:20%;--awb-margin-top-large:0px;--awb-spacing-right-large:4.9%;--awb-margin-bottom-large:0px;--awb-spacing-left-large:4.9%;--awb-width-medium:20%;--awb-order-medium:0;--awb-spacing-right-medium:4.9%;--awb-spacing-left-medium:4.9%;--awb-width-small:100%;--awb-order-small:0;--awb-spacing-right-small:0.98%;--awb-spacing-left-small:0.98%;\"><span class=\"fusion-column-inner-bg hover-type-none\"><a class=\"fusion-column-anchor\" href=\"https:\/\/eramine.eramet.com\/es\/media-es\/acompanamos-a-quienes-ensenan\/\" aria-label=\"Acompa\u00f1amos a quienes ense\u00f1an\"><span class=\"fusion-column-inner-bg-image lazyload\" data-bg=\"https:\/\/eramine.eramet.com\/wp-content\/uploads\/sites\/23\/2024\/12\/Eramet-Eramine-logo-w-300x158.png\"><\/span><\/a><\/span><div class=\"fusion-column-wrapper fusion-column-has-shadow fusion-flex-justify-content-flex-start fusion-content-layout-column fusion-column-has-bg-image\" data-bg-url=\"https:\/\/eramine.eramet.com\/wp-content\/uploads\/sites\/23\/2024\/12\/Eramet-Eramine-logo-w-300x158.png\"><div class=\"fusion-classic-product-image-wrapper fusion-woo-product-image fusion-post-card-image fusion-post-card-image-1\" data-layout=\"static\"><div  class=\"fusion-image-wrapper\" aria-haspopup=\"true\">\n\t\t\t\t<img decoding=\"async\" width=\"1920\" height=\"1080\" src=\"https:\/\/eramine.eramet.com\/wp-content\/uploads\/sites\/23\/2025\/11\/Junior-Eramine.jpg\" class=\"attachment-full size-full lazyload wp-post-image\" alt=\"\" srcset=\"data:image\/svg+xml,%3Csvg%20xmlns%3D%27http%3A%2F%2Fwww.w3.org%2F2000%2Fsvg%27%20width%3D%271920%27%20height%3D%271080%27%20viewBox%3D%270%200%201920%201080%27%3E%3Crect%20width%3D%271920%27%20height%3D%271080%27%20fill-opacity%3D%220%22%2F%3E%3C%2Fsvg%3E\" data-orig-src=\"https:\/\/eramine.eramet.com\/wp-content\/uploads\/sites\/23\/2025\/11\/Junior-Eramine.jpg\" data-srcset=\"https:\/\/eramine.eramet.com\/wp-content\/uploads\/sites\/23\/2025\/11\/Junior-Eramine-200x113.jpg 200w, https:\/\/eramine.eramet.com\/wp-content\/uploads\/sites\/23\/2025\/11\/Junior-Eramine-400x225.jpg 400w, https:\/\/eramine.eramet.com\/wp-content\/uploads\/sites\/23\/2025\/11\/Junior-Eramine-600x338.jpg 600w, https:\/\/eramine.eramet.com\/wp-content\/uploads\/sites\/23\/2025\/11\/Junior-Eramine-800x450.jpg 800w, https:\/\/eramine.eramet.com\/wp-content\/uploads\/sites\/23\/2025\/11\/Junior-Eramine-1200x675.jpg 1200w, https:\/\/eramine.eramet.com\/wp-content\/uploads\/sites\/23\/2025\/11\/Junior-Eramine.jpg 1920w\" data-sizes=\"auto\" \/><\/div>\n<\/div><\/div><\/div><div class=\"fusion-layout-column fusion_builder_column_inner fusion-builder-nested-column-43 fusion_builder_column_inner_4_5 4_5 fusion-flex-column\" style=\"--awb-bg-size:cover;--awb-width-large:80%;--awb-margin-top-large:0px;--awb-spacing-right-large:1.225%;--awb-margin-bottom-large:0px;--awb-spacing-left-large:1.225%;--awb-width-medium:80%;--awb-order-medium:0;--awb-spacing-right-medium:1.225%;--awb-spacing-left-medium:1.225%;--awb-width-small:100%;--awb-order-small:0;--awb-spacing-right-small:0.98%;--awb-spacing-left-small:0.98%;\"><div class=\"fusion-column-wrapper fusion-column-has-shadow fusion-flex-justify-content-flex-start fusion-content-layout-block\"><div class=\"fusion-text fusion-text-85 fusion-text-no-margin\" style=\"--awb-content-alignment:left;--awb-font-size:14px;--awb-text-transform:uppercase;--awb-text-color:var(--awb-color7);\"><p><strong><a href=\"https:\/\/eramine.eramet.com\/es\/category\/media-es\/\" title=\"Media\">Media<\/a><\/strong><\/p>\n<\/div><div class=\"fusion-text fusion-text-86 fusion-text-no-margin\" style=\"--awb-content-alignment:left;--awb-font-size:14px;--awb-text-transform:uppercase;--awb-text-color:var(--awb-color7);\"><p><a href=\"https:\/\/eramine.eramet.com\/es\/nature\/noticias\/\" title=\"Noticias\">Noticias<\/a><\/p>\n<\/div><div class=\"fusion-title title fusion-title-22 fusion-sep-none fusion-title-text fusion-title-size-two\" style=\"--awb-text-color:var(--awb-color1);--awb-margin-bottom:0px;--awb-margin-left:0px;--awb-margin-right-small:0px;--awb-margin-left-small:0px;--awb-link-color:var(--awb-color1);--awb-font-size:16px;\"><h2 class=\"fusion-title-heading title-heading-left\" style=\"margin:0;font-size:1em;\"><a href=\"https:\/\/eramine.eramet.com\/es\/media-es\/acompanamos-a-quienes-ensenan\/\" class=\"awb-custom-text-color awb-custom-text-hover-color\" target=\"_self\"><h2>\u00a0<\/h2><\/a><\/h2><\/div><div class=\"fusion-content-tb fusion-content-tb-22 fusion-text-no-margin\" style=\"--awb-margin-bottom:0px;--awb-margin-top:10px;\"><p> Apoyamos el encuentro para docentes salte\u00f1os organizado por Junior Achievement. Con el foco puesto en fortalecer la educaci\u00f3n p\u00fablica y brindar herramientas concretas a quienes est\u00e1n en las aulas, acompa\u00f1amos el evento \u201cConstruyendo puentes para el aprendizaje\u201d, una jornada exclusiva para docentes y directivos de escuelas secundarias de Salta, organizada por Junior Achievement en [...]<\/p><\/div><div class=\"fusion-text fusion-text-87 fusion-text-no-margin\" style=\"--awb-content-alignment:left;--awb-font-size:14px;--awb-text-color:var(--awb-color7);--awb-margin-top:10px;\"><p>10 abril 2025<\/p>\n<\/div><div class=\"fusion-text fusion-text-88 fusion-text-no-margin\" style=\"--awb-content-alignment:left;--awb-font-size:16px;--awb-text-color:var(--awb-color7);--awb-margin-top:10px;--awb-margin-bottom:10px;\"><p>#<a href=\"https:\/\/eramine.eramet.com\/es\/tag\/compromisos\/\" title=\"Compromisos\">Compromisos<\/a> #<a href=\"https:\/\/eramine.eramet.com\/es\/tag\/educacion\/\" title=\"Educaci\u00f3n\">Educaci\u00f3n<\/a><\/p>\n<\/div><div class=\"fusion-alignleft\"><a class=\"fusion-button button-flat fusion-button-default-size button-custom fusion-button-default button-22 fusion-button-default-span fusion-button-default-type CTA-eramet CTA-right fusion-has-button-gradient\" style=\"--button_accent_color:var(--awb-color7);--button_accent_hover_color:var(--awb-color7);--button_border_hover_color:var(--awb-color7);--button_border_width-top:2px;--button_border_width-right:2px;--button_border_width-bottom:2px;--button_border_width-left:2px;--button_gradient_angle:180deg;--button_gradient_top_color:var(--awb-custom_color_7);--button_gradient_bottom_color:var(--awb-custom_color_7);--button_gradient_top_color_hover:var(--awb-color7);--button_gradient_bottom_color_hover:var(--awb-custom_color_3);--button_font_size:16px;--button_margin-top:0px;\" target=\"_self\" title=\"Acompa\u00f1amos a quienes ense\u00f1an\" aria-label=\"Acompa\u00f1amos a quienes ense\u00f1an\" href=\"https:\/\/eramine.eramet.com\/es\/media-es\/acompanamos-a-quienes-ensenan\/\"><span class=\"fusion-button-text\"><\/span><\/a><\/div><\/div><\/div><\/div><\/div><div class=\"fusion-separator fusion-full-width-sep fusion-absolute-separator fusion-align-center fusion-single-px\" style=\"width:100%;max-width:100%;\"><div class=\"fusion-separator-border sep-single sep-solid\" style=\"--awb-height:20px;--awb-amount:20px;--awb-sep-color:var(--awb-color1);border-color:var(--awb-color1);border-top-width:1px;\"><\/div><\/div><\/li>\n<li class=\"fusion-layout-column fusion_builder_column fusion-builder-column-23 fusion-flex-column post-card fusion-grid-column fusion-post-cards-grid-column media-es noticias desarrollo litio\" style=\"--awb-bg-size:cover;\"><div class=\"fusion-column-wrapper fusion-flex-justify-content-flex-start fusion-content-layout-column\"><div class=\"fusion-builder-row fusion-builder-row-inner fusion-row fusion-flex-align-items-flex-start fusion-flex-content-wrap\" style=\"width:102% !important;max-width:102% !important;margin-left: calc(-2% \/ 2 );margin-right: calc(-2% \/ 2 );\"><div class=\"fusion-layout-column fusion_builder_column_inner fusion-builder-nested-column-44 fusion_builder_column_inner_1_5 1_5 fusion-flex-column fusion-column-inner-bg-wrapper\" style=\"--awb-overflow:hidden;--awb-inner-bg-color:var(--awb-color1);--awb-inner-bg-color-hover:var(--awb-color1);--awb-inner-bg-position:center center;--awb-inner-bg-size:70%;--awb-border-radius:10px 10px 10px 10px;--awb-inner-bg-border-radius:10px 10px 10px 10px;--awb-inner-bg-overflow:hidden;--awb-width-large:20%;--awb-margin-top-large:0px;--awb-spacing-right-large:4.9%;--awb-margin-bottom-large:0px;--awb-spacing-left-large:4.9%;--awb-width-medium:20%;--awb-order-medium:0;--awb-spacing-right-medium:4.9%;--awb-spacing-left-medium:4.9%;--awb-width-small:100%;--awb-order-small:0;--awb-spacing-right-small:0.98%;--awb-spacing-left-small:0.98%;\"><span class=\"fusion-column-inner-bg hover-type-none\"><a class=\"fusion-column-anchor\" href=\"https:\/\/eramine.eramet.com\/es\/media-es\/eramine-concreta-su-primera-exportacion-de-litio-desde-el-puerto-de-rosario-con-destino-a-china\/\" aria-label=\"Eramine concreta su primera exportaci\u00f3n de litio: desde el Puerto de Rosario con destino a China\"><span class=\"fusion-column-inner-bg-image lazyload\" data-bg=\"https:\/\/eramine.eramet.com\/wp-content\/uploads\/sites\/23\/2024\/12\/Eramet-Eramine-logo-w-300x158.png\"><\/span><\/a><\/span><div class=\"fusion-column-wrapper fusion-column-has-shadow fusion-flex-justify-content-flex-start fusion-content-layout-column fusion-column-has-bg-image\" data-bg-url=\"https:\/\/eramine.eramet.com\/wp-content\/uploads\/sites\/23\/2024\/12\/Eramet-Eramine-logo-w-300x158.png\"><div class=\"fusion-classic-product-image-wrapper fusion-woo-product-image fusion-post-card-image fusion-post-card-image-1\" data-layout=\"static\"><div  class=\"fusion-image-wrapper\" aria-haspopup=\"true\">\n\t\t\t\t<img decoding=\"async\" width=\"1600\" height=\"907\" src=\"https:\/\/eramine.eramet.com\/wp-content\/uploads\/sites\/23\/2025\/11\/2025-03-28-Eramine-Exportacion-primer-litio.jpeg\" class=\"attachment-full size-full lazyload wp-post-image\" alt=\"\" srcset=\"data:image\/svg+xml,%3Csvg%20xmlns%3D%27http%3A%2F%2Fwww.w3.org%2F2000%2Fsvg%27%20width%3D%271600%27%20height%3D%27907%27%20viewBox%3D%270%200%201600%20907%27%3E%3Crect%20width%3D%271600%27%20height%3D%27907%27%20fill-opacity%3D%220%22%2F%3E%3C%2Fsvg%3E\" data-orig-src=\"https:\/\/eramine.eramet.com\/wp-content\/uploads\/sites\/23\/2025\/11\/2025-03-28-Eramine-Exportacion-primer-litio.jpeg\" data-srcset=\"https:\/\/eramine.eramet.com\/wp-content\/uploads\/sites\/23\/2025\/11\/2025-03-28-Eramine-Exportacion-primer-litio-200x113.jpeg 200w, https:\/\/eramine.eramet.com\/wp-content\/uploads\/sites\/23\/2025\/11\/2025-03-28-Eramine-Exportacion-primer-litio-400x227.jpeg 400w, https:\/\/eramine.eramet.com\/wp-content\/uploads\/sites\/23\/2025\/11\/2025-03-28-Eramine-Exportacion-primer-litio-600x340.jpeg 600w, https:\/\/eramine.eramet.com\/wp-content\/uploads\/sites\/23\/2025\/11\/2025-03-28-Eramine-Exportacion-primer-litio-800x454.jpeg 800w, https:\/\/eramine.eramet.com\/wp-content\/uploads\/sites\/23\/2025\/11\/2025-03-28-Eramine-Exportacion-primer-litio-1200x680.jpeg 1200w, https:\/\/eramine.eramet.com\/wp-content\/uploads\/sites\/23\/2025\/11\/2025-03-28-Eramine-Exportacion-primer-litio.jpeg 1600w\" data-sizes=\"auto\" \/><\/div>\n<\/div><\/div><\/div><div class=\"fusion-layout-column fusion_builder_column_inner fusion-builder-nested-column-45 fusion_builder_column_inner_4_5 4_5 fusion-flex-column\" style=\"--awb-bg-size:cover;--awb-width-large:80%;--awb-margin-top-large:0px;--awb-spacing-right-large:1.225%;--awb-margin-bottom-large:0px;--awb-spacing-left-large:1.225%;--awb-width-medium:80%;--awb-order-medium:0;--awb-spacing-right-medium:1.225%;--awb-spacing-left-medium:1.225%;--awb-width-small:100%;--awb-order-small:0;--awb-spacing-right-small:0.98%;--awb-spacing-left-small:0.98%;\"><div class=\"fusion-column-wrapper fusion-column-has-shadow fusion-flex-justify-content-flex-start fusion-content-layout-block\"><div class=\"fusion-text fusion-text-89 fusion-text-no-margin\" style=\"--awb-content-alignment:left;--awb-font-size:14px;--awb-text-transform:uppercase;--awb-text-color:var(--awb-color7);\"><p><strong><a href=\"https:\/\/eramine.eramet.com\/es\/category\/media-es\/\" title=\"Media\">Media<\/a><\/strong><\/p>\n<\/div><div class=\"fusion-text fusion-text-90 fusion-text-no-margin\" style=\"--awb-content-alignment:left;--awb-font-size:14px;--awb-text-transform:uppercase;--awb-text-color:var(--awb-color7);\"><p><a href=\"https:\/\/eramine.eramet.com\/es\/nature\/noticias\/\" title=\"Noticias\">Noticias<\/a><\/p>\n<\/div><div class=\"fusion-title title fusion-title-23 fusion-sep-none fusion-title-text fusion-title-size-two\" style=\"--awb-text-color:var(--awb-color1);--awb-margin-bottom:0px;--awb-margin-left:0px;--awb-margin-right-small:0px;--awb-margin-left-small:0px;--awb-link-color:var(--awb-color1);--awb-font-size:16px;\"><h2 class=\"fusion-title-heading title-heading-left\" style=\"margin:0;font-size:1em;\"><a href=\"https:\/\/eramine.eramet.com\/es\/media-es\/eramine-concreta-su-primera-exportacion-de-litio-desde-el-puerto-de-rosario-con-destino-a-china\/\" class=\"awb-custom-text-color awb-custom-text-hover-color\" target=\"_self\"><h2>\u00a0<\/h2><\/a><\/h2><\/div><div class=\"fusion-content-tb fusion-content-tb-23 fusion-text-no-margin\" style=\"--awb-margin-bottom:0px;--awb-margin-top:10px;\"><p>Eramine, a subsidiary of the French Eramet Group, has taken a significant step forward in its industrial development with the departure of the first vessel loaded with lithium carbonate from the Port of Rosario bound for China, thereby solidifying its inaugural export of this critical resource for the global energy transition. Eramine, subsidiaria del grupo [...]<\/p><\/div><div class=\"fusion-text fusion-text-91 fusion-text-no-margin\" style=\"--awb-content-alignment:left;--awb-font-size:14px;--awb-text-color:var(--awb-color7);--awb-margin-top:10px;\"><p>28 marzo 2025<\/p>\n<\/div><div class=\"fusion-text fusion-text-92 fusion-text-no-margin\" style=\"--awb-content-alignment:left;--awb-font-size:16px;--awb-text-color:var(--awb-color7);--awb-margin-top:10px;--awb-margin-bottom:10px;\"><p>#<a href=\"https:\/\/eramine.eramet.com\/es\/tag\/desarrollo\/\" title=\"Desarrollo\">Desarrollo<\/a> #<a href=\"https:\/\/eramine.eramet.com\/es\/tag\/litio\/\" title=\"Litio\">Litio<\/a><\/p>\n<\/div><div class=\"fusion-alignleft\"><a class=\"fusion-button button-flat fusion-button-default-size button-custom fusion-button-default button-23 fusion-button-default-span fusion-button-default-type CTA-eramet CTA-right fusion-has-button-gradient\" style=\"--button_accent_color:var(--awb-color7);--button_accent_hover_color:var(--awb-color7);--button_border_hover_color:var(--awb-color7);--button_border_width-top:2px;--button_border_width-right:2px;--button_border_width-bottom:2px;--button_border_width-left:2px;--button_gradient_angle:180deg;--button_gradient_top_color:var(--awb-custom_color_7);--button_gradient_bottom_color:var(--awb-custom_color_7);--button_gradient_top_color_hover:var(--awb-color7);--button_gradient_bottom_color_hover:var(--awb-custom_color_3);--button_font_size:16px;--button_margin-top:0px;\" target=\"_self\" title=\"Eramine concreta su primera exportaci\u00f3n de litio: desde el Puerto de Rosario con destino a China\" aria-label=\"Eramine concreta su primera exportaci\u00f3n de litio: desde el Puerto de Rosario con destino a China\" href=\"https:\/\/eramine.eramet.com\/es\/media-es\/eramine-concreta-su-primera-exportacion-de-litio-desde-el-puerto-de-rosario-con-destino-a-china\/\"><span class=\"fusion-button-text\"><\/span><\/a><\/div><\/div><\/div><\/div><\/div><div class=\"fusion-separator fusion-full-width-sep fusion-absolute-separator fusion-align-center fusion-single-px\" style=\"width:100%;max-width:100%;\"><div class=\"fusion-separator-border sep-single sep-solid\" style=\"--awb-height:20px;--awb-amount:20px;--awb-sep-color:var(--awb-color1);border-color:var(--awb-color1);border-top-width:1px;\"><\/div><\/div><\/li>\n<li class=\"fusion-layout-column fusion_builder_column fusion-builder-column-24 fusion-flex-column post-card fusion-grid-column fusion-post-cards-grid-column media-es noticias compromisos desarrollo innovacion litio\" style=\"--awb-bg-size:cover;\"><div class=\"fusion-column-wrapper fusion-flex-justify-content-flex-start fusion-content-layout-column\"><div class=\"fusion-builder-row fusion-builder-row-inner fusion-row fusion-flex-align-items-flex-start fusion-flex-content-wrap\" style=\"width:102% !important;max-width:102% !important;margin-left: calc(-2% \/ 2 );margin-right: calc(-2% \/ 2 );\"><div class=\"fusion-layout-column fusion_builder_column_inner fusion-builder-nested-column-46 fusion_builder_column_inner_1_5 1_5 fusion-flex-column fusion-column-inner-bg-wrapper\" style=\"--awb-overflow:hidden;--awb-inner-bg-color:var(--awb-color1);--awb-inner-bg-color-hover:var(--awb-color1);--awb-inner-bg-position:center center;--awb-inner-bg-size:70%;--awb-border-radius:10px 10px 10px 10px;--awb-inner-bg-border-radius:10px 10px 10px 10px;--awb-inner-bg-overflow:hidden;--awb-width-large:20%;--awb-margin-top-large:0px;--awb-spacing-right-large:4.9%;--awb-margin-bottom-large:0px;--awb-spacing-left-large:4.9%;--awb-width-medium:20%;--awb-order-medium:0;--awb-spacing-right-medium:4.9%;--awb-spacing-left-medium:4.9%;--awb-width-small:100%;--awb-order-small:0;--awb-spacing-right-small:0.98%;--awb-spacing-left-small:0.98%;\"><span class=\"fusion-column-inner-bg hover-type-none\"><a class=\"fusion-column-anchor\" href=\"https:\/\/eramine.eramet.com\/es\/media-es\/firmamos-el-convenio-colectivo-de-trabajo-con-aoma\/\" aria-label=\"Firmamos el Convenio Colectivo de Trabajo con AOMA\"><span class=\"fusion-column-inner-bg-image lazyload\" data-bg=\"https:\/\/eramine.eramet.com\/wp-content\/uploads\/sites\/23\/2024\/12\/Eramet-Eramine-logo-w-300x158.png\"><\/span><\/a><\/span><div class=\"fusion-column-wrapper fusion-column-has-shadow fusion-flex-justify-content-flex-start fusion-content-layout-column fusion-column-has-bg-image\" data-bg-url=\"https:\/\/eramine.eramet.com\/wp-content\/uploads\/sites\/23\/2024\/12\/Eramet-Eramine-logo-w-300x158.png\"><div class=\"fusion-classic-product-image-wrapper fusion-woo-product-image fusion-post-card-image fusion-post-card-image-1\" data-layout=\"static\"><div  class=\"fusion-image-wrapper\" aria-haspopup=\"true\">\n\t\t\t\t<img decoding=\"async\" width=\"1280\" height=\"720\" src=\"https:\/\/eramine.eramet.com\/wp-content\/uploads\/sites\/23\/2025\/03\/2025-02-26-Eramine-Collective-Labour-Agreement.jpg\" class=\"attachment-full size-full lazyload wp-post-image\" alt=\"\" srcset=\"data:image\/svg+xml,%3Csvg%20xmlns%3D%27http%3A%2F%2Fwww.w3.org%2F2000%2Fsvg%27%20width%3D%271280%27%20height%3D%27720%27%20viewBox%3D%270%200%201280%20720%27%3E%3Crect%20width%3D%271280%27%20height%3D%27720%27%20fill-opacity%3D%220%22%2F%3E%3C%2Fsvg%3E\" data-orig-src=\"https:\/\/eramine.eramet.com\/wp-content\/uploads\/sites\/23\/2025\/03\/2025-02-26-Eramine-Collective-Labour-Agreement.jpg\" data-srcset=\"https:\/\/eramine.eramet.com\/wp-content\/uploads\/sites\/23\/2025\/03\/2025-02-26-Eramine-Collective-Labour-Agreement-200x113.jpg 200w, https:\/\/eramine.eramet.com\/wp-content\/uploads\/sites\/23\/2025\/03\/2025-02-26-Eramine-Collective-Labour-Agreement-400x225.jpg 400w, https:\/\/eramine.eramet.com\/wp-content\/uploads\/sites\/23\/2025\/03\/2025-02-26-Eramine-Collective-Labour-Agreement-600x338.jpg 600w, https:\/\/eramine.eramet.com\/wp-content\/uploads\/sites\/23\/2025\/03\/2025-02-26-Eramine-Collective-Labour-Agreement-800x450.jpg 800w, https:\/\/eramine.eramet.com\/wp-content\/uploads\/sites\/23\/2025\/03\/2025-02-26-Eramine-Collective-Labour-Agreement-1200x675.jpg 1200w, https:\/\/eramine.eramet.com\/wp-content\/uploads\/sites\/23\/2025\/03\/2025-02-26-Eramine-Collective-Labour-Agreement.jpg 1280w\" data-sizes=\"auto\" \/><\/div>\n<\/div><\/div><\/div><div class=\"fusion-layout-column fusion_builder_column_inner fusion-builder-nested-column-47 fusion_builder_column_inner_4_5 4_5 fusion-flex-column\" style=\"--awb-bg-size:cover;--awb-width-large:80%;--awb-margin-top-large:0px;--awb-spacing-right-large:1.225%;--awb-margin-bottom-large:0px;--awb-spacing-left-large:1.225%;--awb-width-medium:80%;--awb-order-medium:0;--awb-spacing-right-medium:1.225%;--awb-spacing-left-medium:1.225%;--awb-width-small:100%;--awb-order-small:0;--awb-spacing-right-small:0.98%;--awb-spacing-left-small:0.98%;\"><div class=\"fusion-column-wrapper fusion-column-has-shadow fusion-flex-justify-content-flex-start fusion-content-layout-block\"><div class=\"fusion-text fusion-text-93 fusion-text-no-margin\" style=\"--awb-content-alignment:left;--awb-font-size:14px;--awb-text-transform:uppercase;--awb-text-color:var(--awb-color7);\"><p><strong><a href=\"https:\/\/eramine.eramet.com\/es\/category\/media-es\/\" title=\"Media\">Media<\/a><\/strong><\/p>\n<\/div><div class=\"fusion-text fusion-text-94 fusion-text-no-margin\" style=\"--awb-content-alignment:left;--awb-font-size:14px;--awb-text-transform:uppercase;--awb-text-color:var(--awb-color7);\"><p><a href=\"https:\/\/eramine.eramet.com\/es\/nature\/noticias\/\" title=\"Noticias\">Noticias<\/a><\/p>\n<\/div><div class=\"fusion-title title fusion-title-24 fusion-sep-none fusion-title-text fusion-title-size-two\" style=\"--awb-text-color:var(--awb-color1);--awb-margin-bottom:0px;--awb-margin-left:0px;--awb-margin-right-small:0px;--awb-margin-left-small:0px;--awb-link-color:var(--awb-color1);--awb-font-size:16px;\"><h2 class=\"fusion-title-heading title-heading-left\" style=\"margin:0;font-size:1em;\"><a href=\"https:\/\/eramine.eramet.com\/es\/media-es\/firmamos-el-convenio-colectivo-de-trabajo-con-aoma\/\" class=\"awb-custom-text-color awb-custom-text-hover-color\" target=\"_self\"><h2>\u00a0<\/h2><\/a><\/h2><\/div><div class=\"fusion-content-tb fusion-content-tb-24 fusion-text-no-margin\" style=\"--awb-margin-bottom:0px;--awb-margin-top:10px;\"><p> Luego de un extenso trabajo conjunto, en el d\u00eda de ayer firmamos el Convenio Colectivo de Trabajo con los representantes de la Asociaci\u00f3n Obrera Minera Argentina (AOMA), tanto de la Sede Central como de la Seccional de la provincia de Salta. El mismo est\u00e1 hecho a la medida de nuestra actividad de producci\u00f3n de [...]<\/p><\/div><div class=\"fusion-text fusion-text-95 fusion-text-no-margin\" style=\"--awb-content-alignment:left;--awb-font-size:14px;--awb-text-color:var(--awb-color7);--awb-margin-top:10px;\"><p>26 febrero 2025<\/p>\n<\/div><div class=\"fusion-text fusion-text-96 fusion-text-no-margin\" style=\"--awb-content-alignment:left;--awb-font-size:16px;--awb-text-color:var(--awb-color7);--awb-margin-top:10px;--awb-margin-bottom:10px;\"><p>#<a href=\"https:\/\/eramine.eramet.com\/es\/tag\/compromisos\/\" title=\"Compromisos\">Compromisos<\/a> #<a href=\"https:\/\/eramine.eramet.com\/es\/tag\/desarrollo\/\" title=\"Desarrollo\">Desarrollo<\/a> #<a href=\"https:\/\/eramine.eramet.com\/es\/tag\/innovacion\/\" title=\"Innovaci\u00f3n\">Innovaci\u00f3n<\/a> #<a href=\"https:\/\/eramine.eramet.com\/es\/tag\/litio\/\" title=\"Litio\">Litio<\/a><\/p>\n<\/div><div class=\"fusion-alignleft\"><a class=\"fusion-button button-flat fusion-button-default-size button-custom fusion-button-default button-24 fusion-button-default-span fusion-button-default-type CTA-eramet CTA-right fusion-has-button-gradient\" style=\"--button_accent_color:var(--awb-color7);--button_accent_hover_color:var(--awb-color7);--button_border_hover_color:var(--awb-color7);--button_border_width-top:2px;--button_border_width-right:2px;--button_border_width-bottom:2px;--button_border_width-left:2px;--button_gradient_angle:180deg;--button_gradient_top_color:var(--awb-custom_color_7);--button_gradient_bottom_color:var(--awb-custom_color_7);--button_gradient_top_color_hover:var(--awb-color7);--button_gradient_bottom_color_hover:var(--awb-custom_color_3);--button_font_size:16px;--button_margin-top:0px;\" target=\"_self\" title=\"Firmamos el Convenio Colectivo de Trabajo con AOMA\" aria-label=\"Firmamos el Convenio Colectivo de Trabajo con AOMA\" href=\"https:\/\/eramine.eramet.com\/es\/media-es\/firmamos-el-convenio-colectivo-de-trabajo-con-aoma\/\"><span class=\"fusion-button-text\"><\/span><\/a><\/div><\/div><\/div><\/div><\/div><div class=\"fusion-separator fusion-full-width-sep fusion-absolute-separator fusion-align-center fusion-single-px\" style=\"width:100%;max-width:100%;\"><div class=\"fusion-separator-border sep-single sep-solid\" style=\"--awb-height:20px;--awb-amount:20px;--awb-sep-color:var(--awb-color1);border-color:var(--awb-color1);border-top-width:1px;\"><\/div><\/div><\/li>\n<li class=\"fusion-layout-column fusion_builder_column fusion-builder-column-25 fusion-flex-column post-card fusion-grid-column fusion-post-cards-grid-column media-es noticias desarrollo innovacion litio produccion seguridad\" style=\"--awb-bg-size:cover;\"><div class=\"fusion-column-wrapper fusion-flex-justify-content-flex-start fusion-content-layout-column\"><div class=\"fusion-builder-row fusion-builder-row-inner fusion-row fusion-flex-align-items-flex-start fusion-flex-content-wrap\" style=\"width:102% !important;max-width:102% !important;margin-left: calc(-2% \/ 2 );margin-right: calc(-2% \/ 2 );\"><div class=\"fusion-layout-column fusion_builder_column_inner fusion-builder-nested-column-48 fusion_builder_column_inner_1_5 1_5 fusion-flex-column fusion-column-inner-bg-wrapper\" style=\"--awb-overflow:hidden;--awb-inner-bg-color:var(--awb-color1);--awb-inner-bg-color-hover:var(--awb-color1);--awb-inner-bg-position:center center;--awb-inner-bg-size:70%;--awb-border-radius:10px 10px 10px 10px;--awb-inner-bg-border-radius:10px 10px 10px 10px;--awb-inner-bg-overflow:hidden;--awb-width-large:20%;--awb-margin-top-large:0px;--awb-spacing-right-large:4.9%;--awb-margin-bottom-large:0px;--awb-spacing-left-large:4.9%;--awb-width-medium:20%;--awb-order-medium:0;--awb-spacing-right-medium:4.9%;--awb-spacing-left-medium:4.9%;--awb-width-small:100%;--awb-order-small:0;--awb-spacing-right-small:0.98%;--awb-spacing-left-small:0.98%;\"><span class=\"fusion-column-inner-bg hover-type-none\"><a class=\"fusion-column-anchor\" href=\"https:\/\/eramine.eramet.com\/es\/media-es\/realizamos-la-primera-exportacion-de-carbonato-de-litio-producido-en-salta\/\" aria-label=\"Realizamos la primera exportaci\u00f3n de carbonato de litio producido en Salta\"><span class=\"fusion-column-inner-bg-image lazyload\" data-bg=\"https:\/\/eramine.eramet.com\/wp-content\/uploads\/sites\/23\/2024\/12\/Eramet-Eramine-logo-w-300x158.png\"><\/span><\/a><\/span><div class=\"fusion-column-wrapper fusion-column-has-shadow fusion-flex-justify-content-flex-start fusion-content-layout-column fusion-column-has-bg-image\" data-bg-url=\"https:\/\/eramine.eramet.com\/wp-content\/uploads\/sites\/23\/2024\/12\/Eramet-Eramine-logo-w-300x158.png\"><div class=\"fusion-classic-product-image-wrapper fusion-woo-product-image fusion-post-card-image fusion-post-card-image-1\" data-layout=\"static\"><div  class=\"fusion-image-wrapper\" aria-haspopup=\"true\">\n\t\t\t\t<img decoding=\"async\" width=\"1250\" height=\"703\" src=\"https:\/\/eramine.eramet.com\/wp-content\/uploads\/sites\/23\/2025\/03\/2025-02-20-Eramine-Completes-the-First-Export-of-Lithium-Carbonate-Produced-in-Salta-1.jpg\" class=\"attachment-full size-full lazyload wp-post-image\" alt=\"\" srcset=\"data:image\/svg+xml,%3Csvg%20xmlns%3D%27http%3A%2F%2Fwww.w3.org%2F2000%2Fsvg%27%20width%3D%271250%27%20height%3D%27703%27%20viewBox%3D%270%200%201250%20703%27%3E%3Crect%20width%3D%271250%27%20height%3D%27703%27%20fill-opacity%3D%220%22%2F%3E%3C%2Fsvg%3E\" data-orig-src=\"https:\/\/eramine.eramet.com\/wp-content\/uploads\/sites\/23\/2025\/03\/2025-02-20-Eramine-Completes-the-First-Export-of-Lithium-Carbonate-Produced-in-Salta-1.jpg\" data-srcset=\"https:\/\/eramine.eramet.com\/wp-content\/uploads\/sites\/23\/2025\/03\/2025-02-20-Eramine-Completes-the-First-Export-of-Lithium-Carbonate-Produced-in-Salta-1-200x112.jpg 200w, https:\/\/eramine.eramet.com\/wp-content\/uploads\/sites\/23\/2025\/03\/2025-02-20-Eramine-Completes-the-First-Export-of-Lithium-Carbonate-Produced-in-Salta-1-400x225.jpg 400w, https:\/\/eramine.eramet.com\/wp-content\/uploads\/sites\/23\/2025\/03\/2025-02-20-Eramine-Completes-the-First-Export-of-Lithium-Carbonate-Produced-in-Salta-1-600x337.jpg 600w, https:\/\/eramine.eramet.com\/wp-content\/uploads\/sites\/23\/2025\/03\/2025-02-20-Eramine-Completes-the-First-Export-of-Lithium-Carbonate-Produced-in-Salta-1-800x450.jpg 800w, https:\/\/eramine.eramet.com\/wp-content\/uploads\/sites\/23\/2025\/03\/2025-02-20-Eramine-Completes-the-First-Export-of-Lithium-Carbonate-Produced-in-Salta-1-1200x675.jpg 1200w, https:\/\/eramine.eramet.com\/wp-content\/uploads\/sites\/23\/2025\/03\/2025-02-20-Eramine-Completes-the-First-Export-of-Lithium-Carbonate-Produced-in-Salta-1.jpg 1250w\" data-sizes=\"auto\" \/><\/div>\n<\/div><\/div><\/div><div class=\"fusion-layout-column fusion_builder_column_inner fusion-builder-nested-column-49 fusion_builder_column_inner_4_5 4_5 fusion-flex-column\" style=\"--awb-bg-size:cover;--awb-width-large:80%;--awb-margin-top-large:0px;--awb-spacing-right-large:1.225%;--awb-margin-bottom-large:0px;--awb-spacing-left-large:1.225%;--awb-width-medium:80%;--awb-order-medium:0;--awb-spacing-right-medium:1.225%;--awb-spacing-left-medium:1.225%;--awb-width-small:100%;--awb-order-small:0;--awb-spacing-right-small:0.98%;--awb-spacing-left-small:0.98%;\"><div class=\"fusion-column-wrapper fusion-column-has-shadow fusion-flex-justify-content-flex-start fusion-content-layout-block\"><div class=\"fusion-text fusion-text-97 fusion-text-no-margin\" style=\"--awb-content-alignment:left;--awb-font-size:14px;--awb-text-transform:uppercase;--awb-text-color:var(--awb-color7);\"><p><strong><a href=\"https:\/\/eramine.eramet.com\/es\/category\/media-es\/\" title=\"Media\">Media<\/a><\/strong><\/p>\n<\/div><div class=\"fusion-text fusion-text-98 fusion-text-no-margin\" style=\"--awb-content-alignment:left;--awb-font-size:14px;--awb-text-transform:uppercase;--awb-text-color:var(--awb-color7);\"><p><a href=\"https:\/\/eramine.eramet.com\/es\/nature\/noticias\/\" title=\"Noticias\">Noticias<\/a><\/p>\n<\/div><div class=\"fusion-title title fusion-title-25 fusion-sep-none fusion-title-text fusion-title-size-two\" style=\"--awb-text-color:var(--awb-color1);--awb-margin-bottom:0px;--awb-margin-left:0px;--awb-margin-right-small:0px;--awb-margin-left-small:0px;--awb-link-color:var(--awb-color1);--awb-font-size:16px;\"><h2 class=\"fusion-title-heading title-heading-left\" style=\"margin:0;font-size:1em;\"><a href=\"https:\/\/eramine.eramet.com\/es\/media-es\/realizamos-la-primera-exportacion-de-carbonato-de-litio-producido-en-salta\/\" class=\"awb-custom-text-color awb-custom-text-hover-color\" target=\"_self\"><h2>\u00a0<\/h2><\/a><\/h2><\/div><div class=\"fusion-content-tb fusion-content-tb-25 fusion-text-no-margin\" style=\"--awb-margin-bottom:0px;--awb-margin-top:10px;\"><p> La empresa Eramine, del grupo franc\u00e9s Eramet, marca un nuevo hito en la industria minera al concretar la primera exportaci\u00f3n de carbonato de litio producido en la provincia de Salta, un recurso clave para la transici\u00f3n energ\u00e9tica global. El env\u00edo de 40 toneladas de carbonato de litio se realiza a trav\u00e9s del Puerto de [...]<\/p><\/div><div class=\"fusion-text fusion-text-99 fusion-text-no-margin\" style=\"--awb-content-alignment:left;--awb-font-size:14px;--awb-text-color:var(--awb-color7);--awb-margin-top:10px;\"><p>20 febrero 2025<\/p>\n<\/div><div class=\"fusion-text fusion-text-100 fusion-text-no-margin\" style=\"--awb-content-alignment:left;--awb-font-size:16px;--awb-text-color:var(--awb-color7);--awb-margin-top:10px;--awb-margin-bottom:10px;\"><p>#<a href=\"https:\/\/eramine.eramet.com\/es\/tag\/desarrollo\/\" title=\"Desarrollo\">Desarrollo<\/a> #<a href=\"https:\/\/eramine.eramet.com\/es\/tag\/innovacion\/\" title=\"Innovaci\u00f3n\">Innovaci\u00f3n<\/a> #<a href=\"https:\/\/eramine.eramet.com\/es\/tag\/litio\/\" title=\"Litio\">Litio<\/a> #<a href=\"https:\/\/eramine.eramet.com\/es\/tag\/produccion\/\" title=\"Producci\u00f3n\">Producci\u00f3n<\/a> #<a href=\"https:\/\/eramine.eramet.com\/es\/tag\/seguridad\/\" title=\"Seguridad\">Seguridad<\/a><\/p>\n<\/div><div class=\"fusion-alignleft\"><a class=\"fusion-button button-flat fusion-button-default-size button-custom fusion-button-default button-25 fusion-button-default-span fusion-button-default-type CTA-eramet CTA-right fusion-has-button-gradient\" style=\"--button_accent_color:var(--awb-color7);--button_accent_hover_color:var(--awb-color7);--button_border_hover_color:var(--awb-color7);--button_border_width-top:2px;--button_border_width-right:2px;--button_border_width-bottom:2px;--button_border_width-left:2px;--button_gradient_angle:180deg;--button_gradient_top_color:var(--awb-custom_color_7);--button_gradient_bottom_color:var(--awb-custom_color_7);--button_gradient_top_color_hover:var(--awb-color7);--button_gradient_bottom_color_hover:var(--awb-custom_color_3);--button_font_size:16px;--button_margin-top:0px;\" target=\"_self\" title=\"Realizamos la primera exportaci\u00f3n de carbonato de litio producido en Salta\" aria-label=\"Realizamos la primera exportaci\u00f3n de carbonato de litio producido en Salta\" href=\"https:\/\/eramine.eramet.com\/es\/media-es\/realizamos-la-primera-exportacion-de-carbonato-de-litio-producido-en-salta\/\"><span class=\"fusion-button-text\"><\/span><\/a><\/div><\/div><\/div><\/div><\/div><div class=\"fusion-separator fusion-full-width-sep fusion-absolute-separator fusion-align-center fusion-single-px\" style=\"width:100%;max-width:100%;\"><div class=\"fusion-separator-border sep-single sep-solid\" style=\"--awb-height:20px;--awb-amount:20px;--awb-sep-color:var(--awb-color1);border-color:var(--awb-color1);border-top-width:1px;\"><\/div><\/div><\/li>\n<li class=\"fusion-layout-column fusion_builder_column fusion-builder-column-26 fusion-flex-column post-card fusion-grid-column fusion-post-cards-grid-column media-es noticias compromisos desarrollo educacion sustentabilidad\" style=\"--awb-bg-size:cover;\"><div class=\"fusion-column-wrapper fusion-flex-justify-content-flex-start fusion-content-layout-column\"><div class=\"fusion-builder-row fusion-builder-row-inner fusion-row fusion-flex-align-items-flex-start fusion-flex-content-wrap\" style=\"width:102% !important;max-width:102% !important;margin-left: calc(-2% \/ 2 );margin-right: calc(-2% \/ 2 );\"><div class=\"fusion-layout-column fusion_builder_column_inner fusion-builder-nested-column-50 fusion_builder_column_inner_1_5 1_5 fusion-flex-column fusion-column-inner-bg-wrapper\" style=\"--awb-overflow:hidden;--awb-inner-bg-color:var(--awb-color1);--awb-inner-bg-color-hover:var(--awb-color1);--awb-inner-bg-position:center center;--awb-inner-bg-size:70%;--awb-border-radius:10px 10px 10px 10px;--awb-inner-bg-border-radius:10px 10px 10px 10px;--awb-inner-bg-overflow:hidden;--awb-width-large:20%;--awb-margin-top-large:0px;--awb-spacing-right-large:4.9%;--awb-margin-bottom-large:0px;--awb-spacing-left-large:4.9%;--awb-width-medium:20%;--awb-order-medium:0;--awb-spacing-right-medium:4.9%;--awb-spacing-left-medium:4.9%;--awb-width-small:100%;--awb-order-small:0;--awb-spacing-right-small:0.98%;--awb-spacing-left-small:0.98%;\"><span class=\"fusion-column-inner-bg hover-type-none\"><a class=\"fusion-column-anchor\" href=\"https:\/\/eramine.eramet.com\/es\/media-es\/impulsando-vocaciones-para-el-desarrollo-local\/\" aria-label=\"Impulsando vocaciones para el desarrollo local\"><span class=\"fusion-column-inner-bg-image lazyload\" data-bg=\"https:\/\/eramine.eramet.com\/wp-content\/uploads\/sites\/23\/2024\/12\/Eramet-Eramine-logo-w-300x158.png\"><\/span><\/a><\/span><div class=\"fusion-column-wrapper fusion-column-has-shadow fusion-flex-justify-content-flex-start fusion-content-layout-column fusion-column-has-bg-image\" data-bg-url=\"https:\/\/eramine.eramet.com\/wp-content\/uploads\/sites\/23\/2024\/12\/Eramet-Eramine-logo-w-300x158.png\"><div class=\"fusion-classic-product-image-wrapper fusion-woo-product-image fusion-post-card-image fusion-post-card-image-1\" data-layout=\"static\"><div  class=\"fusion-image-wrapper\" aria-haspopup=\"true\">\n\t\t\t\t<img decoding=\"async\" width=\"1920\" height=\"1080\" src=\"https:\/\/eramine.eramet.com\/wp-content\/uploads\/sites\/23\/2025\/03\/2025-02-04-Eramine-Fostering-Vocations-for-Local-Development-1.jpg\" class=\"attachment-full size-full lazyload wp-post-image\" alt=\"\" srcset=\"data:image\/svg+xml,%3Csvg%20xmlns%3D%27http%3A%2F%2Fwww.w3.org%2F2000%2Fsvg%27%20width%3D%271920%27%20height%3D%271080%27%20viewBox%3D%270%200%201920%201080%27%3E%3Crect%20width%3D%271920%27%20height%3D%271080%27%20fill-opacity%3D%220%22%2F%3E%3C%2Fsvg%3E\" data-orig-src=\"https:\/\/eramine.eramet.com\/wp-content\/uploads\/sites\/23\/2025\/03\/2025-02-04-Eramine-Fostering-Vocations-for-Local-Development-1.jpg\" data-srcset=\"https:\/\/eramine.eramet.com\/wp-content\/uploads\/sites\/23\/2025\/03\/2025-02-04-Eramine-Fostering-Vocations-for-Local-Development-1-200x113.jpg 200w, https:\/\/eramine.eramet.com\/wp-content\/uploads\/sites\/23\/2025\/03\/2025-02-04-Eramine-Fostering-Vocations-for-Local-Development-1-400x225.jpg 400w, https:\/\/eramine.eramet.com\/wp-content\/uploads\/sites\/23\/2025\/03\/2025-02-04-Eramine-Fostering-Vocations-for-Local-Development-1-600x338.jpg 600w, https:\/\/eramine.eramet.com\/wp-content\/uploads\/sites\/23\/2025\/03\/2025-02-04-Eramine-Fostering-Vocations-for-Local-Development-1-800x450.jpg 800w, https:\/\/eramine.eramet.com\/wp-content\/uploads\/sites\/23\/2025\/03\/2025-02-04-Eramine-Fostering-Vocations-for-Local-Development-1-1200x675.jpg 1200w, https:\/\/eramine.eramet.com\/wp-content\/uploads\/sites\/23\/2025\/03\/2025-02-04-Eramine-Fostering-Vocations-for-Local-Development-1.jpg 1920w\" data-sizes=\"auto\" \/><\/div>\n<\/div><\/div><\/div><div class=\"fusion-layout-column fusion_builder_column_inner fusion-builder-nested-column-51 fusion_builder_column_inner_4_5 4_5 fusion-flex-column\" style=\"--awb-bg-size:cover;--awb-width-large:80%;--awb-margin-top-large:0px;--awb-spacing-right-large:1.225%;--awb-margin-bottom-large:0px;--awb-spacing-left-large:1.225%;--awb-width-medium:80%;--awb-order-medium:0;--awb-spacing-right-medium:1.225%;--awb-spacing-left-medium:1.225%;--awb-width-small:100%;--awb-order-small:0;--awb-spacing-right-small:0.98%;--awb-spacing-left-small:0.98%;\"><div class=\"fusion-column-wrapper fusion-column-has-shadow fusion-flex-justify-content-flex-start fusion-content-layout-block\"><div class=\"fusion-text fusion-text-101 fusion-text-no-margin\" style=\"--awb-content-alignment:left;--awb-font-size:14px;--awb-text-transform:uppercase;--awb-text-color:var(--awb-color7);\"><p><strong><a href=\"https:\/\/eramine.eramet.com\/es\/category\/media-es\/\" title=\"Media\">Media<\/a><\/strong><\/p>\n<\/div><div class=\"fusion-text fusion-text-102 fusion-text-no-margin\" style=\"--awb-content-alignment:left;--awb-font-size:14px;--awb-text-transform:uppercase;--awb-text-color:var(--awb-color7);\"><p><a href=\"https:\/\/eramine.eramet.com\/es\/nature\/noticias\/\" title=\"Noticias\">Noticias<\/a><\/p>\n<\/div><div class=\"fusion-title title fusion-title-26 fusion-sep-none fusion-title-text fusion-title-size-two\" style=\"--awb-text-color:var(--awb-color1);--awb-margin-bottom:0px;--awb-margin-left:0px;--awb-margin-right-small:0px;--awb-margin-left-small:0px;--awb-link-color:var(--awb-color1);--awb-font-size:16px;\"><h2 class=\"fusion-title-heading title-heading-left\" style=\"margin:0;font-size:1em;\"><a href=\"https:\/\/eramine.eramet.com\/es\/media-es\/impulsando-vocaciones-para-el-desarrollo-local\/\" class=\"awb-custom-text-color awb-custom-text-hover-color\" target=\"_self\"><h2>\u00a0<\/h2><\/a><\/h2><\/div><div class=\"fusion-content-tb fusion-content-tb-26 fusion-text-no-margin\" style=\"--awb-margin-bottom:0px;--awb-margin-top:10px;\"><p> Durante 2024, Eramine desarroll\u00f3 m\u00faltiples l\u00edneas de acci\u00f3n en torno a la promoci\u00f3n de una educaci\u00f3n de calidad. Entre becas para estudio de nivel superior y nivel secundario, pr\u00e1cticas profesionales y talleres grupales acercamos oportunidades para los m\u00e1s j\u00f3venes. En Eramine, entendemos que nuestro prop\u00f3sito no solo est\u00e1 en la miner\u00eda, sino tambi\u00e9n en [...]<\/p><\/div><div class=\"fusion-text fusion-text-103 fusion-text-no-margin\" style=\"--awb-content-alignment:left;--awb-font-size:14px;--awb-text-color:var(--awb-color7);--awb-margin-top:10px;\"><p>4 febrero 2025<\/p>\n<\/div><div class=\"fusion-text fusion-text-104 fusion-text-no-margin\" style=\"--awb-content-alignment:left;--awb-font-size:16px;--awb-text-color:var(--awb-color7);--awb-margin-top:10px;--awb-margin-bottom:10px;\"><p>#<a href=\"https:\/\/eramine.eramet.com\/es\/tag\/compromisos\/\" title=\"Compromisos\">Compromisos<\/a> #<a href=\"https:\/\/eramine.eramet.com\/es\/tag\/desarrollo\/\" title=\"Desarrollo\">Desarrollo<\/a> #<a href=\"https:\/\/eramine.eramet.com\/es\/tag\/educacion\/\" title=\"Educaci\u00f3n\">Educaci\u00f3n<\/a> #<a href=\"https:\/\/eramine.eramet.com\/es\/tag\/sustentabilidad\/\" title=\"Sustentabilidad\">Sustentabilidad<\/a><\/p>\n<\/div><div class=\"fusion-alignleft\"><a class=\"fusion-button button-flat fusion-button-default-size button-custom fusion-button-default button-26 fusion-button-default-span fusion-button-default-type CTA-eramet CTA-right fusion-has-button-gradient\" style=\"--button_accent_color:var(--awb-color7);--button_accent_hover_color:var(--awb-color7);--button_border_hover_color:var(--awb-color7);--button_border_width-top:2px;--button_border_width-right:2px;--button_border_width-bottom:2px;--button_border_width-left:2px;--button_gradient_angle:180deg;--button_gradient_top_color:var(--awb-custom_color_7);--button_gradient_bottom_color:var(--awb-custom_color_7);--button_gradient_top_color_hover:var(--awb-color7);--button_gradient_bottom_color_hover:var(--awb-custom_color_3);--button_font_size:16px;--button_margin-top:0px;\" target=\"_self\" title=\"Impulsando vocaciones para el desarrollo local\" aria-label=\"Impulsando vocaciones para el desarrollo local\" href=\"https:\/\/eramine.eramet.com\/es\/media-es\/impulsando-vocaciones-para-el-desarrollo-local\/\"><span class=\"fusion-button-text\"><\/span><\/a><\/div><\/div><\/div><\/div><\/div><div class=\"fusion-separator fusion-full-width-sep fusion-absolute-separator fusion-align-center fusion-single-px\" style=\"width:100%;max-width:100%;\"><div class=\"fusion-separator-border sep-single sep-solid\" style=\"--awb-height:20px;--awb-amount:20px;--awb-sep-color:var(--awb-color1);border-color:var(--awb-color1);border-top-width:1px;\"><\/div><\/div><\/li>\n<li class=\"fusion-layout-column fusion_builder_column fusion-builder-column-27 fusion-flex-column post-card fusion-grid-column fusion-post-cards-grid-column media-es noticias\" style=\"--awb-bg-size:cover;\"><div class=\"fusion-column-wrapper fusion-flex-justify-content-flex-start fusion-content-layout-column\"><div class=\"fusion-builder-row fusion-builder-row-inner fusion-row fusion-flex-align-items-flex-start fusion-flex-content-wrap\" style=\"width:102% !important;max-width:102% !important;margin-left: calc(-2% \/ 2 );margin-right: calc(-2% \/ 2 );\"><div class=\"fusion-layout-column fusion_builder_column_inner fusion-builder-nested-column-52 fusion_builder_column_inner_1_5 1_5 fusion-flex-column fusion-column-inner-bg-wrapper\" style=\"--awb-overflow:hidden;--awb-inner-bg-color:var(--awb-color1);--awb-inner-bg-color-hover:var(--awb-color1);--awb-inner-bg-position:center center;--awb-inner-bg-size:70%;--awb-border-radius:10px 10px 10px 10px;--awb-inner-bg-border-radius:10px 10px 10px 10px;--awb-inner-bg-overflow:hidden;--awb-width-large:20%;--awb-margin-top-large:0px;--awb-spacing-right-large:4.9%;--awb-margin-bottom-large:0px;--awb-spacing-left-large:4.9%;--awb-width-medium:20%;--awb-order-medium:0;--awb-spacing-right-medium:4.9%;--awb-spacing-left-medium:4.9%;--awb-width-small:100%;--awb-order-small:0;--awb-spacing-right-small:0.98%;--awb-spacing-left-small:0.98%;\"><span class=\"fusion-column-inner-bg hover-type-none\"><a class=\"fusion-column-anchor\" href=\"https:\/\/eramine.eramet.com\/es\/media-es\/obtuvimos-nuestro-primer-litio\/\" aria-label=\"\u00a1Obtuvimos nuestro primer litio!\"><span class=\"fusion-column-inner-bg-image lazyload\" data-bg=\"https:\/\/eramine.eramet.com\/wp-content\/uploads\/sites\/23\/2024\/12\/Eramet-Eramine-logo-w-300x158.png\"><\/span><\/a><\/span><div class=\"fusion-column-wrapper fusion-column-has-shadow fusion-flex-justify-content-flex-start fusion-content-layout-column fusion-column-has-bg-image\" data-bg-url=\"https:\/\/eramine.eramet.com\/wp-content\/uploads\/sites\/23\/2024\/12\/Eramet-Eramine-logo-w-300x158.png\"><div class=\"fusion-classic-product-image-wrapper fusion-woo-product-image fusion-post-card-image fusion-post-card-image-1\" data-layout=\"static\"><div  class=\"fusion-image-wrapper\" aria-haspopup=\"true\">\n\t\t\t\t<img decoding=\"async\" width=\"1200\" height=\"675\" src=\"https:\/\/eramine.eramet.com\/wp-content\/uploads\/sites\/23\/2025\/01\/2024-12-24-Eramine-We-Have-Achieved-Our-First-Lithium.jpg\" class=\"attachment-full size-full lazyload wp-post-image\" alt=\"2024-12-24-Eramine-Obtuvimos nuestro primer litio\" srcset=\"data:image\/svg+xml,%3Csvg%20xmlns%3D%27http%3A%2F%2Fwww.w3.org%2F2000%2Fsvg%27%20width%3D%271200%27%20height%3D%27675%27%20viewBox%3D%270%200%201200%20675%27%3E%3Crect%20width%3D%271200%27%20height%3D%27675%27%20fill-opacity%3D%220%22%2F%3E%3C%2Fsvg%3E\" data-orig-src=\"https:\/\/eramine.eramet.com\/wp-content\/uploads\/sites\/23\/2025\/01\/2024-12-24-Eramine-We-Have-Achieved-Our-First-Lithium.jpg\" data-srcset=\"https:\/\/eramine.eramet.com\/wp-content\/uploads\/sites\/23\/2025\/01\/2024-12-24-Eramine-We-Have-Achieved-Our-First-Lithium-200x113.jpg 200w, https:\/\/eramine.eramet.com\/wp-content\/uploads\/sites\/23\/2025\/01\/2024-12-24-Eramine-We-Have-Achieved-Our-First-Lithium-400x225.jpg 400w, https:\/\/eramine.eramet.com\/wp-content\/uploads\/sites\/23\/2025\/01\/2024-12-24-Eramine-We-Have-Achieved-Our-First-Lithium-600x338.jpg 600w, https:\/\/eramine.eramet.com\/wp-content\/uploads\/sites\/23\/2025\/01\/2024-12-24-Eramine-We-Have-Achieved-Our-First-Lithium-800x450.jpg 800w, https:\/\/eramine.eramet.com\/wp-content\/uploads\/sites\/23\/2025\/01\/2024-12-24-Eramine-We-Have-Achieved-Our-First-Lithium.jpg 1200w\" data-sizes=\"auto\" \/><\/div>\n<\/div><\/div><\/div><div class=\"fusion-layout-column fusion_builder_column_inner fusion-builder-nested-column-53 fusion_builder_column_inner_4_5 4_5 fusion-flex-column\" style=\"--awb-bg-size:cover;--awb-width-large:80%;--awb-margin-top-large:0px;--awb-spacing-right-large:1.225%;--awb-margin-bottom-large:0px;--awb-spacing-left-large:1.225%;--awb-width-medium:80%;--awb-order-medium:0;--awb-spacing-right-medium:1.225%;--awb-spacing-left-medium:1.225%;--awb-width-small:100%;--awb-order-small:0;--awb-spacing-right-small:0.98%;--awb-spacing-left-small:0.98%;\"><div class=\"fusion-column-wrapper fusion-column-has-shadow fusion-flex-justify-content-flex-start fusion-content-layout-block\"><div class=\"fusion-text fusion-text-105 fusion-text-no-margin\" style=\"--awb-content-alignment:left;--awb-font-size:14px;--awb-text-transform:uppercase;--awb-text-color:var(--awb-color7);\"><p><strong><a href=\"https:\/\/eramine.eramet.com\/es\/category\/media-es\/\" title=\"Media\">Media<\/a><\/strong><\/p>\n<\/div><div class=\"fusion-text fusion-text-106 fusion-text-no-margin\" style=\"--awb-content-alignment:left;--awb-font-size:14px;--awb-text-transform:uppercase;--awb-text-color:var(--awb-color7);\"><p><a href=\"https:\/\/eramine.eramet.com\/es\/nature\/noticias\/\" title=\"Noticias\">Noticias<\/a><\/p>\n<\/div><div class=\"fusion-title title fusion-title-27 fusion-sep-none fusion-title-text fusion-title-size-two\" style=\"--awb-text-color:var(--awb-color1);--awb-margin-bottom:0px;--awb-margin-left:0px;--awb-margin-right-small:0px;--awb-margin-left-small:0px;--awb-link-color:var(--awb-color1);--awb-font-size:16px;\"><h2 class=\"fusion-title-heading title-heading-left\" style=\"margin:0;font-size:1em;\"><a href=\"https:\/\/eramine.eramet.com\/es\/media-es\/obtuvimos-nuestro-primer-litio\/\" class=\"awb-custom-text-color awb-custom-text-hover-color\" target=\"_self\"><h2>\u00a0<\/h2><\/a><\/h2><\/div><div class=\"fusion-content-tb fusion-content-tb-27 fusion-text-no-margin\" style=\"--awb-margin-bottom:0px;--awb-margin-top:10px;\"><p>A menos de tres a\u00f1os despu\u00e9s del inicio de la construcci\u00f3n de la planta y gracias al esfuerzo y compromiso de nuestro equipo, hemos alcanzado nuestro objetivo m\u00e1s esperado: obtuvimos nuestra primera producci\u00f3n de carbonato de litio en nuestra planta de Centenario.Esta planta, es la primera en implementar a escala industrial la avanzada tecnolog\u00eda de [...]<\/p><\/div><div class=\"fusion-text fusion-text-107 fusion-text-no-margin\" style=\"--awb-content-alignment:left;--awb-font-size:14px;--awb-text-color:var(--awb-color7);--awb-margin-top:10px;\"><p>24 diciembre 2024<\/p>\n<\/div><div class=\"fusion-text fusion-text-108 fusion-text-no-margin\" style=\"--awb-content-alignment:left;--awb-font-size:16px;--awb-text-color:var(--awb-color7);--awb-margin-top:10px;--awb-margin-bottom:10px;\"><\/div><div class=\"fusion-alignleft\"><a class=\"fusion-button button-flat fusion-button-default-size button-custom fusion-button-default button-27 fusion-button-default-span fusion-button-default-type CTA-eramet CTA-right fusion-has-button-gradient\" style=\"--button_accent_color:var(--awb-color7);--button_accent_hover_color:var(--awb-color7);--button_border_hover_color:var(--awb-color7);--button_border_width-top:2px;--button_border_width-right:2px;--button_border_width-bottom:2px;--button_border_width-left:2px;--button_gradient_angle:180deg;--button_gradient_top_color:var(--awb-custom_color_7);--button_gradient_bottom_color:var(--awb-custom_color_7);--button_gradient_top_color_hover:var(--awb-color7);--button_gradient_bottom_color_hover:var(--awb-custom_color_3);--button_font_size:16px;--button_margin-top:0px;\" target=\"_self\" title=\"\u00a1Obtuvimos nuestro primer litio!\" aria-label=\"\u00a1Obtuvimos nuestro primer litio!\" href=\"https:\/\/eramine.eramet.com\/es\/media-es\/obtuvimos-nuestro-primer-litio\/\"><span class=\"fusion-button-text\"><\/span><\/a><\/div><\/div><\/div><\/div><\/div><div class=\"fusion-separator fusion-full-width-sep fusion-absolute-separator fusion-align-center fusion-single-px\" style=\"width:100%;max-width:100%;\"><div class=\"fusion-separator-border sep-single sep-solid\" style=\"--awb-height:20px;--awb-amount:20px;--awb-sep-color:var(--awb-color1);border-color:var(--awb-color1);border-top-width:1px;\"><\/div><\/div><\/li>\n<li class=\"fusion-layout-column fusion_builder_column fusion-builder-column-28 fusion-flex-column post-card fusion-grid-column fusion-post-cards-grid-column media-es noticias\" style=\"--awb-bg-size:cover;\"><div class=\"fusion-column-wrapper fusion-flex-justify-content-flex-start fusion-content-layout-column\"><div class=\"fusion-builder-row fusion-builder-row-inner fusion-row fusion-flex-align-items-flex-start fusion-flex-content-wrap\" style=\"width:102% !important;max-width:102% !important;margin-left: calc(-2% \/ 2 );margin-right: calc(-2% \/ 2 );\"><div class=\"fusion-layout-column fusion_builder_column_inner fusion-builder-nested-column-54 fusion_builder_column_inner_1_5 1_5 fusion-flex-column fusion-column-inner-bg-wrapper\" style=\"--awb-overflow:hidden;--awb-inner-bg-color:var(--awb-color1);--awb-inner-bg-color-hover:var(--awb-color1);--awb-inner-bg-position:center center;--awb-inner-bg-size:70%;--awb-border-radius:10px 10px 10px 10px;--awb-inner-bg-border-radius:10px 10px 10px 10px;--awb-inner-bg-overflow:hidden;--awb-width-large:20%;--awb-margin-top-large:0px;--awb-spacing-right-large:4.9%;--awb-margin-bottom-large:0px;--awb-spacing-left-large:4.9%;--awb-width-medium:20%;--awb-order-medium:0;--awb-spacing-right-medium:4.9%;--awb-spacing-left-medium:4.9%;--awb-width-small:100%;--awb-order-small:0;--awb-spacing-right-small:0.98%;--awb-spacing-left-small:0.98%;\"><span class=\"fusion-column-inner-bg hover-type-none\"><a class=\"fusion-column-anchor\" href=\"https:\/\/eramine.eramet.com\/es\/media-es\/trabajamos-junto-a-las-autoridades-para-fortalecer-las-condiciones-laborales-de-nuestras-actividades\/\" aria-label=\"Trabajamos junto a las autoridades para fortalecer las condiciones laborales de nuestras actividades\"><span class=\"fusion-column-inner-bg-image lazyload\" data-bg=\"https:\/\/eramine.eramet.com\/wp-content\/uploads\/sites\/23\/2024\/12\/Eramet-Eramine-logo-w-300x158.png\"><\/span><\/a><\/span><div class=\"fusion-column-wrapper fusion-column-has-shadow fusion-flex-justify-content-flex-start fusion-content-layout-column fusion-column-has-bg-image\" data-bg-url=\"https:\/\/eramine.eramet.com\/wp-content\/uploads\/sites\/23\/2024\/12\/Eramet-Eramine-logo-w-300x158.png\"><div class=\"fusion-classic-product-image-wrapper fusion-woo-product-image fusion-post-card-image fusion-post-card-image-1\" data-layout=\"static\"><div  class=\"fusion-image-wrapper\" aria-haspopup=\"true\">\n\t\t\t\t<img decoding=\"async\" width=\"1200\" height=\"675\" src=\"https:\/\/eramine.eramet.com\/wp-content\/uploads\/sites\/23\/2025\/01\/2025-12-17-Eramine-Working-with-authorities-to-improve-our-labor-conditions.jpg\" class=\"attachment-full size-full lazyload wp-post-image\" alt=\"2025-12-17-Eramine-Trabajamos junto a las autoridades para fortalecer las condiciones laborales de nuestras actividades\" srcset=\"data:image\/svg+xml,%3Csvg%20xmlns%3D%27http%3A%2F%2Fwww.w3.org%2F2000%2Fsvg%27%20width%3D%271200%27%20height%3D%27675%27%20viewBox%3D%270%200%201200%20675%27%3E%3Crect%20width%3D%271200%27%20height%3D%27675%27%20fill-opacity%3D%220%22%2F%3E%3C%2Fsvg%3E\" data-orig-src=\"https:\/\/eramine.eramet.com\/wp-content\/uploads\/sites\/23\/2025\/01\/2025-12-17-Eramine-Working-with-authorities-to-improve-our-labor-conditions.jpg\" data-srcset=\"https:\/\/eramine.eramet.com\/wp-content\/uploads\/sites\/23\/2025\/01\/2025-12-17-Eramine-Working-with-authorities-to-improve-our-labor-conditions-200x113.jpg 200w, https:\/\/eramine.eramet.com\/wp-content\/uploads\/sites\/23\/2025\/01\/2025-12-17-Eramine-Working-with-authorities-to-improve-our-labor-conditions-400x225.jpg 400w, https:\/\/eramine.eramet.com\/wp-content\/uploads\/sites\/23\/2025\/01\/2025-12-17-Eramine-Working-with-authorities-to-improve-our-labor-conditions-600x338.jpg 600w, https:\/\/eramine.eramet.com\/wp-content\/uploads\/sites\/23\/2025\/01\/2025-12-17-Eramine-Working-with-authorities-to-improve-our-labor-conditions-800x450.jpg 800w, https:\/\/eramine.eramet.com\/wp-content\/uploads\/sites\/23\/2025\/01\/2025-12-17-Eramine-Working-with-authorities-to-improve-our-labor-conditions.jpg 1200w\" data-sizes=\"auto\" \/><\/div>\n<\/div><\/div><\/div><div class=\"fusion-layout-column fusion_builder_column_inner fusion-builder-nested-column-55 fusion_builder_column_inner_4_5 4_5 fusion-flex-column\" style=\"--awb-bg-size:cover;--awb-width-large:80%;--awb-margin-top-large:0px;--awb-spacing-right-large:1.225%;--awb-margin-bottom-large:0px;--awb-spacing-left-large:1.225%;--awb-width-medium:80%;--awb-order-medium:0;--awb-spacing-right-medium:1.225%;--awb-spacing-left-medium:1.225%;--awb-width-small:100%;--awb-order-small:0;--awb-spacing-right-small:0.98%;--awb-spacing-left-small:0.98%;\"><div class=\"fusion-column-wrapper fusion-column-has-shadow fusion-flex-justify-content-flex-start fusion-content-layout-block\"><div class=\"fusion-text fusion-text-109 fusion-text-no-margin\" style=\"--awb-content-alignment:left;--awb-font-size:14px;--awb-text-transform:uppercase;--awb-text-color:var(--awb-color7);\"><p><strong><a href=\"https:\/\/eramine.eramet.com\/es\/category\/media-es\/\" title=\"Media\">Media<\/a><\/strong><\/p>\n<\/div><div class=\"fusion-text fusion-text-110 fusion-text-no-margin\" style=\"--awb-content-alignment:left;--awb-font-size:14px;--awb-text-transform:uppercase;--awb-text-color:var(--awb-color7);\"><p><a href=\"https:\/\/eramine.eramet.com\/es\/nature\/noticias\/\" title=\"Noticias\">Noticias<\/a><\/p>\n<\/div><div class=\"fusion-title title fusion-title-28 fusion-sep-none fusion-title-text fusion-title-size-two\" style=\"--awb-text-color:var(--awb-color1);--awb-margin-bottom:0px;--awb-margin-left:0px;--awb-margin-right-small:0px;--awb-margin-left-small:0px;--awb-link-color:var(--awb-color1);--awb-font-size:16px;\"><h2 class=\"fusion-title-heading title-heading-left\" style=\"margin:0;font-size:1em;\"><a href=\"https:\/\/eramine.eramet.com\/es\/media-es\/trabajamos-junto-a-las-autoridades-para-fortalecer-las-condiciones-laborales-de-nuestras-actividades\/\" class=\"awb-custom-text-color awb-custom-text-hover-color\" target=\"_self\"><h2>\u00a0<\/h2><\/a><\/h2><\/div><div class=\"fusion-content-tb fusion-content-tb-28 fusion-text-no-margin\" style=\"--awb-margin-bottom:0px;--awb-margin-top:10px;\"><p> Mantuvimos una importante reuni\u00f3n entre autoridades de Eramine y autoridades de organismos del Gobierno de la Provincia de Salta, entre ellas: la Secretar\u00eda de Trabajo, dependiente del Ministerio de Gobierno, Derechos Humanos y Trabajo; la Secretar\u00eda de Miner\u00eda y Energ\u00eda, dependiente del Ministerio de Producci\u00f3n y Desarrollo Sustentable; la Direcci\u00f3n General de Coordinaci\u00f3n Epidemiol\u00f3gica, [...]<\/p><\/div><div class=\"fusion-text fusion-text-111 fusion-text-no-margin\" style=\"--awb-content-alignment:left;--awb-font-size:14px;--awb-text-color:var(--awb-color7);--awb-margin-top:10px;\"><p>17 diciembre 2024<\/p>\n<\/div><div class=\"fusion-text fusion-text-112 fusion-text-no-margin\" style=\"--awb-content-alignment:left;--awb-font-size:16px;--awb-text-color:var(--awb-color7);--awb-margin-top:10px;--awb-margin-bottom:10px;\"><\/div><div class=\"fusion-alignleft\"><a class=\"fusion-button button-flat fusion-button-default-size button-custom fusion-button-default button-28 fusion-button-default-span fusion-button-default-type CTA-eramet CTA-right fusion-has-button-gradient\" style=\"--button_accent_color:var(--awb-color7);--button_accent_hover_color:var(--awb-color7);--button_border_hover_color:var(--awb-color7);--button_border_width-top:2px;--button_border_width-right:2px;--button_border_width-bottom:2px;--button_border_width-left:2px;--button_gradient_angle:180deg;--button_gradient_top_color:var(--awb-custom_color_7);--button_gradient_bottom_color:var(--awb-custom_color_7);--button_gradient_top_color_hover:var(--awb-color7);--button_gradient_bottom_color_hover:var(--awb-custom_color_3);--button_font_size:16px;--button_margin-top:0px;\" target=\"_self\" title=\"Trabajamos junto a las autoridades para fortalecer las condiciones laborales de nuestras actividades\" aria-label=\"Trabajamos junto a las autoridades para fortalecer las condiciones laborales de nuestras actividades\" href=\"https:\/\/eramine.eramet.com\/es\/media-es\/trabajamos-junto-a-las-autoridades-para-fortalecer-las-condiciones-laborales-de-nuestras-actividades\/\"><span class=\"fusion-button-text\"><\/span><\/a><\/div><\/div><\/div><\/div><\/div><div class=\"fusion-separator fusion-full-width-sep fusion-absolute-separator fusion-align-center fusion-single-px\" style=\"width:100%;max-width:100%;\"><div class=\"fusion-separator-border sep-single sep-solid\" style=\"--awb-height:20px;--awb-amount:20px;--awb-sep-color:var(--awb-color1);border-color:var(--awb-color1);border-top-width:1px;\"><\/div><\/div><\/li>\n<li class=\"fusion-layout-column fusion_builder_column fusion-builder-column-29 fusion-flex-column post-card fusion-grid-column fusion-post-cards-grid-column media-es noticias\" style=\"--awb-bg-size:cover;\"><div class=\"fusion-column-wrapper fusion-flex-justify-content-flex-start fusion-content-layout-column\"><div class=\"fusion-builder-row fusion-builder-row-inner fusion-row fusion-flex-align-items-flex-start fusion-flex-content-wrap\" style=\"width:102% !important;max-width:102% !important;margin-left: calc(-2% \/ 2 );margin-right: calc(-2% \/ 2 );\"><div class=\"fusion-layout-column fusion_builder_column_inner fusion-builder-nested-column-56 fusion_builder_column_inner_1_5 1_5 fusion-flex-column fusion-column-inner-bg-wrapper\" style=\"--awb-overflow:hidden;--awb-inner-bg-color:var(--awb-color1);--awb-inner-bg-color-hover:var(--awb-color1);--awb-inner-bg-position:center center;--awb-inner-bg-size:70%;--awb-border-radius:10px 10px 10px 10px;--awb-inner-bg-border-radius:10px 10px 10px 10px;--awb-inner-bg-overflow:hidden;--awb-width-large:20%;--awb-margin-top-large:0px;--awb-spacing-right-large:4.9%;--awb-margin-bottom-large:0px;--awb-spacing-left-large:4.9%;--awb-width-medium:20%;--awb-order-medium:0;--awb-spacing-right-medium:4.9%;--awb-spacing-left-medium:4.9%;--awb-width-small:100%;--awb-order-small:0;--awb-spacing-right-small:0.98%;--awb-spacing-left-small:0.98%;\"><span class=\"fusion-column-inner-bg hover-type-none\"><a class=\"fusion-column-anchor\" href=\"https:\/\/eramine.eramet.com\/es\/media-es\/somos-la-empresa-minera-del-ano\/\" aria-label=\"\u00a1Somos la Empresa Minera del A\u00f1o!\"><span class=\"fusion-column-inner-bg-image lazyload\" data-bg=\"https:\/\/eramine.eramet.com\/wp-content\/uploads\/sites\/23\/2024\/12\/Eramet-Eramine-logo-w-300x158.png\"><\/span><\/a><\/span><div class=\"fusion-column-wrapper fusion-column-has-shadow fusion-flex-justify-content-flex-start fusion-content-layout-column fusion-column-has-bg-image\" data-bg-url=\"https:\/\/eramine.eramet.com\/wp-content\/uploads\/sites\/23\/2024\/12\/Eramet-Eramine-logo-w-300x158.png\"><div class=\"fusion-classic-product-image-wrapper fusion-woo-product-image fusion-post-card-image fusion-post-card-image-1\" data-layout=\"static\"><div  class=\"fusion-image-wrapper\" aria-haspopup=\"true\">\n\t\t\t\t<img decoding=\"async\" width=\"1200\" height=\"675\" src=\"https:\/\/eramine.eramet.com\/wp-content\/uploads\/sites\/23\/2025\/01\/2024-12-16-Eramine-Mining-company-of-the-year-1.jpg\" class=\"attachment-full size-full lazyload wp-post-image\" alt=\"2024-12-16-Eramine-Empresa Minera del A\u00f1o\" srcset=\"data:image\/svg+xml,%3Csvg%20xmlns%3D%27http%3A%2F%2Fwww.w3.org%2F2000%2Fsvg%27%20width%3D%271200%27%20height%3D%27675%27%20viewBox%3D%270%200%201200%20675%27%3E%3Crect%20width%3D%271200%27%20height%3D%27675%27%20fill-opacity%3D%220%22%2F%3E%3C%2Fsvg%3E\" data-orig-src=\"https:\/\/eramine.eramet.com\/wp-content\/uploads\/sites\/23\/2025\/01\/2024-12-16-Eramine-Mining-company-of-the-year-1.jpg\" data-srcset=\"https:\/\/eramine.eramet.com\/wp-content\/uploads\/sites\/23\/2025\/01\/2024-12-16-Eramine-Mining-company-of-the-year-1-200x113.jpg 200w, https:\/\/eramine.eramet.com\/wp-content\/uploads\/sites\/23\/2025\/01\/2024-12-16-Eramine-Mining-company-of-the-year-1-400x225.jpg 400w, https:\/\/eramine.eramet.com\/wp-content\/uploads\/sites\/23\/2025\/01\/2024-12-16-Eramine-Mining-company-of-the-year-1-600x338.jpg 600w, https:\/\/eramine.eramet.com\/wp-content\/uploads\/sites\/23\/2025\/01\/2024-12-16-Eramine-Mining-company-of-the-year-1-800x450.jpg 800w, https:\/\/eramine.eramet.com\/wp-content\/uploads\/sites\/23\/2025\/01\/2024-12-16-Eramine-Mining-company-of-the-year-1.jpg 1200w\" data-sizes=\"auto\" \/><\/div>\n<\/div><\/div><\/div><div class=\"fusion-layout-column fusion_builder_column_inner fusion-builder-nested-column-57 fusion_builder_column_inner_4_5 4_5 fusion-flex-column\" style=\"--awb-bg-size:cover;--awb-width-large:80%;--awb-margin-top-large:0px;--awb-spacing-right-large:1.225%;--awb-margin-bottom-large:0px;--awb-spacing-left-large:1.225%;--awb-width-medium:80%;--awb-order-medium:0;--awb-spacing-right-medium:1.225%;--awb-spacing-left-medium:1.225%;--awb-width-small:100%;--awb-order-small:0;--awb-spacing-right-small:0.98%;--awb-spacing-left-small:0.98%;\"><div class=\"fusion-column-wrapper fusion-column-has-shadow fusion-flex-justify-content-flex-start fusion-content-layout-block\"><div class=\"fusion-text fusion-text-113 fusion-text-no-margin\" style=\"--awb-content-alignment:left;--awb-font-size:14px;--awb-text-transform:uppercase;--awb-text-color:var(--awb-color7);\"><p><strong><a href=\"https:\/\/eramine.eramet.com\/es\/category\/media-es\/\" title=\"Media\">Media<\/a><\/strong><\/p>\n<\/div><div class=\"fusion-text fusion-text-114 fusion-text-no-margin\" style=\"--awb-content-alignment:left;--awb-font-size:14px;--awb-text-transform:uppercase;--awb-text-color:var(--awb-color7);\"><p><a href=\"https:\/\/eramine.eramet.com\/es\/nature\/noticias\/\" title=\"Noticias\">Noticias<\/a><\/p>\n<\/div><div class=\"fusion-title title fusion-title-29 fusion-sep-none fusion-title-text fusion-title-size-two\" style=\"--awb-text-color:var(--awb-color1);--awb-margin-bottom:0px;--awb-margin-left:0px;--awb-margin-right-small:0px;--awb-margin-left-small:0px;--awb-link-color:var(--awb-color1);--awb-font-size:16px;\"><h2 class=\"fusion-title-heading title-heading-left\" style=\"margin:0;font-size:1em;\"><a href=\"https:\/\/eramine.eramet.com\/es\/media-es\/somos-la-empresa-minera-del-ano\/\" class=\"awb-custom-text-color awb-custom-text-hover-color\" target=\"_self\"><h2>\u00a0<\/h2><\/a><\/h2><\/div><div class=\"fusion-content-tb fusion-content-tb-29 fusion-text-no-margin\" style=\"--awb-margin-bottom:0px;--awb-margin-top:10px;\"><p> Con inmenso orgullo anunciamos que Eramine fue reconocida con el premio \u00abEmpresa Minera del A\u00f1o\u00bb otorgado por Panorama Minero, uno de los galardones destacados a nivel internacional en el sector minero. Para nosotros, este logro simboliza el esfuerzo, el compromiso y la dedicaci\u00f3n de cada miembro de nuestro equipo, que d\u00eda a d\u00eda trabajan [...]<\/p><\/div><div class=\"fusion-text fusion-text-115 fusion-text-no-margin\" style=\"--awb-content-alignment:left;--awb-font-size:14px;--awb-text-color:var(--awb-color7);--awb-margin-top:10px;\"><p>16 diciembre 2024<\/p>\n<\/div><div class=\"fusion-text fusion-text-116 fusion-text-no-margin\" style=\"--awb-content-alignment:left;--awb-font-size:16px;--awb-text-color:var(--awb-color7);--awb-margin-top:10px;--awb-margin-bottom:10px;\"><\/div><div class=\"fusion-alignleft\"><a class=\"fusion-button button-flat fusion-button-default-size button-custom fusion-button-default button-29 fusion-button-default-span fusion-button-default-type CTA-eramet CTA-right fusion-has-button-gradient\" style=\"--button_accent_color:var(--awb-color7);--button_accent_hover_color:var(--awb-color7);--button_border_hover_color:var(--awb-color7);--button_border_width-top:2px;--button_border_width-right:2px;--button_border_width-bottom:2px;--button_border_width-left:2px;--button_gradient_angle:180deg;--button_gradient_top_color:var(--awb-custom_color_7);--button_gradient_bottom_color:var(--awb-custom_color_7);--button_gradient_top_color_hover:var(--awb-color7);--button_gradient_bottom_color_hover:var(--awb-custom_color_3);--button_font_size:16px;--button_margin-top:0px;\" target=\"_self\" title=\"\u00a1Somos la Empresa Minera del A\u00f1o!\" aria-label=\"\u00a1Somos la Empresa Minera del A\u00f1o!\" href=\"https:\/\/eramine.eramet.com\/es\/media-es\/somos-la-empresa-minera-del-ano\/\"><span class=\"fusion-button-text\"><\/span><\/a><\/div><\/div><\/div><\/div><\/div><div class=\"fusion-separator fusion-full-width-sep fusion-absolute-separator fusion-align-center fusion-single-px\" style=\"width:100%;max-width:100%;\"><div class=\"fusion-separator-border sep-single sep-solid\" style=\"--awb-height:20px;--awb-amount:20px;--awb-sep-color:var(--awb-color1);border-color:var(--awb-color1);border-top-width:1px;\"><\/div><\/div><\/li>\n<li class=\"fusion-layout-column fusion_builder_column fusion-builder-column-30 fusion-flex-column post-card fusion-grid-column fusion-post-cards-grid-column media-es noticias seguridad\" style=\"--awb-bg-size:cover;\"><div class=\"fusion-column-wrapper fusion-flex-justify-content-flex-start fusion-content-layout-column\"><div class=\"fusion-builder-row fusion-builder-row-inner fusion-row fusion-flex-align-items-flex-start fusion-flex-content-wrap\" style=\"width:102% !important;max-width:102% !important;margin-left: calc(-2% \/ 2 );margin-right: calc(-2% \/ 2 );\"><div class=\"fusion-layout-column fusion_builder_column_inner fusion-builder-nested-column-58 fusion_builder_column_inner_1_5 1_5 fusion-flex-column fusion-column-inner-bg-wrapper\" style=\"--awb-overflow:hidden;--awb-inner-bg-color:var(--awb-color1);--awb-inner-bg-color-hover:var(--awb-color1);--awb-inner-bg-position:center center;--awb-inner-bg-size:70%;--awb-border-radius:10px 10px 10px 10px;--awb-inner-bg-border-radius:10px 10px 10px 10px;--awb-inner-bg-overflow:hidden;--awb-width-large:20%;--awb-margin-top-large:0px;--awb-spacing-right-large:4.9%;--awb-margin-bottom-large:0px;--awb-spacing-left-large:4.9%;--awb-width-medium:20%;--awb-order-medium:0;--awb-spacing-right-medium:4.9%;--awb-spacing-left-medium:4.9%;--awb-width-small:100%;--awb-order-small:0;--awb-spacing-right-small:0.98%;--awb-spacing-left-small:0.98%;\"><span class=\"fusion-column-inner-bg hover-type-none\"><a class=\"fusion-column-anchor\" href=\"https:\/\/eramine.eramet.com\/es\/media-es\/comunicado-oficial\/\" aria-label=\"Comunicado oficial\"><span class=\"fusion-column-inner-bg-image lazyload\" data-bg=\"https:\/\/eramine.eramet.com\/wp-content\/uploads\/sites\/23\/2024\/12\/Eramet-Eramine-logo-w-300x158.png\"><\/span><\/a><\/span><div class=\"fusion-column-wrapper fusion-column-has-shadow fusion-flex-justify-content-flex-start fusion-content-layout-column fusion-column-has-bg-image\" data-bg-url=\"https:\/\/eramine.eramet.com\/wp-content\/uploads\/sites\/23\/2024\/12\/Eramet-Eramine-logo-w-300x158.png\"><div class=\"fusion-classic-product-image-wrapper fusion-woo-product-image fusion-post-card-image fusion-post-card-image-1\" data-layout=\"static\"><div  class=\"fusion-image-wrapper\" aria-haspopup=\"true\">\n\t\t\t\t<img decoding=\"async\" width=\"1920\" height=\"1080\" src=\"https:\/\/eramine.eramet.com\/wp-content\/uploads\/sites\/23\/2024\/12\/2024-12-10-Eramet-Eramine.jpg\" class=\"attachment-full size-full lazyload wp-post-image\" alt=\"\" srcset=\"data:image\/svg+xml,%3Csvg%20xmlns%3D%27http%3A%2F%2Fwww.w3.org%2F2000%2Fsvg%27%20width%3D%271920%27%20height%3D%271080%27%20viewBox%3D%270%200%201920%201080%27%3E%3Crect%20width%3D%271920%27%20height%3D%271080%27%20fill-opacity%3D%220%22%2F%3E%3C%2Fsvg%3E\" data-orig-src=\"https:\/\/eramine.eramet.com\/wp-content\/uploads\/sites\/23\/2024\/12\/2024-12-10-Eramet-Eramine.jpg\" data-srcset=\"https:\/\/eramine.eramet.com\/wp-content\/uploads\/sites\/23\/2024\/12\/2024-12-10-Eramet-Eramine-200x113.jpg 200w, https:\/\/eramine.eramet.com\/wp-content\/uploads\/sites\/23\/2024\/12\/2024-12-10-Eramet-Eramine-400x225.jpg 400w, https:\/\/eramine.eramet.com\/wp-content\/uploads\/sites\/23\/2024\/12\/2024-12-10-Eramet-Eramine-600x338.jpg 600w, https:\/\/eramine.eramet.com\/wp-content\/uploads\/sites\/23\/2024\/12\/2024-12-10-Eramet-Eramine-800x450.jpg 800w, https:\/\/eramine.eramet.com\/wp-content\/uploads\/sites\/23\/2024\/12\/2024-12-10-Eramet-Eramine-1200x675.jpg 1200w, https:\/\/eramine.eramet.com\/wp-content\/uploads\/sites\/23\/2024\/12\/2024-12-10-Eramet-Eramine.jpg 1920w\" data-sizes=\"auto\" \/><\/div>\n<\/div><\/div><\/div><div class=\"fusion-layout-column fusion_builder_column_inner fusion-builder-nested-column-59 fusion_builder_column_inner_4_5 4_5 fusion-flex-column\" style=\"--awb-bg-size:cover;--awb-width-large:80%;--awb-margin-top-large:0px;--awb-spacing-right-large:1.225%;--awb-margin-bottom-large:0px;--awb-spacing-left-large:1.225%;--awb-width-medium:80%;--awb-order-medium:0;--awb-spacing-right-medium:1.225%;--awb-spacing-left-medium:1.225%;--awb-width-small:100%;--awb-order-small:0;--awb-spacing-right-small:0.98%;--awb-spacing-left-small:0.98%;\"><div class=\"fusion-column-wrapper fusion-column-has-shadow fusion-flex-justify-content-flex-start fusion-content-layout-block\"><div class=\"fusion-text fusion-text-117 fusion-text-no-margin\" style=\"--awb-content-alignment:left;--awb-font-size:14px;--awb-text-transform:uppercase;--awb-text-color:var(--awb-color7);\"><p><strong><a href=\"https:\/\/eramine.eramet.com\/es\/category\/media-es\/\" title=\"Media\">Media<\/a><\/strong><\/p>\n<\/div><div class=\"fusion-text fusion-text-118 fusion-text-no-margin\" style=\"--awb-content-alignment:left;--awb-font-size:14px;--awb-text-transform:uppercase;--awb-text-color:var(--awb-color7);\"><p><a href=\"https:\/\/eramine.eramet.com\/es\/nature\/noticias\/\" title=\"Noticias\">Noticias<\/a><\/p>\n<\/div><div class=\"fusion-title title fusion-title-30 fusion-sep-none fusion-title-text fusion-title-size-two\" style=\"--awb-text-color:var(--awb-color1);--awb-margin-bottom:0px;--awb-margin-left:0px;--awb-margin-right-small:0px;--awb-margin-left-small:0px;--awb-link-color:var(--awb-color1);--awb-font-size:16px;\"><h2 class=\"fusion-title-heading title-heading-left\" style=\"margin:0;font-size:1em;\"><a href=\"https:\/\/eramine.eramet.com\/es\/media-es\/comunicado-oficial\/\" class=\"awb-custom-text-color awb-custom-text-hover-color\" target=\"_self\"><h2>\u00a0<\/h2><\/a><\/h2><\/div><div class=\"fusion-content-tb fusion-content-tb-30 fusion-text-no-margin\" style=\"--awb-margin-bottom:0px;--awb-margin-top:10px;\"><p> En relaci\u00f3n con los recientes casos de s\u00edntomas compatibles con gastroenteritis detectados en nuestro campamento minero, queremos informar que los resultados de los estudios de laboratorio confirmaron que el origen de los casos suscitados no se detect\u00f3 en el estado de los alimentos sino en la manipulaci\u00f3n de los mismos. Desde Eramine, en conjunto [...]<\/p><\/div><div class=\"fusion-text fusion-text-119 fusion-text-no-margin\" style=\"--awb-content-alignment:left;--awb-font-size:14px;--awb-text-color:var(--awb-color7);--awb-margin-top:10px;\"><p>10 diciembre 2024<\/p>\n<\/div><div class=\"fusion-text fusion-text-120 fusion-text-no-margin\" style=\"--awb-content-alignment:left;--awb-font-size:16px;--awb-text-color:var(--awb-color7);--awb-margin-top:10px;--awb-margin-bottom:10px;\"><p>#<a href=\"https:\/\/eramine.eramet.com\/es\/tag\/seguridad\/\" title=\"Seguridad\">Seguridad<\/a><\/p>\n<\/div><div class=\"fusion-alignleft\"><a class=\"fusion-button button-flat fusion-button-default-size button-custom fusion-button-default button-30 fusion-button-default-span fusion-button-default-type CTA-eramet CTA-right fusion-has-button-gradient\" style=\"--button_accent_color:var(--awb-color7);--button_accent_hover_color:var(--awb-color7);--button_border_hover_color:var(--awb-color7);--button_border_width-top:2px;--button_border_width-right:2px;--button_border_width-bottom:2px;--button_border_width-left:2px;--button_gradient_angle:180deg;--button_gradient_top_color:var(--awb-custom_color_7);--button_gradient_bottom_color:var(--awb-custom_color_7);--button_gradient_top_color_hover:var(--awb-color7);--button_gradient_bottom_color_hover:var(--awb-custom_color_3);--button_font_size:16px;--button_margin-top:0px;\" target=\"_self\" title=\"Comunicado oficial\" aria-label=\"Comunicado oficial\" href=\"https:\/\/eramine.eramet.com\/es\/media-es\/comunicado-oficial\/\"><span class=\"fusion-button-text\"><\/span><\/a><\/div><\/div><\/div><\/div><\/div><div class=\"fusion-separator fusion-full-width-sep fusion-absolute-separator fusion-align-center fusion-single-px\" style=\"width:100%;max-width:100%;\"><div class=\"fusion-separator-border sep-single sep-solid\" style=\"--awb-height:20px;--awb-amount:20px;--awb-sep-color:var(--awb-color1);border-color:var(--awb-color1);border-top-width:1px;\"><\/div><\/div><\/li>\n<\/ul><div class=\"pagination clearfix\"><span class=\"current\">1<\/span><a href=\"https:\/\/eramine.eramet.com\/es\/wp-json\/wp\/v2\/pages\/53277\/page\/2\/\" class=\"inactive\">2<\/a><a class=\"pagination-next\" rel=\"next\" href=\"https:\/\/eramine.eramet.com\/es\/wp-json\/wp\/v2\/pages\/53277\/page\/2\/\"><span class=\"page-text\">Next<\/span><span class=\"page-next\"><\/span><\/a><\/div><div class=\"fusion-clearfix\"><\/div><\/div><\/div><\/div><\/div><\/div>\n","protected":false},"excerpt":{"rendered":"","protected":false},"author":4,"featured_media":0,"parent":53275,"menu_order":1,"comment_status":"closed","ping_status":"closed","template":"","meta":{"footnotes":""},"class_list":["post-53277","page","type-page","status-publish","hentry"],"yoast_head":"<!-- This site is optimized with the Yoast SEO plugin v26.8 - https:\/\/yoast.com\/product\/yoast-seo-wordpress\/ -->\n<title>Noticias - Eramet Eramine<\/title>\n<meta name=\"robots\" content=\"index, follow, max-snippet:-1, max-image-preview:large, max-video-preview:-1\" \/>\n<link rel=\"canonical\" href=\"https:\/\/eramine.eramet.com\/es\/media\/noticias\/\" \/>\n<meta property=\"og:locale\" content=\"es_ES\" \/>\n<meta property=\"og:type\" content=\"article\" \/>\n<meta property=\"og:title\" content=\"Noticias - Eramet Eramine\" \/>\n<meta property=\"og:url\" content=\"https:\/\/eramine.eramet.com\/es\/media\/noticias\/\" \/>\n<meta property=\"og:site_name\" content=\"Eramet Eramine\" \/>\n<meta property=\"article:modified_time\" content=\"2026-03-19T12:45:27+00:00\" \/>\n<meta name=\"twitter:card\" content=\"summary_large_image\" \/>\n<meta name=\"twitter:label1\" content=\"Tiempo de lectura\" \/>\n\t<meta name=\"twitter:data1\" content=\"15 minutos\" \/>\n<script type=\"application\/ld+json\" class=\"yoast-schema-graph\">{\"@context\":\"https:\/\/schema.org\",\"@graph\":[{\"@type\":\"WebPage\",\"@id\":\"https:\/\/eramine.eramet.com\/es\/media\/noticias\/\",\"url\":\"https:\/\/eramine.eramet.com\/es\/media\/noticias\/\",\"name\":\"Noticias - Eramet Eramine\",\"isPartOf\":{\"@id\":\"https:\/\/eramine.eramet.com\/es\/#website\"},\"datePublished\":\"2024-11-15T14:25:02+00:00\",\"dateModified\":\"2026-03-19T12:45:27+00:00\",\"breadcrumb\":{\"@id\":\"https:\/\/eramine.eramet.com\/es\/media\/noticias\/#breadcrumb\"},\"inLanguage\":\"es\",\"potentialAction\":[{\"@type\":\"ReadAction\",\"target\":[\"https:\/\/eramine.eramet.com\/es\/media\/noticias\/\"]}]},{\"@type\":\"BreadcrumbList\",\"@id\":\"https:\/\/eramine.eramet.com\/es\/media\/noticias\/#breadcrumb\",\"itemListElement\":[{\"@type\":\"ListItem\",\"position\":1,\"name\":\"Home\",\"item\":\"https:\/\/eramine.eramet.com\/es\/\"},{\"@type\":\"ListItem\",\"position\":2,\"name\":\"Media\",\"item\":\"https:\/\/eramine.eramet.com\/es\/media\/\"},{\"@type\":\"ListItem\",\"position\":3,\"name\":\"Noticias\"}]},{\"@type\":\"WebSite\",\"@id\":\"https:\/\/eramine.eramet.com\/es\/#website\",\"url\":\"https:\/\/eramine.eramet.com\/es\/\",\"name\":\"Eramet Eramine\",\"description\":\"\",\"potentialAction\":[{\"@type\":\"SearchAction\",\"target\":{\"@type\":\"EntryPoint\",\"urlTemplate\":\"https:\/\/eramine.eramet.com\/es\/?s={search_term_string}\"},\"query-input\":{\"@type\":\"PropertyValueSpecification\",\"valueRequired\":true,\"valueName\":\"search_term_string\"}}],\"inLanguage\":\"es\"}]}<\/script>\n<!-- \/ Yoast SEO plugin. -->","yoast_head_json":{"title":"Noticias - Eramet Eramine","robots":{"index":"index","follow":"follow","max-snippet":"max-snippet:-1","max-image-preview":"max-image-preview:large","max-video-preview":"max-video-preview:-1"},"canonical":"https:\/\/eramine.eramet.com\/es\/media\/noticias\/","og_locale":"es_ES","og_type":"article","og_title":"Noticias - Eramet Eramine","og_url":"https:\/\/eramine.eramet.com\/es\/media\/noticias\/","og_site_name":"Eramet Eramine","article_modified_time":"2026-03-19T12:45:27+00:00","twitter_card":"summary_large_image","twitter_misc":{"Tiempo de lectura":"15 minutos"},"schema":{"@context":"https:\/\/schema.org","@graph":[{"@type":"WebPage","@id":"https:\/\/eramine.eramet.com\/es\/media\/noticias\/","url":"https:\/\/eramine.eramet.com\/es\/media\/noticias\/","name":"Noticias - Eramet Eramine","isPartOf":{"@id":"https:\/\/eramine.eramet.com\/es\/#website"},"datePublished":"2024-11-15T14:25:02+00:00","dateModified":"2026-03-19T12:45:27+00:00","breadcrumb":{"@id":"https:\/\/eramine.eramet.com\/es\/media\/noticias\/#breadcrumb"},"inLanguage":"es","potentialAction":[{"@type":"ReadAction","target":["https:\/\/eramine.eramet.com\/es\/media\/noticias\/"]}]},{"@type":"BreadcrumbList","@id":"https:\/\/eramine.eramet.com\/es\/media\/noticias\/#breadcrumb","itemListElement":[{"@type":"ListItem","position":1,"name":"Home","item":"https:\/\/eramine.eramet.com\/es\/"},{"@type":"ListItem","position":2,"name":"Media","item":"https:\/\/eramine.eramet.com\/es\/media\/"},{"@type":"ListItem","position":3,"name":"Noticias"}]},{"@type":"WebSite","@id":"https:\/\/eramine.eramet.com\/es\/#website","url":"https:\/\/eramine.eramet.com\/es\/","name":"Eramet Eramine","description":"","potentialAction":[{"@type":"SearchAction","target":{"@type":"EntryPoint","urlTemplate":"https:\/\/eramine.eramet.com\/es\/?s={search_term_string}"},"query-input":{"@type":"PropertyValueSpecification","valueRequired":true,"valueName":"search_term_string"}}],"inLanguage":"es"}]}},"acf":[],"_links":{"self":[{"href":"https:\/\/eramine.eramet.com\/es\/wp-json\/wp\/v2\/pages\/53277","targetHints":{"allow":["GET"]}}],"collection":[{"href":"https:\/\/eramine.eramet.com\/es\/wp-json\/wp\/v2\/pages"}],"about":[{"href":"https:\/\/eramine.eramet.com\/es\/wp-json\/wp\/v2\/types\/page"}],"author":[{"embeddable":true,"href":"https:\/\/eramine.eramet.com\/es\/wp-json\/wp\/v2\/users\/4"}],"replies":[{"embeddable":true,"href":"https:\/\/eramine.eramet.com\/es\/wp-json\/wp\/v2\/comments?post=53277"}],"version-history":[{"count":1,"href":"https:\/\/eramine.eramet.com\/es\/wp-json\/wp\/v2\/pages\/53277\/revisions"}],"predecessor-version":[{"id":53280,"href":"https:\/\/eramine.eramet.com\/es\/wp-json\/wp\/v2\/pages\/53277\/revisions\/53280"}],"up":[{"embeddable":true,"href":"https:\/\/eramine.eramet.com\/es\/wp-json\/wp\/v2\/pages\/53275"}],"wp:attachment":[{"href":"https:\/\/eramine.eramet.com\/es\/wp-json\/wp\/v2\/media?parent=53277"}],"curies":[{"name":"wp","href":"https:\/\/api.w.org\/{rel}","templated":true}]}}